{"id":183816,"date":"2025-10-06T00:00:01","date_gmt":"2025-10-05T22:00:01","guid":{"rendered":"https:\/\/www.tendenzeshabbychic.it\/prodotto\/blanc-mariclo-mantel-individual-vinilo-cuento-de-navidad-45x35-cm-2\/"},"modified":"2025-05-15T10:36:09","modified_gmt":"2025-05-15T09:36:09","slug":"blanc-mariclo-mantel-individual-vinilo-cuento-de-navidad-45x35-cm-2","status":"publish","type":"product","link":"https:\/\/www.tendenzeshabbychic.it\/es\/producto\/blanc-mariclo-mantel-individual-vinilo-cuento-de-navidad-45x35-cm-2\/","title":{"rendered":"Blanc MariCl\u00f2 Mantel Individual Vinilo Cuento de Navidad 45&#215;35 cm"},"content":{"rendered":"<p>El mantel individual de vinilo Blanc MariCl\u00f2 de la colecci\u00f3n Cuento de Navidad est\u00e1 dise\u00f1ado para aportar calidez y poes\u00eda a tu mesa. Los protagonistas son dos dulces ratoncitos vestidos de fiesta, uno con un regalo y el otro con una guirnalda, junto a un majestuoso \u00e1rbol decorado con bolas rojas, estrellas y lazos. El fondo marfil con motivos barrocos y el borde rojo lo hacen perfecto para un ambiente elegante pero tambi\u00e9n l\u00fadico.  <\/p>\n<ul>\n<li>Vinilo f\u00e1cil de limpiar y duradero<\/li>\n<li>Ilustraci\u00f3n de cuento de hadas con ratones y un \u00e1rbol de Navidad<\/li>\n<li>Perfecto para desayunos y meriendas navide\u00f1as<\/li>\n<li>Dise\u00f1o exclusivo Blanc MariCl\u00f2<\/li>\n<li>Colecci\u00f3n Cuentos de Navidad<\/li>\n<\/ul>\n\n\t<section class=\"section linkified dark\" id=\"section_1282708722\">\n\t\t<div class=\"section-bg fill\" >\n\t\t\t<img loading=\"lazy\" decoding=\"async\" width=\"800\" height=\"213\" src=\"https:\/\/www.tendenzeshabbychic.it\/wp-content\/uploads\/2021\/09\/natale-hero-1-800x213.jpg\" class=\"bg attachment-medium size-medium\" alt=\"\" \/>\t\t\t\t\t\t<div class=\"section-bg-overlay absolute fill\"><\/div>\n\t\t\t\n\n\t\t<\/div>\n\n\t\t\n\n\t\t<div class=\"section-content relative\">\n\t\t\t\n\n<div class=\"row\"  id=\"row-1008032594\">\n\n\n\t<div id=\"col-754361051\" class=\"col small-12 large-12\"  >\n\t\t\t\t<div class=\"col-inner text-center\"  >\n\t\t\t\n\t\t\t\n\n<h3><span style=\"font-size: 180%;\">Navidad<\/span><\/h3>\n<p>Descubre la amplia selecci\u00f3n de productos para decorar tu hogar en Navidad.<\/p>\n<a href=\"https:\/\/www.tendenzeshabbychic.it\/es\/categoria-producto\/navidad\/\" class=\"button alert is-shade box-shadow-3 box-shadow-5-hover\" style=\"border-radius:5px;\">\n\t\t<span>haga clic aqu\u00ed<\/span>\n\t<\/a>\n\n\n\n\t\t<\/div>\n\t\t\t\t\t<\/div>\n\n\t\n\n<\/div>\n\n\t\t<\/div>\n\n\t\t\n<style>\n#section_1282708722 {\n  padding-top: 12px;\n  padding-bottom: 12px;\n}\n#section_1282708722 .section-bg-overlay {\n  background-color: rgba(0, 0, 0, 0.419);\n}\n#section_1282708722 .section-bg img {\n  object-position: 21% 51%;\n}\n@media (min-width:550px) {\n  #section_1282708722 {\n    padding-top: 57px;\n    padding-bottom: 57px;\n  }\n}\n<\/style>\n\t<\/section>\n\t\n","protected":false},"excerpt":{"rendered":"<p>Mantel individual de vinilo navide\u00f1o con ratones, \u00e1rbol decorado y fondo marfil. Pr\u00e1ctico y lavable. Colecci\u00f3n Cuento de Navidad.<br \/>\n\ud83d\udccf 45 x 35 cm<\/p>\n\n\t<section class=\"section dark\" id=\"section_1135946062\">\n\t\t<div class=\"section-bg fill\" >\n\t\t\t<img width=\"400\" height=\"400\" src=\"https:\/\/www.tendenzeshabbychic.it\/wp-content\/uploads\/2025\/05\/A38320-1-400x400.jpg\" class=\"bg attachment-medium size-medium\" alt=\"\" decoding=\"async\" loading=\"lazy\" \/>\t\t\t\t\t\t<div class=\"section-bg-overlay absolute fill\"><\/div>\n\t\t\t\n\n\t\t<\/div>\n\n\t\t\n\n\t\t<div class=\"section-content relative\">\n\t\t\t\n\n\t<div id=\"gap-1322601597\" class=\"gap-element clearfix\" style=\"display:block; height:auto;\">\n\t\t\n<style>\n#gap-1322601597 {\n  padding-top: 30px;\n}\n<\/style>\n\t<\/div>\n\t\n\n<div class=\"row align-center\"  id=\"row-460364585\">\n\n\n\t<div id=\"col-1396797001\" class=\"col medium-12 small-12 large-9\"  >\n\t\t\t\t<div class=\"col-inner text-center\"  >\n\t\t\t\n\t<div class=\"is-border\"\n\t\tstyle=\"border-color:rgb(255, 255, 255);border-width:4px 4px 4px 4px;\">\n\t<\/div>\n\t\t\t\n\n\t<div id=\"gap-585688163\" class=\"gap-element clearfix\" style=\"display:block; height:auto;\">\n\t\t\n<style>\n#gap-585688163 {\n  padding-top: 30px;\n}\n<\/style>\n\t<\/div>\n\t\n\n\t<div id=\"text-554130277\" class=\"text\">\n\t\t\n\n<h4 class=\"uppercase\">NUEVA COLECCI\u00d3N<\/h4>\n\t\t\n<style>\n#text-554130277 {\n  font-size: 1rem;\n}\n<\/style>\n\t<\/div>\n\t\n\t<div id=\"gap-1232151252\" class=\"gap-element clearfix\" style=\"display:block; height:auto;\">\n\t\t\n<style>\n#gap-1232151252 {\n  padding-top: 10px;\n}\n<\/style>\n\t<\/div>\n\t\n\n\t<div id=\"text-1624119974\" class=\"text\">\n\t\t\n\n<h3>CUENTO DE NAVIDAD<\/h3>\n\n\t\t\n<style>\n#text-1624119974 {\n  font-size: 2.5rem;\n  line-height: 1;\n}\n@media (min-width:550px) {\n  #text-1624119974 {\n    font-size: 4rem;\n    line-height: 0.75;\n  }\n}\n<\/style>\n\t<\/div>\n\t\n\t<div id=\"text-3571244269\" class=\"text\">\n\t\t\n\n<h3 class=\"uppercase\">MARICLO BLANCO<\/h3>\n\t\t\n<style>\n#text-3571244269 {\n  font-size: 1rem;\n  line-height: 0.75;\n}\n<\/style>\n\t<\/div>\n\t\n\t<div id=\"gap-516827384\" class=\"gap-element clearfix\" style=\"display:block; height:auto;\">\n\t\t\n<style>\n#gap-516827384 {\n  padding-top: 20px;\n}\n<\/style>\n\t<\/div>\n\t\n\n<a href=\"https:\/\/www.tendenzeshabbychic.it\/es\/etiqueta-producto\/favola-di-natale-blanc-mariclo-es\/\" class=\"button white\" style=\"padding:5px 20px 5px 20px;\">\n\t\t<span>TODA LA COLECCI\u00d3N \ud83d\udc2d<\/span>\n\t<\/a>\n\n\n\n\t\t<\/div>\n\t\t\t\t\n<style>\n#col-1396797001 > .col-inner {\n  padding: 10% 10% 10% 10%;\n}\n<\/style>\n\t<\/div>\n\n\t\n\n<\/div>\n\n\t\t<\/div>\n\n\t\t\n<style>\n#section_1135946062 {\n  padding-top: 30px;\n  padding-bottom: 30px;\n  min-height: 400px;\n}\n#section_1135946062 .section-bg-overlay {\n  background-color: rgba(14, 0, 0, 0.43);\n}\n#section_1135946062 .section-bg img {\n  object-position: 78% 54%;\n}\n@media (min-width:550px) {\n  #section_1135946062 {\n    min-height: 600px;\n  }\n}\n@media (min-width:850px) {\n  #section_1135946062 {\n    min-height: 700px;\n  }\n}\n<\/style>\n\t<\/section>\n\t\n","protected":false},"featured_media":183055,"comment_status":"open","ping_status":"closed","template":"","meta":{"_joinchat":[]},"pwb-brand":[2076],"product_brand":[],"product_cat":[2339,2377,2371],"product_tag":[3250,2283],"class_list":["post-183816","product","type-product","status-publish","has-post-thumbnail","pwb-brand-blanc-mariclo-es","product_cat-manteles-individuales","product_cat-la-mesa","product_cat-navidad","product_tag-favola-di-natale-blanc-mariclo-es","product_tag-idea-de-regalo","first","outofstock","taxable","shipping-taxable","purchasable","product-type-simple"],"brands":[{"id":2076,"name":"Blanc Mariclo","slug":"blanc-mariclo-es"}],"_links":{"self":[{"href":"https:\/\/www.tendenzeshabbychic.it\/es\/wp-json\/wp\/v2\/product\/183816","targetHints":{"allow":["GET"]}}],"collection":[{"href":"https:\/\/www.tendenzeshabbychic.it\/es\/wp-json\/wp\/v2\/product"}],"about":[{"href":"https:\/\/www.tendenzeshabbychic.it\/es\/wp-json\/wp\/v2\/types\/product"}],"replies":[{"embeddable":true,"href":"https:\/\/www.tendenzeshabbychic.it\/es\/wp-json\/wp\/v2\/comments?post=183816"}],"wp:featuredmedia":[{"embeddable":true,"href":"https:\/\/www.tendenzeshabbychic.it\/es\/wp-json\/wp\/v2\/media\/183055"}],"wp:attachment":[{"href":"https:\/\/www.tendenzeshabbychic.it\/es\/wp-json\/wp\/v2\/media?parent=183816"}],"wp:term":[{"taxonomy":"pwb-brand","embeddable":true,"href":"https:\/\/www.tendenzeshabbychic.it\/es\/wp-json\/wp\/v2\/pwb-brand?post=183816"},{"taxonomy":"product_brand","embeddable":true,"href":"https:\/\/www.tendenzeshabbychic.it\/es\/wp-json\/wp\/v2\/product_brand?post=183816"},{"taxonomy":"product_cat","embeddable":true,"href":"https:\/\/www.tendenzeshabbychic.it\/es\/wp-json\/wp\/v2\/product_cat?post=183816"},{"taxonomy":"product_tag","embeddable":true,"href":"https:\/\/www.tendenzeshabbychic.it\/es\/wp-json\/wp\/v2\/product_tag?post=183816"}],"curies":[{"name":"wp","href":"https:\/\/api.w.org\/{rel}","templated":true}]}}