{"id":157142,"date":"2023-01-04T00:00:01","date_gmt":"2023-01-03T23:00:01","guid":{"rendered":"https:\/\/www.tendenzeshabbychic.it\/prodotto\/par-de-tazas-y-platillos-de-porcelana-%f0%9f%8e%a0-coleccion-ricordi\/"},"modified":"2024-09-30T18:16:26","modified_gmt":"2024-09-30T16:16:26","slug":"par-de-tazas-y-platillos-de-porcelana-%f0%9f%8e%a0-coleccion-ricordi","status":"publish","type":"product","link":"https:\/\/www.tendenzeshabbychic.it\/es\/producto\/par-de-tazas-y-platillos-de-porcelana-%f0%9f%8e%a0-coleccion-ricordi\/","title":{"rendered":"Par de tazas y platillos de porcelana \u2013 \ud83c\udfa0 Colecci\u00f3n Ricordi"},"content":{"rendered":"<p><strong>Caracter\u00edsticas:<\/strong><\/p>\n<ul>\n<li><strong>Material:<\/strong> porcelana de alta calidad<\/li>\n<li><strong>Dise\u00f1o:<\/strong> Motivos navide\u00f1os e invernales con detalles decorativos \u2744\ufe0f<\/li>\n<li><strong>Colecci\u00f3n:<\/strong> Recuerdos<\/li>\n<li><strong>Marca:<\/strong> Nuvole di Stoffa<\/li>\n<li><strong>Uso:<\/strong> Ideal para caf\u00e9 expreso, perfecto para fiestas y uso diario \ud83c\udf85\u2615<\/li>\n<li><strong>Versatilidad:<\/strong> completo con platillo a juego, ideal para servir con estilo<\/li>\n<\/ul>\n<p><strong>Por qu\u00e9 elegirlo:<\/strong><\/p>\n<ol>\n<li><strong>Dise\u00f1o festivo:<\/strong> los motivos invernales a\u00f1aden un toque de magia navide\u00f1a a su pausa para el caf\u00e9.<\/li>\n<li><strong>Materiales de Calidad:<\/strong> El Porcel\u00e1nico garantiza resistencia y durabilidad.<\/li>\n<li><strong>Funcionalidad:<\/strong> Perfecto para espresso, capuchino y otras bebidas calientes.<\/li>\n<li><strong>Elegancia Diaria:<\/strong> Ideal para un uso diario refinado y para ocasiones especiales.<\/li>\n<\/ol>\n<p><strong>Adecuado para:<\/strong><\/p>\n<ul>\n<li>Desayunos y coffee breaks \ud83c\udf85\u2615<\/li>\n<li>Decoraciones navide\u00f1as y festivas \ud83c\udf81<\/li>\n<li>Regalo perfecto para los amantes del caf\u00e9 y las decoraciones elegantes \ud83c\udf81<\/li>\n<\/ul>\n<p>A\u00f1ade un toque especial a tu pausa para el caf\u00e9 con el par de tazas de porcelana de Nuvole di Stoffa . Su encantador dise\u00f1o est\u00e9tico y funcional los convierte en una valiosa adici\u00f3n a cualquier cocina. <\/p>\n\n  <div class=\"banner has-hover\" id=\"banner-646927649\">\n          <div class=\"banner-inner fill\">\n        <div class=\"banner-bg fill\" >\n                                    <div class=\"overlay\"><\/div>            \n                    <\/div>\n\t\t\n        <div class=\"banner-layers container\">\n            <div class=\"fill banner-link\"><\/div>            \n\n   <div id=\"text-box-361281648\" class=\"text-box banner-layer x50 md-x50 lg-x50 y50 md-y50 lg-y50 res-text\">\n                                <div class=\"text-box-content text dark\">\n              \n              <div class=\"text-inner text-center\">\n                  \n\n\t<div id=\"text-986077444\" class=\"text\">\n\t\t\n\n<h2 class=\"uppercase\" style=\"text-align: center;\"><span style=\"font-size: 120%;\"><strong>  RECUERDOS<\/strong><\/span><\/h2>\n<p style=\"text-align: center;\"><span style=\"font-size: 300%;\">Descubre toda la colecci\u00f3n<\/span><\/p>\n\t\t\n<style>\n#text-986077444 {\n  font-size: 0.75rem;\n  line-height: 1.15;\n}\n<\/style>\n\t<\/div>\n\t\n<a href=\"https:\/\/www.tendenzeshabbychic.it\/es\/etiqueta-producto\/collezione-ricordi-es\/\" class=\"button white is-larger box-shadow-1 box-shadow-1-hover\" >\n\t\t<span>HAGA CLIC AQU\u00cd<\/span>\n\t<\/a>\n\n\n\n              <\/div>\n           <\/div>\n                            \n<style>\n#text-box-361281648 {\n  width: 95%;\n}\n#text-box-361281648 .text-box-content {\n  font-size: 100%;\n}\n@media (min-width:550px) {\n  #text-box-361281648 {\n    width: 79%;\n  }\n}\n<\/style>\n    <\/div>\n \n\n        <\/div>\n      <\/div>\n\n            \n<style>\n#banner-646927649 {\n  padding-top: 550px;\n}\n#banner-646927649 .overlay {\n  background-color: rgba(0, 0, 0, 0.267);\n}\n#banner-646927649 .banner-bg img {\n  object-position: 36% 83%;\n}\n@media (min-width:550px) {\n  #banner-646927649 {\n    padding-top: 500px;\n  }\n}\n@media (min-width:850px) {\n  #banner-646927649 {\n    padding-top: 750px;\n  }\n}\n<\/style>\n  <\/div>\n\n\n<p>&nbsp;<\/p>\n\n\t<section class=\"section linkified dark\" id=\"section_2099930687\">\n\t\t<div class=\"section-bg fill\" >\n\t\t\t<img loading=\"lazy\" decoding=\"async\" width=\"800\" height=\"213\" src=\"https:\/\/www.tendenzeshabbychic.it\/wp-content\/uploads\/2021\/09\/natale-hero-1-800x213.jpg\" class=\"bg attachment-medium size-medium\" alt=\"\" \/>\t\t\t\t\t\t<div class=\"section-bg-overlay absolute fill\"><\/div>\n\t\t\t\n\n\t\t<\/div>\n\n\t\t\n\n\t\t<div class=\"section-content relative\">\n\t\t\t\n\n<div class=\"row\"  id=\"row-1655159586\">\n\n\n\t<div id=\"col-1270850200\" class=\"col small-12 large-12\"  >\n\t\t\t\t<div class=\"col-inner text-center\"  >\n\t\t\t\n\t\t\t\n\n<h3><span style=\"font-size: 180%;\">Navidad<\/span><\/h3>\n<p>Descubre la amplia selecci\u00f3n de productos para decorar tu hogar en Navidad.<\/p>\n<a href=\"https:\/\/www.tendenzeshabbychic.it\/es\/categoria-producto\/navidad\/\" class=\"button alert is-shade box-shadow-3 box-shadow-5-hover\" style=\"border-radius:5px;\">\n\t\t<span>haga clic aqu\u00ed<\/span>\n\t<\/a>\n\n\n\n\t\t<\/div>\n\t\t\t\t\t<\/div>\n\n\t\n\n<\/div>\n\n\t\t<\/div>\n\n\t\t\n<style>\n#section_2099930687 {\n  padding-top: 12px;\n  padding-bottom: 12px;\n}\n#section_2099930687 .section-bg-overlay {\n  background-color: rgba(0, 0, 0, 0.419);\n}\n#section_2099930687 .section-bg img {\n  object-position: 21% 51%;\n}\n@media (min-width:550px) {\n  #section_2099930687 {\n    padding-top: 57px;\n    padding-bottom: 57px;\n  }\n}\n<\/style>\n\t<\/section>\n\t\n","protected":false},"excerpt":{"rendered":"<p>A\u00f1ade un toque de elegancia a tu pausa para el caf\u00e9 con este par de tazas de porcelana de la colecci\u00f3n Ricordi di Nuvole di Stoffa . Decoradas con delicados motivos invernales, estas tazas son perfectas para fiestas o para un uso diario refinado y se venden con una caja de regalo. Fabricados en porcelana de alta calidad, combinan est\u00e9tica y funcionalidad, haci\u00e9ndolos ideales para cualquier ocasi\u00f3n. \u2615<\/p>\n<p>\ud83d\udccf <strong>Dimensiones:<\/strong><\/p>\n<ul>\n<li><strong>Dimensiones de la copa:<\/strong> 6,2&#215;3,5&#215;5,2 cm<\/li>\n<li><strong>Capacidad:<\/strong> 90ml<\/li>\n<\/ul>\n","protected":false},"featured_media":146197,"comment_status":"open","ping_status":"closed","template":"","meta":{"_joinchat":[]},"pwb-brand":[2090],"product_brand":[],"product_cat":[2352,2371],"product_tag":[2917,3001,2845],"class_list":["post-157142","product","type-product","status-publish","has-post-thumbnail","pwb-brand-nuvole-di-stoffa-es","product_cat-tazas","product_cat-navidad","product_tag-ceramica-y-porcelana","product_tag-collezione-ricordi-es","product_tag-comedor","first","outofstock","sale","taxable","shipping-taxable","purchasable","product-type-simple"],"brands":[{"id":2090,"name":"Nuvole di Stoffa","slug":"nuvole-di-stoffa-es"}],"_links":{"self":[{"href":"https:\/\/www.tendenzeshabbychic.it\/es\/wp-json\/wp\/v2\/product\/157142","targetHints":{"allow":["GET"]}}],"collection":[{"href":"https:\/\/www.tendenzeshabbychic.it\/es\/wp-json\/wp\/v2\/product"}],"about":[{"href":"https:\/\/www.tendenzeshabbychic.it\/es\/wp-json\/wp\/v2\/types\/product"}],"replies":[{"embeddable":true,"href":"https:\/\/www.tendenzeshabbychic.it\/es\/wp-json\/wp\/v2\/comments?post=157142"}],"wp:featuredmedia":[{"embeddable":true,"href":"https:\/\/www.tendenzeshabbychic.it\/es\/wp-json\/wp\/v2\/media\/146197"}],"wp:attachment":[{"href":"https:\/\/www.tendenzeshabbychic.it\/es\/wp-json\/wp\/v2\/media?parent=157142"}],"wp:term":[{"taxonomy":"pwb-brand","embeddable":true,"href":"https:\/\/www.tendenzeshabbychic.it\/es\/wp-json\/wp\/v2\/pwb-brand?post=157142"},{"taxonomy":"product_brand","embeddable":true,"href":"https:\/\/www.tendenzeshabbychic.it\/es\/wp-json\/wp\/v2\/product_brand?post=157142"},{"taxonomy":"product_cat","embeddable":true,"href":"https:\/\/www.tendenzeshabbychic.it\/es\/wp-json\/wp\/v2\/product_cat?post=157142"},{"taxonomy":"product_tag","embeddable":true,"href":"https:\/\/www.tendenzeshabbychic.it\/es\/wp-json\/wp\/v2\/product_tag?post=157142"}],"curies":[{"name":"wp","href":"https:\/\/api.w.org\/{rel}","templated":true}]}}