{"id":153181,"date":"2023-01-01T00:00:01","date_gmt":"2022-12-31T23:00:01","guid":{"rendered":"https:\/\/www.tendenzeshabbychic.it\/prodotto\/guante-de-cocina-navideno-nuvole-di-stoffa-%f0%9f%8e%a0-coleccion-ricordi-2-patrones-19x32\/"},"modified":"2025-05-05T12:24:07","modified_gmt":"2025-05-05T11:24:07","slug":"guante-de-cocina-navideno-nuvole-di-stoffa-%f0%9f%8e%a0-coleccion-ricordi-2-patrones-19x32","status":"publish","type":"product","link":"https:\/\/www.tendenzeshabbychic.it\/es\/producto\/guante-de-cocina-navideno-nuvole-di-stoffa-%f0%9f%8e%a0-coleccion-ricordi-2-patrones-19x32\/","title":{"rendered":"Nuvole di Stoffa Guante de cocina navide\u00f1o &#8211; \ud83c\udfa0 Colecci\u00f3n Ricordi 19&#215;32"},"content":{"rendered":"<p>\u2728 <strong>Caracter\u00edsticas:<\/strong><\/p>\n<ul>\n<li><strong>Material:<\/strong> 100% algod\u00f3n acolchado para mayor protecci\u00f3n contra el calor.<\/li>\n<li><strong>Dise\u00f1o:<\/strong> Doble cara con un lado en color liso y un lado con patr\u00f3n navide\u00f1o<\/li>\n<li><strong>Colecci\u00f3n:<\/strong> Recuerdos<\/li>\n<li><strong>Marca:<\/strong> Nuvole di Stoffa<\/li>\n<li><strong>Cierre:<\/strong> Anilla para colgar f\u00e1cilmente<\/li>\n<\/ul>\n<p>\ud83c\udf1f <strong>Por qu\u00e9 comprar:<\/strong><\/p>\n<ol>\n<li><strong>Estilo festivo:<\/strong> lleve el esp\u00edritu navide\u00f1o a su cocina con un dise\u00f1o que capture la esencia de las fiestas.<\/li>\n<li><strong>Alta calidad:<\/strong> fabricados con algod\u00f3n duradero, estos guantes ofrecen una protecci\u00f3n duradera y son f\u00e1ciles de limpiar.<\/li>\n<li><strong>Versatilidad:<\/strong> Dise\u00f1o reversible para combinar con cualquier decoraci\u00f3n de cocina.<\/li>\n<li><strong>Colecci\u00f3n Exclusiva:<\/strong> Parte de la colecci\u00f3n \u00abRicordi\u00bb de Nuvole di Stoffa , reconocida por sus dise\u00f1os \u00fanicos y festivos.<\/li>\n<\/ol>\n<p><strong>\ud83c\udf81Ideal para:<\/strong><\/p>\n<ul>\n<li>Proteja sus manos al cocinar y manipular sartenes calientes.<\/li>\n<li>A\u00f1ade un toque decorativo navide\u00f1o a la cocina<\/li>\n<li>Regalo perfecto para cualquiera que ame cocinar y decorar la casa para Navidad.<\/li>\n<\/ul>\n\n  <div class=\"banner has-hover\" id=\"banner-668657191\">\n          <div class=\"banner-inner fill\">\n        <div class=\"banner-bg fill\" >\n                                    <div class=\"overlay\"><\/div>            \n                    <\/div>\n\t\t\n        <div class=\"banner-layers container\">\n            <div class=\"fill banner-link\"><\/div>            \n\n   <div id=\"text-box-191883880\" class=\"text-box banner-layer x50 md-x50 lg-x50 y50 md-y50 lg-y50 res-text\">\n                                <div class=\"text-box-content text dark\">\n              \n              <div class=\"text-inner text-center\">\n                  \n\n\t<div id=\"text-548633017\" class=\"text\">\n\t\t\n\n<h2 class=\"uppercase\" style=\"text-align: center;\"><span style=\"font-size: 120%;\"><strong>  RECUERDOS<\/strong><\/span><\/h2>\n<p style=\"text-align: center;\"><span style=\"font-size: 300%;\">Descubre toda la colecci\u00f3n<\/span><\/p>\n\t\t\n<style>\n#text-548633017 {\n  font-size: 0.75rem;\n  line-height: 1.15;\n}\n<\/style>\n\t<\/div>\n\t\n<a href=\"https:\/\/www.tendenzeshabbychic.it\/es\/etiqueta-producto\/collezione-ricordi-es\/\" class=\"button white is-larger box-shadow-1 box-shadow-1-hover\" >\n\t\t<span>HAGA CLIC AQU\u00cd<\/span>\n\t<\/a>\n\n\n\n              <\/div>\n           <\/div>\n                            \n<style>\n#text-box-191883880 {\n  width: 95%;\n}\n#text-box-191883880 .text-box-content {\n  font-size: 100%;\n}\n@media (min-width:550px) {\n  #text-box-191883880 {\n    width: 79%;\n  }\n}\n<\/style>\n    <\/div>\n \n\n        <\/div>\n      <\/div>\n\n            \n<style>\n#banner-668657191 {\n  padding-top: 550px;\n}\n#banner-668657191 .overlay {\n  background-color: rgba(0, 0, 0, 0.267);\n}\n#banner-668657191 .banner-bg img {\n  object-position: 36% 83%;\n}\n@media (min-width:550px) {\n  #banner-668657191 {\n    padding-top: 500px;\n  }\n}\n@media (min-width:850px) {\n  #banner-668657191 {\n    padding-top: 750px;\n  }\n}\n<\/style>\n  <\/div>\n\n\n<p>&nbsp;<\/p>\n\n\t<section class=\"section linkified dark\" id=\"section_929380312\">\n\t\t<div class=\"section-bg fill\" >\n\t\t\t<img loading=\"lazy\" decoding=\"async\" width=\"800\" height=\"213\" src=\"https:\/\/www.tendenzeshabbychic.it\/wp-content\/uploads\/2021\/09\/natale-hero-1-800x213.jpg\" class=\"bg attachment-medium size-medium\" alt=\"\" \/>\t\t\t\t\t\t<div class=\"section-bg-overlay absolute fill\"><\/div>\n\t\t\t\n\n\t\t<\/div>\n\n\t\t\n\n\t\t<div class=\"section-content relative\">\n\t\t\t\n\n<div class=\"row\"  id=\"row-178735234\">\n\n\n\t<div id=\"col-293829151\" class=\"col small-12 large-12\"  >\n\t\t\t\t<div class=\"col-inner text-center\"  >\n\t\t\t\n\t\t\t\n\n<h3><span style=\"font-size: 180%;\">Navidad<\/span><\/h3>\n<p>Descubre la amplia selecci\u00f3n de productos para decorar tu hogar en Navidad.<\/p>\n<a href=\"https:\/\/www.tendenzeshabbychic.it\/es\/categoria-producto\/navidad\/\" class=\"button alert is-shade box-shadow-3 box-shadow-5-hover\" style=\"border-radius:5px;\">\n\t\t<span>haga clic aqu\u00ed<\/span>\n\t<\/a>\n\n\n\n\t\t<\/div>\n\t\t\t\t\t<\/div>\n\n\t\n\n<\/div>\n\n\t\t<\/div>\n\n\t\t\n<style>\n#section_929380312 {\n  padding-top: 12px;\n  padding-bottom: 12px;\n}\n#section_929380312 .section-bg-overlay {\n  background-color: rgba(0, 0, 0, 0.419);\n}\n#section_929380312 .section-bg img {\n  object-position: 21% 51%;\n}\n@media (min-width:550px) {\n  #section_929380312 {\n    padding-top: 57px;\n    padding-bottom: 57px;\n  }\n}\n<\/style>\n\t<\/section>\n\t\n","protected":false},"excerpt":{"rendered":"<p>A\u00f1ade un toque de magia navide\u00f1a a tu cocina con estas manoplas de horno de doble cara de la Colecci\u00f3n Ricordi de Nuvole di Stoffa.<\/p>\n<p>Fabricados en algod\u00f3n acolchado, estos guantes ofrecen una comodidad y protecci\u00f3n \u00f3ptimas mientras cocinas y preparas tus platos favoritos.<\/p>\n<p>El guante presenta un dise\u00f1o reversible, con un lado en verde bosque s\u00f3lido y el otro con un motivo festivo navide\u00f1o, lo que te permite elegir el estilo que mejor se adapte a tu estado de \u00e1nimo y decoraci\u00f3n.<\/p>\n<p>\ud83d\udccf <strong>Dimensiones:<\/strong><\/p>\n<ul>\n<li>Longitud: 32cm<\/li>\n<li>Ancho: 19cm<\/li>\n<\/ul>\n","protected":false},"featured_media":145866,"comment_status":"open","ping_status":"closed","template":"","meta":{"_joinchat":[]},"pwb-brand":[2090],"product_brand":[],"product_cat":[538,697],"product_tag":[3001],"class_list":["post-153181","product","type-product","status-publish","has-post-thumbnail","pwb-brand-nuvole-di-stoffa-es","product_cat-natale","product_cat-tessile-cucina","product_tag-collezione-ricordi-es","first","outofstock","sale","taxable","shipping-taxable","purchasable","product-type-simple"],"brands":[{"id":2090,"name":"Nuvole di Stoffa","slug":"nuvole-di-stoffa-es"}],"_links":{"self":[{"href":"https:\/\/www.tendenzeshabbychic.it\/es\/wp-json\/wp\/v2\/product\/153181","targetHints":{"allow":["GET"]}}],"collection":[{"href":"https:\/\/www.tendenzeshabbychic.it\/es\/wp-json\/wp\/v2\/product"}],"about":[{"href":"https:\/\/www.tendenzeshabbychic.it\/es\/wp-json\/wp\/v2\/types\/product"}],"replies":[{"embeddable":true,"href":"https:\/\/www.tendenzeshabbychic.it\/es\/wp-json\/wp\/v2\/comments?post=153181"}],"wp:featuredmedia":[{"embeddable":true,"href":"https:\/\/www.tendenzeshabbychic.it\/es\/wp-json\/wp\/v2\/media\/145866"}],"wp:attachment":[{"href":"https:\/\/www.tendenzeshabbychic.it\/es\/wp-json\/wp\/v2\/media?parent=153181"}],"wp:term":[{"taxonomy":"pwb-brand","embeddable":true,"href":"https:\/\/www.tendenzeshabbychic.it\/es\/wp-json\/wp\/v2\/pwb-brand?post=153181"},{"taxonomy":"product_brand","embeddable":true,"href":"https:\/\/www.tendenzeshabbychic.it\/es\/wp-json\/wp\/v2\/product_brand?post=153181"},{"taxonomy":"product_cat","embeddable":true,"href":"https:\/\/www.tendenzeshabbychic.it\/es\/wp-json\/wp\/v2\/product_cat?post=153181"},{"taxonomy":"product_tag","embeddable":true,"href":"https:\/\/www.tendenzeshabbychic.it\/es\/wp-json\/wp\/v2\/product_tag?post=153181"}],"curies":[{"name":"wp","href":"https:\/\/api.w.org\/{rel}","templated":true}]}}