{"id":100961,"date":"2019-09-26T12:16:01","date_gmt":"2019-09-26T10:16:01","guid":{"rendered":"https:\/\/www.tendenzeshabbychic.it\/descuentos\/"},"modified":"2026-08-10T19:56:43","modified_gmt":"2026-08-10T17:56:43","slug":"descuentos","status":"publish","type":"page","link":"https:\/\/www.tendenzeshabbychic.it\/es\/descuentos\/","title":{"rendered":"Descuentos y ofertas: Tendenze Shabby Chic"},"content":{"rendered":"\n<div class=\"row\"  id=\"row-1654670632\">\n\n\n\t<div id=\"col-662535373\" class=\"col small-12 large-12\"  >\n\t\t\t\t<div class=\"col-inner\"  >\n\t\t\t\n\t\t\t\n\n\t<div id=\"text-960676769\" class=\"text\">\n\t\t\n\n<p style=\"text-align: center;\">Descubre una selecci\u00f3n especial de art\u00edculos para el hogar, decoraci\u00f3n, textiles, perfumes y complementos en oferta.<\/p>\n<p style=\"text-align: center;\"><span style=\"font-size: 115%;\"><em><strong>Descuentos de hasta el 50 % en productos seleccionados<\/strong><\/em><\/span><\/p>\n\t\t\n<style>\n#text-960676769 {\n  font-size: 1.8rem;\n  line-height: 1.35;\n}\n<\/style>\n\t<\/div>\n\t\n\n\n<div class=\"woocommerce columns-4 \"><div class=\"woocommerce-notices-wrapper\"><\/div><div class=\"products row row-small large-columns-4 medium-columns-2 small-columns-2 has-shadow row-box-shadow-1 has-equal-box-heights equalize-box\">\n<div class=\"product-small col has-hover product type-product post-172890 status-publish first instock product_cat-pinturas-y-lienzos has-post-thumbnail sale taxable shipping-taxable purchasable product-type-simple\">\n\t<div class=\"col-inner\">\n\t\n<div class=\"badge-container absolute left top z-1\">\n<div class=\"callout badge badge-square\"><div class=\"badge-inner secondary on-sale\"><span class=\"onsale\">-12%<\/span><\/div><\/div>\n<\/div>\n\t<div class=\"product-small box \">\n\t\t<div class=\"box-image\">\n\t\t\t<div class=\"image-fade_in_back\">\n\t\t\t\t<a href=\"https:\/\/www.tendenzeshabbychic.it\/es\/producto\/mathilde-m-lienzo-trompe-loeil-balcon-mediterraneo-alt-200-cm\/\">\n\t\t\t\t\t<img loading=\"lazy\" decoding=\"async\" width=\"500\" height=\"500\" src=\"https:\/\/www.tendenzeshabbychic.it\/wp-content\/uploads\/2025\/01\/MDDMTTTS0018-500x500.jpg\" class=\"attachment-woocommerce_thumbnail size-woocommerce_thumbnail\" alt=\"Tela Trompe l\u2019Oeil con vista su un balcone mediterraneo, realizzata in canvas con dettagli curati.\" srcset=\"https:\/\/www.tendenzeshabbychic.it\/wp-content\/uploads\/2025\/01\/MDDMTTTS0018-500x500.jpg 500w, https:\/\/www.tendenzeshabbychic.it\/wp-content\/uploads\/2025\/01\/MDDMTTTS0018-400x400.jpg 400w, https:\/\/www.tendenzeshabbychic.it\/wp-content\/uploads\/2025\/01\/MDDMTTTS0018-800x800.jpg 800w, https:\/\/www.tendenzeshabbychic.it\/wp-content\/uploads\/2025\/01\/MDDMTTTS0018-280x280.jpg 280w, https:\/\/www.tendenzeshabbychic.it\/wp-content\/uploads\/2025\/01\/MDDMTTTS0018-768x768.jpg 768w, https:\/\/www.tendenzeshabbychic.it\/wp-content\/uploads\/2025\/01\/MDDMTTTS0018-100x100.jpg 100w, https:\/\/www.tendenzeshabbychic.it\/wp-content\/uploads\/2025\/01\/MDDMTTTS0018-64x64.jpg 64w, https:\/\/www.tendenzeshabbychic.it\/wp-content\/uploads\/2025\/01\/MDDMTTTS0018.jpg 1000w\" sizes=\"auto, (max-width: 500px) 100vw, 500px\" \/>\t\t\t\t<\/a>\n\t\t\t<\/div>\n\t\t\t<div class=\"image-tools is-small top right show-on-hover\">\n\t\t\t\t\t\t\t<\/div>\n\t\t\t<div class=\"image-tools is-small hide-for-small bottom left show-on-hover\">\n\t\t\t\t\t\t\t<\/div>\n\t\t\t<div class=\"image-tools grid-tools text-center hide-for-small bottom hover-slide-in show-on-hover\">\n\t\t\t\t\t\t\t<\/div>\n\t\t\t\t\t<\/div>\n\n\t\t<div class=\"box-text box-text-products\">\n\t\t\t<div class=\"title-wrapper\"><p class=\"name product-title woocommerce-loop-product__title\"><a href=\"https:\/\/www.tendenzeshabbychic.it\/es\/producto\/mathilde-m-lienzo-trompe-loeil-balcon-mediterraneo-alt-200-cm\/\" class=\"woocommerce-LoopProduct-link woocommerce-loop-product__link\">Mathilde M. Lienzo Trompe l&#8217;Oeil \u00abBalc\u00f3n mediterr\u00e1neo\u00bb Alt. 200 cm<\/a><\/p><\/div><div class=\"price-wrapper\"><div class=\"star-rating star-rating--inline\" role=\"img\" aria-label=\"Valorado con 5 de 5\"><span style=\"width:100%\">Valorado con <strong class=\"rating\">5<\/strong> de 5<\/span><\/div>\n\t<span class=\"price\"><del aria-hidden=\"true\"><span class=\"woocommerce-Price-amount amount\"><bdi>90,00&nbsp;<span class=\"woocommerce-Price-currencySymbol\" translate=\"no\">&euro;<\/span><\/bdi><\/span><\/del> <span class=\"screen-reader-text\">El precio original era: 90,00&nbsp;&euro;.<\/span><ins aria-hidden=\"true\"><span class=\"woocommerce-Price-amount amount\"><bdi>79,00&nbsp;<span class=\"woocommerce-Price-currencySymbol\" translate=\"no\">&euro;<\/span><\/bdi><\/span><\/ins><span class=\"screen-reader-text\">El precio actual es: 79,00&nbsp;&euro;.<\/span><\/span>\n<\/div>\t\t<\/div>\n\t<\/div>\n\t\t\t\t<input type=\"hidden\" class=\"pmwProductId\" data-id=\"172890\">\n\t\t\t\t\t<script>\n\t\t\t(window.pmwDataLayer = window.pmwDataLayer || {}).products                = window.pmwDataLayer.products || {};\n\t\t\twindow.pmwDataLayer.products[172890] = {\"id\":\"172890\",\"sku\":\"MDDMTTTS0018\",\"price\":79,\"brand\":\"\",\"quantity\":1,\"dyn_r_ids\":{\"post_id\":\"172890\",\"sku\":\"MDDMTTTS0018\",\"gpf\":\"woocommerce_gpf_172890\",\"gla\":\"gla_172890\"},\"is_variable\":false,\"type\":\"simple\",\"name\":\"Mathilde M. Lienzo Trompe l\\u0027Oeil \\u0022Balc\u00f3n mediterr\u00e1neo\\u0022 Alt. 200 cm\",\"category\":[\"Pinturas y lienzos\"],\"is_variation\":false};\n\t\t\t\t\twindow.pmw_product_position = window.pmw_product_position || 1;\n\t\twindow.pmwDataLayer.products[172890]['position'] = window.pmw_product_position++;\n\t\t\t\t<\/script>\n\t\t\t<\/div>\n<\/div><div class=\"product-small col has-hover product type-product post-105631 status-publish instock product_cat-pinturas-y-lienzos product_tag-comedor product_tag-dormitorio has-post-thumbnail sale taxable shipping-taxable purchasable product-type-simple\">\n\t<div class=\"col-inner\">\n\t\n<div class=\"badge-container absolute left top z-1\">\n<div class=\"callout badge badge-square\"><div class=\"badge-inner secondary on-sale\"><span class=\"onsale\">-12%<\/span><\/div><\/div>\n<div class=\"badge callout badge-square\"><div class=\"badge-inner callout-new-bg is-small new-bubble\">MEJOR VENDIDO<\/div><\/div><\/div>\n\t<div class=\"product-small box \">\n\t\t<div class=\"box-image\">\n\t\t\t<div class=\"image-fade_in_back\">\n\t\t\t\t<a href=\"https:\/\/www.tendenzeshabbychic.it\/es\/producto\/lienzo-trompe-loeil-vista-mar-200-cm\/\">\n\t\t\t\t\t<img loading=\"lazy\" decoding=\"async\" width=\"500\" height=\"500\" src=\"https:\/\/www.tendenzeshabbychic.it\/wp-content\/uploads\/2021\/05\/tela-vista-mare-2-500x500.jpg\" class=\"attachment-woocommerce_thumbnail size-woocommerce_thumbnail\" alt=\"Trompe l&#039;oeil lienzo vista mar 200 cm\" srcset=\"https:\/\/www.tendenzeshabbychic.it\/wp-content\/uploads\/2021\/05\/tela-vista-mare-2-500x500.jpg 500w, https:\/\/www.tendenzeshabbychic.it\/wp-content\/uploads\/2021\/05\/tela-vista-mare-2-100x100.jpg 100w, https:\/\/www.tendenzeshabbychic.it\/wp-content\/uploads\/2021\/05\/tela-vista-mare-2-280x280.jpg 280w, https:\/\/www.tendenzeshabbychic.it\/wp-content\/uploads\/2021\/05\/tela-vista-mare-2-247x247.jpg 247w\" sizes=\"auto, (max-width: 500px) 100vw, 500px\" \/><img loading=\"lazy\" decoding=\"async\" width=\"500\" height=\"500\" src=\"https:\/\/www.tendenzeshabbychic.it\/wp-content\/uploads\/2021\/05\/tela-vista-mare-3-500x500.jpg\" class=\"show-on-hover absolute fill hide-for-small back-image\" alt=\"Alternative view of Trompe l&#039;oeil lienzo vista mar 200 cm\" aria-hidden=\"true\" srcset=\"https:\/\/www.tendenzeshabbychic.it\/wp-content\/uploads\/2021\/05\/tela-vista-mare-3-500x500.jpg 500w, https:\/\/www.tendenzeshabbychic.it\/wp-content\/uploads\/2021\/05\/tela-vista-mare-3-100x100.jpg 100w, https:\/\/www.tendenzeshabbychic.it\/wp-content\/uploads\/2021\/05\/tela-vista-mare-3-280x280.jpg 280w, https:\/\/www.tendenzeshabbychic.it\/wp-content\/uploads\/2021\/05\/tela-vista-mare-3-247x247.jpg 247w\" sizes=\"auto, (max-width: 500px) 100vw, 500px\" \/>\t\t\t\t<\/a>\n\t\t\t<\/div>\n\t\t\t<div class=\"image-tools is-small top right show-on-hover\">\n\t\t\t\t\t\t\t<\/div>\n\t\t\t<div class=\"image-tools is-small hide-for-small bottom left show-on-hover\">\n\t\t\t\t\t\t\t<\/div>\n\t\t\t<div class=\"image-tools grid-tools text-center hide-for-small bottom hover-slide-in show-on-hover\">\n\t\t\t\t\t\t\t<\/div>\n\t\t\t\t\t<\/div>\n\n\t\t<div class=\"box-text box-text-products\">\n\t\t\t<div class=\"title-wrapper\"><p class=\"name product-title woocommerce-loop-product__title\"><a href=\"https:\/\/www.tendenzeshabbychic.it\/es\/producto\/lienzo-trompe-loeil-vista-mar-200-cm\/\" class=\"woocommerce-LoopProduct-link woocommerce-loop-product__link\">Trompe l&#8217;oeil lienzo vista mar 200 cm<\/a><\/p><\/div><div class=\"price-wrapper\"><div class=\"star-rating star-rating--inline\" role=\"img\" aria-label=\"Valorado con 5 de 5\"><span style=\"width:100%\">Valorado con <strong class=\"rating\">5<\/strong> de 5<\/span><\/div>\n\t<span class=\"price\"><del aria-hidden=\"true\"><span class=\"woocommerce-Price-amount amount\"><bdi>90,00&nbsp;<span class=\"woocommerce-Price-currencySymbol\" translate=\"no\">&euro;<\/span><\/bdi><\/span><\/del> <span class=\"screen-reader-text\">El precio original era: 90,00&nbsp;&euro;.<\/span><ins aria-hidden=\"true\"><span class=\"woocommerce-Price-amount amount\"><bdi>79,00&nbsp;<span class=\"woocommerce-Price-currencySymbol\" translate=\"no\">&euro;<\/span><\/bdi><\/span><\/ins><span class=\"screen-reader-text\">El precio actual es: 79,00&nbsp;&euro;.<\/span><\/span>\n<\/div>\t\t<\/div>\n\t<\/div>\n\t\t\t\t<input type=\"hidden\" class=\"pmwProductId\" data-id=\"105631\">\n\t\t\t\t\t<script>\n\t\t\t(window.pmwDataLayer = window.pmwDataLayer || {}).products                = window.pmwDataLayer.products || {};\n\t\t\twindow.pmwDataLayer.products[105631] = {\"id\":\"105631\",\"sku\":\"MDDMTTTS0009\",\"price\":79,\"brand\":\"\",\"quantity\":1,\"dyn_r_ids\":{\"post_id\":\"105631\",\"sku\":\"MDDMTTTS0009\",\"gpf\":\"woocommerce_gpf_105631\",\"gla\":\"gla_105631\"},\"is_variable\":false,\"type\":\"simple\",\"name\":\"Trompe l\\u0027oeil lienzo vista mar 200 cm\",\"category\":[\"Pinturas y lienzos\"],\"is_variation\":false};\n\t\t\t\t\twindow.pmw_product_position = window.pmw_product_position || 1;\n\t\twindow.pmwDataLayer.products[105631]['position'] = window.pmw_product_position++;\n\t\t\t\t<\/script>\n\t\t\t<\/div>\n<\/div><div class=\"product-small col has-hover product type-product post-102665 status-publish instock product_cat-pinturas-y-lienzos product_tag-comedor product_tag-dormitorio has-post-thumbnail sale taxable shipping-taxable purchasable product-type-simple\">\n\t<div class=\"col-inner\">\n\t\n<div class=\"badge-container absolute left top z-1\">\n<div class=\"callout badge badge-square\"><div class=\"badge-inner secondary on-sale\"><span class=\"onsale\">-12%<\/span><\/div><\/div>\n<\/div>\n\t<div class=\"product-small box \">\n\t\t<div class=\"box-image\">\n\t\t\t<div class=\"image-fade_in_back\">\n\t\t\t\t<a href=\"https:\/\/www.tendenzeshabbychic.it\/es\/producto\/lienzo-trompe-loel-marches-du-palais-200-cm\/\">\n\t\t\t\t\t<img loading=\"lazy\" decoding=\"async\" width=\"500\" height=\"500\" src=\"https:\/\/www.tendenzeshabbychic.it\/wp-content\/uploads\/2021\/05\/Tela-Trompe-loeil-Marches-du-Palais-2-500x500.jpg\" class=\"attachment-woocommerce_thumbnail size-woocommerce_thumbnail\" alt=\"Tela trompe-l&#039;oeil Marches du Palais 200 cm\" srcset=\"https:\/\/www.tendenzeshabbychic.it\/wp-content\/uploads\/2021\/05\/Tela-Trompe-loeil-Marches-du-Palais-2-500x500.jpg 500w, https:\/\/www.tendenzeshabbychic.it\/wp-content\/uploads\/2021\/05\/Tela-Trompe-loeil-Marches-du-Palais-2-100x100.jpg 100w, https:\/\/www.tendenzeshabbychic.it\/wp-content\/uploads\/2021\/05\/Tela-Trompe-loeil-Marches-du-Palais-2-280x280.jpg 280w, https:\/\/www.tendenzeshabbychic.it\/wp-content\/uploads\/2021\/05\/Tela-Trompe-loeil-Marches-du-Palais-2-247x247.jpg 247w\" sizes=\"auto, (max-width: 500px) 100vw, 500px\" \/><img loading=\"lazy\" decoding=\"async\" width=\"500\" height=\"500\" src=\"https:\/\/www.tendenzeshabbychic.it\/wp-content\/uploads\/2021\/05\/Tela-Trompe-loeil-Marches-du-Palais-500x500.jpg\" class=\"show-on-hover absolute fill hide-for-small back-image\" alt=\"Alternative view of Tela trompe-l&#039;oeil Marches du Palais 200 cm\" aria-hidden=\"true\" srcset=\"https:\/\/www.tendenzeshabbychic.it\/wp-content\/uploads\/2021\/05\/Tela-Trompe-loeil-Marches-du-Palais-500x500.jpg 500w, https:\/\/www.tendenzeshabbychic.it\/wp-content\/uploads\/2021\/05\/Tela-Trompe-loeil-Marches-du-Palais-100x100.jpg 100w, https:\/\/www.tendenzeshabbychic.it\/wp-content\/uploads\/2021\/05\/Tela-Trompe-loeil-Marches-du-Palais-280x280.jpg 280w, https:\/\/www.tendenzeshabbychic.it\/wp-content\/uploads\/2021\/05\/Tela-Trompe-loeil-Marches-du-Palais-247x247.jpg 247w\" sizes=\"auto, (max-width: 500px) 100vw, 500px\" \/>\t\t\t\t<\/a>\n\t\t\t<\/div>\n\t\t\t<div class=\"image-tools is-small top right show-on-hover\">\n\t\t\t\t\t\t\t<\/div>\n\t\t\t<div class=\"image-tools is-small hide-for-small bottom left show-on-hover\">\n\t\t\t\t\t\t\t<\/div>\n\t\t\t<div class=\"image-tools grid-tools text-center hide-for-small bottom hover-slide-in show-on-hover\">\n\t\t\t\t\t\t\t<\/div>\n\t\t\t\t\t<\/div>\n\n\t\t<div class=\"box-text box-text-products\">\n\t\t\t<div class=\"title-wrapper\"><p class=\"name product-title woocommerce-loop-product__title\"><a href=\"https:\/\/www.tendenzeshabbychic.it\/es\/producto\/lienzo-trompe-loel-marches-du-palais-200-cm\/\" class=\"woocommerce-LoopProduct-link woocommerce-loop-product__link\">Tela trompe-l&#8217;oeil Marches du Palais 200 cm<\/a><\/p><\/div><div class=\"price-wrapper\"><div class=\"star-rating star-rating--inline\" role=\"img\" aria-label=\"Valorado con 5 de 5\"><span style=\"width:100%\">Valorado con <strong class=\"rating\">5<\/strong> de 5<\/span><\/div>\n\t<span class=\"price\"><del aria-hidden=\"true\"><span class=\"woocommerce-Price-amount amount\"><bdi>90,00&nbsp;<span class=\"woocommerce-Price-currencySymbol\" translate=\"no\">&euro;<\/span><\/bdi><\/span><\/del> <span class=\"screen-reader-text\">El precio original era: 90,00&nbsp;&euro;.<\/span><ins aria-hidden=\"true\"><span class=\"woocommerce-Price-amount amount\"><bdi>79,00&nbsp;<span class=\"woocommerce-Price-currencySymbol\" translate=\"no\">&euro;<\/span><\/bdi><\/span><\/ins><span class=\"screen-reader-text\">El precio actual es: 79,00&nbsp;&euro;.<\/span><\/span>\n<\/div>\t\t<\/div>\n\t<\/div>\n\t\t\t\t<input type=\"hidden\" class=\"pmwProductId\" data-id=\"102665\">\n\t\t\t\t\t<script>\n\t\t\t(window.pmwDataLayer = window.pmwDataLayer || {}).products                = window.pmwDataLayer.products || {};\n\t\t\twindow.pmwDataLayer.products[102665] = {\"id\":\"102665\",\"sku\":\"MDDMTTTS0011\",\"price\":79,\"brand\":\"\",\"quantity\":1,\"dyn_r_ids\":{\"post_id\":\"102665\",\"sku\":\"MDDMTTTS0011\",\"gpf\":\"woocommerce_gpf_102665\",\"gla\":\"gla_102665\"},\"is_variable\":false,\"type\":\"simple\",\"name\":\"Tela trompe-l\\u0027oeil Marches du Palais 200 cm\",\"category\":[\"Pinturas y lienzos\"],\"is_variation\":false};\n\t\t\t\t\twindow.pmw_product_position = window.pmw_product_position || 1;\n\t\twindow.pmwDataLayer.products[102665]['position'] = window.pmw_product_position++;\n\t\t\t\t<\/script>\n\t\t\t<\/div>\n<\/div><div class=\"product-small col has-hover product type-product post-203268 status-publish last instock product_cat-objetos product_tag-calabazas product_tag-otono has-post-thumbnail sale taxable shipping-taxable purchasable product-type-simple\">\n\t<div class=\"col-inner\">\n\t\n<div class=\"badge-container absolute left top z-1\">\n<div class=\"callout badge badge-square\"><div class=\"badge-inner secondary on-sale\"><span class=\"onsale\">-20%<\/span><\/div><\/div>\n<\/div>\n\t<div class=\"product-small box \">\n\t\t<div class=\"box-image\">\n\t\t\t<div class=\"image-fade_in_back\">\n\t\t\t\t<a href=\"https:\/\/www.tendenzeshabbychic.it\/es\/producto\/blanc-mariclo-calabaza-verde-lentejuelas-18x14-cm\/\">\n\t\t\t\t\t<img loading=\"lazy\" decoding=\"async\" width=\"500\" height=\"500\" src=\"https:\/\/www.tendenzeshabbychic.it\/wp-content\/uploads\/2025\/09\/A38794-500x500.jpg\" class=\"attachment-woocommerce_thumbnail size-woocommerce_thumbnail\" alt=\"Calabaza decorativa de tela boucl\u00e9 verde con lentejuelas brillantes y tallo dorado, ideal para decoraciones oto\u00f1ales chic.\" srcset=\"https:\/\/www.tendenzeshabbychic.it\/wp-content\/uploads\/2025\/09\/A38794-500x500.jpg 500w, https:\/\/www.tendenzeshabbychic.it\/wp-content\/uploads\/2025\/09\/A38794-400x400.jpg 400w, https:\/\/www.tendenzeshabbychic.it\/wp-content\/uploads\/2025\/09\/A38794-800x800.jpg 800w, https:\/\/www.tendenzeshabbychic.it\/wp-content\/uploads\/2025\/09\/A38794-280x280.jpg 280w, https:\/\/www.tendenzeshabbychic.it\/wp-content\/uploads\/2025\/09\/A38794-768x768.jpg 768w, https:\/\/www.tendenzeshabbychic.it\/wp-content\/uploads\/2025\/09\/A38794-100x100.jpg 100w, https:\/\/www.tendenzeshabbychic.it\/wp-content\/uploads\/2025\/09\/A38794-64x64.jpg 64w, https:\/\/www.tendenzeshabbychic.it\/wp-content\/uploads\/2025\/09\/A38794.jpg 1000w\" sizes=\"auto, (max-width: 500px) 100vw, 500px\" \/><img loading=\"lazy\" decoding=\"async\" width=\"500\" height=\"500\" src=\"https:\/\/www.tendenzeshabbychic.it\/wp-content\/uploads\/2025\/09\/A38794-2-500x500.jpg\" class=\"show-on-hover absolute fill hide-for-small back-image\" alt=\"Alternative view of Blanc MariClo Calabaza Verde Lentejuelas 18x14 cm\" aria-hidden=\"true\" srcset=\"https:\/\/www.tendenzeshabbychic.it\/wp-content\/uploads\/2025\/09\/A38794-2-500x500.jpg 500w, https:\/\/www.tendenzeshabbychic.it\/wp-content\/uploads\/2025\/09\/A38794-2-400x400.jpg 400w, https:\/\/www.tendenzeshabbychic.it\/wp-content\/uploads\/2025\/09\/A38794-2-800x800.jpg 800w, https:\/\/www.tendenzeshabbychic.it\/wp-content\/uploads\/2025\/09\/A38794-2-280x280.jpg 280w, https:\/\/www.tendenzeshabbychic.it\/wp-content\/uploads\/2025\/09\/A38794-2-768x768.jpg 768w, https:\/\/www.tendenzeshabbychic.it\/wp-content\/uploads\/2025\/09\/A38794-2-100x100.jpg 100w, https:\/\/www.tendenzeshabbychic.it\/wp-content\/uploads\/2025\/09\/A38794-2-64x64.jpg 64w, https:\/\/www.tendenzeshabbychic.it\/wp-content\/uploads\/2025\/09\/A38794-2.jpg 1000w\" sizes=\"auto, (max-width: 500px) 100vw, 500px\" \/>\t\t\t\t<\/a>\n\t\t\t<\/div>\n\t\t\t<div class=\"image-tools is-small top right show-on-hover\">\n\t\t\t\t\t\t\t<\/div>\n\t\t\t<div class=\"image-tools is-small hide-for-small bottom left show-on-hover\">\n\t\t\t\t\t\t\t<\/div>\n\t\t\t<div class=\"image-tools grid-tools text-center hide-for-small bottom hover-slide-in show-on-hover\">\n\t\t\t\t\t\t\t<\/div>\n\t\t\t\t\t<\/div>\n\n\t\t<div class=\"box-text box-text-products\">\n\t\t\t<div class=\"title-wrapper\"><p class=\"name product-title woocommerce-loop-product__title\"><a href=\"https:\/\/www.tendenzeshabbychic.it\/es\/producto\/blanc-mariclo-calabaza-verde-lentejuelas-18x14-cm\/\" class=\"woocommerce-LoopProduct-link woocommerce-loop-product__link\">Blanc MariClo Calabaza Verde Lentejuelas 18&#215;14 cm<\/a><\/p><\/div><div class=\"price-wrapper\">\n\t<span class=\"price\"><del aria-hidden=\"true\"><span class=\"woocommerce-Price-amount amount\"><bdi>37,90&nbsp;<span class=\"woocommerce-Price-currencySymbol\" translate=\"no\">&euro;<\/span><\/bdi><\/span><\/del> <span class=\"screen-reader-text\">El precio original era: 37,90&nbsp;&euro;.<\/span><ins aria-hidden=\"true\"><span class=\"woocommerce-Price-amount amount\"><bdi>30,32&nbsp;<span class=\"woocommerce-Price-currencySymbol\" translate=\"no\">&euro;<\/span><\/bdi><\/span><\/ins><span class=\"screen-reader-text\">El precio actual es: 30,32&nbsp;&euro;.<\/span><\/span>\n<\/div>\t\t<\/div>\n\t<\/div>\n\t\t\t\t<input type=\"hidden\" class=\"pmwProductId\" data-id=\"203268\">\n\t\t\t\t\t<script>\n\t\t\t(window.pmwDataLayer = window.pmwDataLayer || {}).products                = window.pmwDataLayer.products || {};\n\t\t\twindow.pmwDataLayer.products[203268] = {\"id\":\"203268\",\"sku\":\"A38794\",\"price\":30.32,\"brand\":\"\",\"quantity\":1,\"dyn_r_ids\":{\"post_id\":\"203268\",\"sku\":\"A38794\",\"gpf\":\"woocommerce_gpf_203268\",\"gla\":\"gla_203268\"},\"is_variable\":false,\"type\":\"simple\",\"name\":\"Blanc MariClo Calabaza Verde Lentejuelas 18x14 cm\",\"category\":[\"Objetos\"],\"is_variation\":false};\n\t\t\t\t\twindow.pmw_product_position = window.pmw_product_position || 1;\n\t\twindow.pmwDataLayer.products[203268]['position'] = window.pmw_product_position++;\n\t\t\t\t<\/script>\n\t\t\t<\/div>\n<\/div><div class=\"product-small col has-hover product type-product post-198667 status-publish first instock product_cat-manteles-individuales product_cat-la-mesa product_tag-otono has-post-thumbnail sale taxable shipping-taxable purchasable product-type-simple\">\n\t<div class=\"col-inner\">\n\t\n<div class=\"badge-container absolute left top z-1\">\n<div class=\"callout badge badge-square\"><div class=\"badge-inner secondary on-sale\"><span class=\"onsale\">-30%<\/span><\/div><\/div>\n<\/div>\n\t<div class=\"product-small box \">\n\t\t<div class=\"box-image\">\n\t\t\t<div class=\"image-fade_in_back\">\n\t\t\t\t<a href=\"https:\/\/www.tendenzeshabbychic.it\/es\/producto\/blanc-mariclo-mantel-geometrika-con-servilleta-33x48-cm\/\">\n\t\t\t\t\t<img loading=\"lazy\" decoding=\"async\" width=\"500\" height=\"500\" src=\"https:\/\/www.tendenzeshabbychic.it\/wp-content\/uploads\/2025\/06\/A38778-1-500x500.jpg\" class=\"attachment-woocommerce_thumbnail size-woocommerce_thumbnail\" alt=\"Set tovaglietta e tovagliolo ricamati Blanc Maricl\u00f2 Geometrika, 100% cotone, eleganza naturale per la tua tavola.\" srcset=\"https:\/\/www.tendenzeshabbychic.it\/wp-content\/uploads\/2025\/06\/A38778-1-500x500.jpg 500w, https:\/\/www.tendenzeshabbychic.it\/wp-content\/uploads\/2025\/06\/A38778-1-400x400.jpg 400w, https:\/\/www.tendenzeshabbychic.it\/wp-content\/uploads\/2025\/06\/A38778-1-800x800.jpg 800w, https:\/\/www.tendenzeshabbychic.it\/wp-content\/uploads\/2025\/06\/A38778-1-280x280.jpg 280w, https:\/\/www.tendenzeshabbychic.it\/wp-content\/uploads\/2025\/06\/A38778-1-768x768.jpg 768w, https:\/\/www.tendenzeshabbychic.it\/wp-content\/uploads\/2025\/06\/A38778-1-100x100.jpg 100w, https:\/\/www.tendenzeshabbychic.it\/wp-content\/uploads\/2025\/06\/A38778-1-64x64.jpg 64w, https:\/\/www.tendenzeshabbychic.it\/wp-content\/uploads\/2025\/06\/A38778-1.jpg 1000w\" sizes=\"auto, (max-width: 500px) 100vw, 500px\" \/><img loading=\"lazy\" decoding=\"async\" width=\"500\" height=\"500\" src=\"https:\/\/www.tendenzeshabbychic.it\/wp-content\/uploads\/2025\/06\/A38778-500x500.jpg\" class=\"show-on-hover absolute fill hide-for-small back-image\" alt=\"Alternative view of Blanc MariCl\u00f2 Mantel Geometrika con Servilleta 33x48 cm\" aria-hidden=\"true\" srcset=\"https:\/\/www.tendenzeshabbychic.it\/wp-content\/uploads\/2025\/06\/A38778-500x500.jpg 500w, https:\/\/www.tendenzeshabbychic.it\/wp-content\/uploads\/2025\/06\/A38778-400x400.jpg 400w, https:\/\/www.tendenzeshabbychic.it\/wp-content\/uploads\/2025\/06\/A38778-800x800.jpg 800w, https:\/\/www.tendenzeshabbychic.it\/wp-content\/uploads\/2025\/06\/A38778-280x280.jpg 280w, https:\/\/www.tendenzeshabbychic.it\/wp-content\/uploads\/2025\/06\/A38778-768x768.jpg 768w, https:\/\/www.tendenzeshabbychic.it\/wp-content\/uploads\/2025\/06\/A38778-100x100.jpg 100w, https:\/\/www.tendenzeshabbychic.it\/wp-content\/uploads\/2025\/06\/A38778-64x64.jpg 64w, https:\/\/www.tendenzeshabbychic.it\/wp-content\/uploads\/2025\/06\/A38778.jpg 1000w\" sizes=\"auto, (max-width: 500px) 100vw, 500px\" \/>\t\t\t\t<\/a>\n\t\t\t<\/div>\n\t\t\t<div class=\"image-tools is-small top right show-on-hover\">\n\t\t\t\t\t\t\t<\/div>\n\t\t\t<div class=\"image-tools is-small hide-for-small bottom left show-on-hover\">\n\t\t\t\t\t\t\t<\/div>\n\t\t\t<div class=\"image-tools grid-tools text-center hide-for-small bottom hover-slide-in show-on-hover\">\n\t\t\t\t\t\t\t<\/div>\n\t\t\t\t\t<\/div>\n\n\t\t<div class=\"box-text box-text-products\">\n\t\t\t<div class=\"title-wrapper\"><p class=\"name product-title woocommerce-loop-product__title\"><a href=\"https:\/\/www.tendenzeshabbychic.it\/es\/producto\/blanc-mariclo-mantel-geometrika-con-servilleta-33x48-cm\/\" class=\"woocommerce-LoopProduct-link woocommerce-loop-product__link\">Blanc MariCl\u00f2 Mantel Geometrika con Servilleta 33&#215;48 cm<\/a><\/p><\/div><div class=\"price-wrapper\">\n\t<span class=\"price\"><del aria-hidden=\"true\"><span class=\"woocommerce-Price-amount amount\"><bdi>22,90&nbsp;<span class=\"woocommerce-Price-currencySymbol\" translate=\"no\">&euro;<\/span><\/bdi><\/span><\/del> <span class=\"screen-reader-text\">El precio original era: 22,90&nbsp;&euro;.<\/span><ins aria-hidden=\"true\"><span class=\"woocommerce-Price-amount amount\"><bdi>16,00&nbsp;<span class=\"woocommerce-Price-currencySymbol\" translate=\"no\">&euro;<\/span><\/bdi><\/span><\/ins><span class=\"screen-reader-text\">El precio actual es: 16,00&nbsp;&euro;.<\/span><\/span>\n<\/div>\t\t<\/div>\n\t<\/div>\n\t\t\t\t<input type=\"hidden\" class=\"pmwProductId\" data-id=\"198667\">\n\t\t\t\t\t<script>\n\t\t\t(window.pmwDataLayer = window.pmwDataLayer || {}).products                = window.pmwDataLayer.products || {};\n\t\t\twindow.pmwDataLayer.products[198667] = {\"id\":\"198667\",\"sku\":\"A38778\",\"price\":16,\"brand\":\"\",\"quantity\":1,\"dyn_r_ids\":{\"post_id\":\"198667\",\"sku\":\"A38778\",\"gpf\":\"woocommerce_gpf_198667\",\"gla\":\"gla_198667\"},\"is_variable\":false,\"type\":\"simple\",\"name\":\"Blanc MariCl\u00f2 Mantel Geometrika con Servilleta 33x48 cm\",\"category\":[\"Manteles Individuales\",\"La mesa\"],\"is_variation\":false};\n\t\t\t\t\twindow.pmw_product_position = window.pmw_product_position || 1;\n\t\twindow.pmwDataLayer.products[198667]['position'] = window.pmw_product_position++;\n\t\t\t\t<\/script>\n\t\t\t<\/div>\n<\/div><div class=\"product-small col has-hover product type-product post-248524 status-publish instock product_cat-cortinas has-post-thumbnail sale taxable shipping-taxable purchasable product-type-simple\">\n\t<div class=\"col-inner\">\n\t\n<div class=\"badge-container absolute left top z-1\">\n<div class=\"callout badge badge-square\"><div class=\"badge-inner secondary on-sale\"><span class=\"onsale\">-6%<\/span><\/div><\/div>\n<\/div>\n\t<div class=\"product-small box \">\n\t\t<div class=\"box-image\">\n\t\t\t<div class=\"image-fade_in_back\">\n\t\t\t\t<a href=\"https:\/\/www.tendenzeshabbychic.it\/es\/producto\/clodette-cortina-de-encaje-giselle-150x290\/\">\n\t\t\t\t\t<img loading=\"lazy\" decoding=\"async\" width=\"500\" height=\"500\" src=\"https:\/\/www.tendenzeshabbychic.it\/wp-content\/uploads\/2026\/07\/Clodette-Tenda-in-pizzo-Giselle-150x290-1-500x500.webp\" class=\"attachment-woocommerce_thumbnail size-woocommerce_thumbnail\" alt=\"Clodette Cortina de encaje Giselle 150x290\" srcset=\"https:\/\/www.tendenzeshabbychic.it\/wp-content\/uploads\/2026\/07\/Clodette-Tenda-in-pizzo-Giselle-150x290-1-500x500.webp 500w, https:\/\/www.tendenzeshabbychic.it\/wp-content\/uploads\/2026\/07\/Clodette-Tenda-in-pizzo-Giselle-150x290-1-400x400.webp 400w, https:\/\/www.tendenzeshabbychic.it\/wp-content\/uploads\/2026\/07\/Clodette-Tenda-in-pizzo-Giselle-150x290-1-800x800.webp 800w, https:\/\/www.tendenzeshabbychic.it\/wp-content\/uploads\/2026\/07\/Clodette-Tenda-in-pizzo-Giselle-150x290-1-280x280.webp 280w, https:\/\/www.tendenzeshabbychic.it\/wp-content\/uploads\/2026\/07\/Clodette-Tenda-in-pizzo-Giselle-150x290-1-768x768.webp 768w, https:\/\/www.tendenzeshabbychic.it\/wp-content\/uploads\/2026\/07\/Clodette-Tenda-in-pizzo-Giselle-150x290-1-100x100.webp 100w, https:\/\/www.tendenzeshabbychic.it\/wp-content\/uploads\/2026\/07\/Clodette-Tenda-in-pizzo-Giselle-150x290-1-64x64.webp 64w, https:\/\/www.tendenzeshabbychic.it\/wp-content\/uploads\/2026\/07\/Clodette-Tenda-in-pizzo-Giselle-150x290-1.webp 1000w\" sizes=\"auto, (max-width: 500px) 100vw, 500px\" \/>\t\t\t\t<\/a>\n\t\t\t<\/div>\n\t\t\t<div class=\"image-tools is-small top right show-on-hover\">\n\t\t\t\t\t\t\t<\/div>\n\t\t\t<div class=\"image-tools is-small hide-for-small bottom left show-on-hover\">\n\t\t\t\t\t\t\t<\/div>\n\t\t\t<div class=\"image-tools grid-tools text-center hide-for-small bottom hover-slide-in show-on-hover\">\n\t\t\t\t\t\t\t<\/div>\n\t\t\t\t\t<\/div>\n\n\t\t<div class=\"box-text box-text-products\">\n\t\t\t<div class=\"title-wrapper\"><p class=\"name product-title woocommerce-loop-product__title\"><a href=\"https:\/\/www.tendenzeshabbychic.it\/es\/producto\/clodette-cortina-de-encaje-giselle-150x290\/\" class=\"woocommerce-LoopProduct-link woocommerce-loop-product__link\">Clodette Cortina de encaje Giselle 150&#215;290<\/a><\/p><\/div><div class=\"price-wrapper\">\n\t<span class=\"price\"><del aria-hidden=\"true\"><span class=\"woocommerce-Price-amount amount\"><bdi>169,00&nbsp;<span class=\"woocommerce-Price-currencySymbol\" translate=\"no\">&euro;<\/span><\/bdi><\/span><\/del> <span class=\"screen-reader-text\">El precio original era: 169,00&nbsp;&euro;.<\/span><ins aria-hidden=\"true\"><span class=\"woocommerce-Price-amount amount\"><bdi>159,00&nbsp;<span class=\"woocommerce-Price-currencySymbol\" translate=\"no\">&euro;<\/span><\/bdi><\/span><\/ins><span class=\"screen-reader-text\">El precio actual es: 159,00&nbsp;&euro;.<\/span><\/span>\n<\/div>\t\t<\/div>\n\t<\/div>\n\t\t\t\t<input type=\"hidden\" class=\"pmwProductId\" data-id=\"248524\">\n\t\t\t\t\t<script>\n\t\t\t(window.pmwDataLayer = window.pmwDataLayer || {}).products                = window.pmwDataLayer.products || {};\n\t\t\twindow.pmwDataLayer.products[248524] = {\"id\":\"248524\",\"sku\":\"TENDAGISELL\",\"price\":159,\"brand\":\"\",\"quantity\":1,\"dyn_r_ids\":{\"post_id\":\"248524\",\"sku\":\"TENDAGISELL\",\"gpf\":\"woocommerce_gpf_248524\",\"gla\":\"gla_248524\"},\"is_variable\":false,\"type\":\"simple\",\"name\":\"Clodette Cortina de encaje Giselle 150x290\",\"category\":[\"Cortinas\"],\"is_variation\":false};\n\t\t\t\t\twindow.pmw_product_position = window.pmw_product_position || 1;\n\t\twindow.pmwDataLayer.products[248524]['position'] = window.pmw_product_position++;\n\t\t\t\t<\/script>\n\t\t\t<\/div>\n<\/div><div class=\"product-small col has-hover product type-product post-198678 status-publish instock product_cat-objetos product_tag-citrouilles product_tag-automne has-post-thumbnail sale taxable shipping-taxable purchasable product-type-simple\">\n\t<div class=\"col-inner\">\n\t\n<div class=\"badge-container absolute left top z-1\">\n<div class=\"callout badge badge-square\"><div class=\"badge-inner secondary on-sale\"><span class=\"onsale\">-30%<\/span><\/div><\/div>\n<\/div>\n\t<div class=\"product-small box \">\n\t\t<div class=\"box-image\">\n\t\t\t<div class=\"image-fade_in_back\">\n\t\t\t\t<a href=\"https:\/\/www.tendenzeshabbychic.it\/es\/producto\/blanc-mariclo-calabaza-madera-mango-rojo-15x12-cm\/\">\n\t\t\t\t\t<img loading=\"lazy\" decoding=\"async\" width=\"500\" height=\"500\" src=\"https:\/\/www.tendenzeshabbychic.it\/wp-content\/uploads\/2025\/06\/A38831-1-500x500.jpg\" class=\"attachment-woocommerce_thumbnail size-woocommerce_thumbnail\" alt=\"Zucca decorativa piatta in legno con superficie laccata rosso scuro e bordo naturale a vista.\" srcset=\"https:\/\/www.tendenzeshabbychic.it\/wp-content\/uploads\/2025\/06\/A38831-1-500x500.jpg 500w, https:\/\/www.tendenzeshabbychic.it\/wp-content\/uploads\/2025\/06\/A38831-1-400x400.jpg 400w, https:\/\/www.tendenzeshabbychic.it\/wp-content\/uploads\/2025\/06\/A38831-1-800x800.jpg 800w, https:\/\/www.tendenzeshabbychic.it\/wp-content\/uploads\/2025\/06\/A38831-1-280x280.jpg 280w, https:\/\/www.tendenzeshabbychic.it\/wp-content\/uploads\/2025\/06\/A38831-1-768x768.jpg 768w, https:\/\/www.tendenzeshabbychic.it\/wp-content\/uploads\/2025\/06\/A38831-1-100x100.jpg 100w, https:\/\/www.tendenzeshabbychic.it\/wp-content\/uploads\/2025\/06\/A38831-1-64x64.jpg 64w, https:\/\/www.tendenzeshabbychic.it\/wp-content\/uploads\/2025\/06\/A38831-1.jpg 1000w\" sizes=\"auto, (max-width: 500px) 100vw, 500px\" \/><img loading=\"lazy\" decoding=\"async\" width=\"500\" height=\"500\" src=\"https:\/\/www.tendenzeshabbychic.it\/wp-content\/uploads\/2025\/06\/A38831-500x500.jpg\" class=\"show-on-hover absolute fill hide-for-small back-image\" alt=\"Alternative view of Blanc MariCl\u00f2 Calabaza Madera Mango Rojo 15x12 cm\" aria-hidden=\"true\" srcset=\"https:\/\/www.tendenzeshabbychic.it\/wp-content\/uploads\/2025\/06\/A38831-500x500.jpg 500w, https:\/\/www.tendenzeshabbychic.it\/wp-content\/uploads\/2025\/06\/A38831-400x400.jpg 400w, https:\/\/www.tendenzeshabbychic.it\/wp-content\/uploads\/2025\/06\/A38831-800x800.jpg 800w, https:\/\/www.tendenzeshabbychic.it\/wp-content\/uploads\/2025\/06\/A38831-280x280.jpg 280w, https:\/\/www.tendenzeshabbychic.it\/wp-content\/uploads\/2025\/06\/A38831-768x768.jpg 768w, https:\/\/www.tendenzeshabbychic.it\/wp-content\/uploads\/2025\/06\/A38831-100x100.jpg 100w, https:\/\/www.tendenzeshabbychic.it\/wp-content\/uploads\/2025\/06\/A38831-64x64.jpg 64w, https:\/\/www.tendenzeshabbychic.it\/wp-content\/uploads\/2025\/06\/A38831.jpg 1000w\" sizes=\"auto, (max-width: 500px) 100vw, 500px\" \/>\t\t\t\t<\/a>\n\t\t\t<\/div>\n\t\t\t<div class=\"image-tools is-small top right show-on-hover\">\n\t\t\t\t\t\t\t<\/div>\n\t\t\t<div class=\"image-tools is-small hide-for-small bottom left show-on-hover\">\n\t\t\t\t\t\t\t<\/div>\n\t\t\t<div class=\"image-tools grid-tools text-center hide-for-small bottom hover-slide-in show-on-hover\">\n\t\t\t\t\t\t\t<\/div>\n\t\t\t\t\t<\/div>\n\n\t\t<div class=\"box-text box-text-products\">\n\t\t\t<div class=\"title-wrapper\"><p class=\"name product-title woocommerce-loop-product__title\"><a href=\"https:\/\/www.tendenzeshabbychic.it\/es\/producto\/blanc-mariclo-calabaza-madera-mango-rojo-15x12-cm\/\" class=\"woocommerce-LoopProduct-link woocommerce-loop-product__link\">Blanc MariCl\u00f2 Calabaza Madera Mango Rojo 15&#215;12 cm<\/a><\/p><\/div><div class=\"price-wrapper\"><div class=\"star-rating star-rating--inline\" role=\"img\" aria-label=\"Valorado con 5 de 5\"><span style=\"width:100%\">Valorado con <strong class=\"rating\">5<\/strong> de 5<\/span><\/div>\n\t<span class=\"price\"><del aria-hidden=\"true\"><span class=\"woocommerce-Price-amount amount\"><bdi>7,50&nbsp;<span class=\"woocommerce-Price-currencySymbol\" translate=\"no\">&euro;<\/span><\/bdi><\/span><\/del> <span class=\"screen-reader-text\">El precio original era: 7,50&nbsp;&euro;.<\/span><ins aria-hidden=\"true\"><span class=\"woocommerce-Price-amount amount\"><bdi>5,25&nbsp;<span class=\"woocommerce-Price-currencySymbol\" translate=\"no\">&euro;<\/span><\/bdi><\/span><\/ins><span class=\"screen-reader-text\">El precio actual es: 5,25&nbsp;&euro;.<\/span><\/span>\n<\/div>\t\t<\/div>\n\t<\/div>\n\t\t\t\t<input type=\"hidden\" class=\"pmwProductId\" data-id=\"198678\">\n\t\t\t\t\t<script>\n\t\t\t(window.pmwDataLayer = window.pmwDataLayer || {}).products                = window.pmwDataLayer.products || {};\n\t\t\twindow.pmwDataLayer.products[198678] = {\"id\":\"198678\",\"sku\":\"A38831\",\"price\":5.25,\"brand\":\"\",\"quantity\":1,\"dyn_r_ids\":{\"post_id\":\"198678\",\"sku\":\"A38831\",\"gpf\":\"woocommerce_gpf_198678\",\"gla\":\"gla_198678\"},\"is_variable\":false,\"type\":\"simple\",\"name\":\"Blanc MariCl\u00f2 Calabaza Madera Mango Rojo 15x12 cm\",\"category\":[\"Objetos\"],\"is_variation\":false};\n\t\t\t\t\twindow.pmw_product_position = window.pmw_product_position || 1;\n\t\twindow.pmwDataLayer.products[198678]['position'] = window.pmw_product_position++;\n\t\t\t\t<\/script>\n\t\t\t<\/div>\n<\/div><div class=\"product-small col has-hover product type-product post-183786 status-publish last instock product_cat-manteles-individuales product_tag-collezione-persimmon-es product_tag-otono has-post-thumbnail sale taxable shipping-taxable purchasable product-type-simple\">\n\t<div class=\"col-inner\">\n\t\n<div class=\"badge-container absolute left top z-1\">\n<div class=\"callout badge badge-square\"><div class=\"badge-inner secondary on-sale\"><span class=\"onsale\">-20%<\/span><\/div><\/div>\n<\/div>\n\t<div class=\"product-small box \">\n\t\t<div class=\"box-image\">\n\t\t\t<div class=\"image-fade_in_back\">\n\t\t\t\t<a href=\"https:\/\/www.tendenzeshabbychic.it\/es\/producto\/blanc-mariclo-mantel-individual-boutis-35x50-cm-caqui\/\">\n\t\t\t\t\t<img loading=\"lazy\" decoding=\"async\" width=\"500\" height=\"500\" src=\"https:\/\/www.tendenzeshabbychic.it\/wp-content\/uploads\/2025\/05\/A38620-500x500.jpg\" class=\"attachment-woocommerce_thumbnail size-woocommerce_thumbnail\" alt=\"Tovaglietta Blanc Maricl\u00f2 in cotone boutis con stampa autunnale e bordi ondulati, collezione Persimmon.\" srcset=\"https:\/\/www.tendenzeshabbychic.it\/wp-content\/uploads\/2025\/05\/A38620-500x500.jpg 500w, https:\/\/www.tendenzeshabbychic.it\/wp-content\/uploads\/2025\/05\/A38620-400x400.jpg 400w, https:\/\/www.tendenzeshabbychic.it\/wp-content\/uploads\/2025\/05\/A38620-800x800.jpg 800w, https:\/\/www.tendenzeshabbychic.it\/wp-content\/uploads\/2025\/05\/A38620-280x280.jpg 280w, https:\/\/www.tendenzeshabbychic.it\/wp-content\/uploads\/2025\/05\/A38620-768x768.jpg 768w, https:\/\/www.tendenzeshabbychic.it\/wp-content\/uploads\/2025\/05\/A38620-100x100.jpg 100w, https:\/\/www.tendenzeshabbychic.it\/wp-content\/uploads\/2025\/05\/A38620-64x64.jpg 64w, https:\/\/www.tendenzeshabbychic.it\/wp-content\/uploads\/2025\/05\/A38620.jpg 1000w\" sizes=\"auto, (max-width: 500px) 100vw, 500px\" \/>\t\t\t\t<\/a>\n\t\t\t<\/div>\n\t\t\t<div class=\"image-tools is-small top right show-on-hover\">\n\t\t\t\t\t\t\t<\/div>\n\t\t\t<div class=\"image-tools is-small hide-for-small bottom left show-on-hover\">\n\t\t\t\t\t\t\t<\/div>\n\t\t\t<div class=\"image-tools grid-tools text-center hide-for-small bottom hover-slide-in show-on-hover\">\n\t\t\t\t\t\t\t<\/div>\n\t\t\t\t\t<\/div>\n\n\t\t<div class=\"box-text box-text-products\">\n\t\t\t<div class=\"title-wrapper\"><p class=\"name product-title woocommerce-loop-product__title\"><a href=\"https:\/\/www.tendenzeshabbychic.it\/es\/producto\/blanc-mariclo-mantel-individual-boutis-35x50-cm-caqui\/\" class=\"woocommerce-LoopProduct-link woocommerce-loop-product__link\">Blanc MariCl\u00f2 Mantel individual Boutis 35&#215;50 cm Caqui<\/a><\/p><\/div><div class=\"price-wrapper\"><div class=\"star-rating star-rating--inline\" role=\"img\" aria-label=\"Valorado con 5 de 5\"><span style=\"width:100%\">Valorado con <strong class=\"rating\">5<\/strong> de 5<\/span><\/div>\n\t<span class=\"price\"><del aria-hidden=\"true\"><span class=\"woocommerce-Price-amount amount\"><bdi>21,50&nbsp;<span class=\"woocommerce-Price-currencySymbol\" translate=\"no\">&euro;<\/span><\/bdi><\/span><\/del> <span class=\"screen-reader-text\">El precio original era: 21,50&nbsp;&euro;.<\/span><ins aria-hidden=\"true\"><span class=\"woocommerce-Price-amount amount\"><bdi>17,20&nbsp;<span class=\"woocommerce-Price-currencySymbol\" translate=\"no\">&euro;<\/span><\/bdi><\/span><\/ins><span class=\"screen-reader-text\">El precio actual es: 17,20&nbsp;&euro;.<\/span><\/span>\n<\/div>\t\t<\/div>\n\t<\/div>\n\t\t\t\t<input type=\"hidden\" class=\"pmwProductId\" data-id=\"183786\">\n\t\t\t\t\t<script>\n\t\t\t(window.pmwDataLayer = window.pmwDataLayer || {}).products                = window.pmwDataLayer.products || {};\n\t\t\twindow.pmwDataLayer.products[183786] = {\"id\":\"183786\",\"sku\":\"A38620\",\"price\":17.2,\"brand\":\"\",\"quantity\":1,\"dyn_r_ids\":{\"post_id\":\"183786\",\"sku\":\"A38620\",\"gpf\":\"woocommerce_gpf_183786\",\"gla\":\"gla_183786\"},\"is_variable\":false,\"type\":\"simple\",\"name\":\"Blanc MariCl\u00f2 Mantel individual Boutis 35x50 cm Caqui\",\"category\":[\"Manteles Individuales\"],\"is_variation\":false};\n\t\t\t\t\twindow.pmw_product_position = window.pmw_product_position || 1;\n\t\twindow.pmwDataLayer.products[183786]['position'] = window.pmw_product_position++;\n\t\t\t\t<\/script>\n\t\t\t<\/div>\n<\/div><div class=\"product-small col has-hover product type-product post-202852 status-publish first instock product_cat-plaid-es product_cat-la-cama product_tag-dormitorio has-post-thumbnail sale taxable shipping-taxable purchasable product-type-simple\">\n\t<div class=\"col-inner\">\n\t\n<div class=\"badge-container absolute left top z-1\">\n<div class=\"callout badge badge-square\"><div class=\"badge-inner secondary on-sale\"><span class=\"onsale\">-20%<\/span><\/div><\/div>\n<\/div>\n\t<div class=\"product-small box \">\n\t\t<div class=\"box-image\">\n\t\t\t<div class=\"image-fade_in_back\">\n\t\t\t\t<a href=\"https:\/\/www.tendenzeshabbychic.it\/es\/producto\/blanc-mariclo-piel-eco-plaid-marron-140x170\/\">\n\t\t\t\t\t<img loading=\"lazy\" decoding=\"async\" width=\"500\" height=\"500\" src=\"https:\/\/www.tendenzeshabbychic.it\/wp-content\/uploads\/2025\/06\/A38642-1-500x500.jpg\" class=\"attachment-woocommerce_thumbnail size-woocommerce_thumbnail\" alt=\"Plaid marrone in eco pelliccia effetto velluto, con retro satinato, posato su poltrona in ambientazione elegante da camera da letto.\" srcset=\"https:\/\/www.tendenzeshabbychic.it\/wp-content\/uploads\/2025\/06\/A38642-1-500x500.jpg 500w, https:\/\/www.tendenzeshabbychic.it\/wp-content\/uploads\/2025\/06\/A38642-1-400x400.jpg 400w, https:\/\/www.tendenzeshabbychic.it\/wp-content\/uploads\/2025\/06\/A38642-1-800x800.jpg 800w, https:\/\/www.tendenzeshabbychic.it\/wp-content\/uploads\/2025\/06\/A38642-1-280x280.jpg 280w, https:\/\/www.tendenzeshabbychic.it\/wp-content\/uploads\/2025\/06\/A38642-1-768x768.jpg 768w, https:\/\/www.tendenzeshabbychic.it\/wp-content\/uploads\/2025\/06\/A38642-1-100x100.jpg 100w, https:\/\/www.tendenzeshabbychic.it\/wp-content\/uploads\/2025\/06\/A38642-1-64x64.jpg 64w, https:\/\/www.tendenzeshabbychic.it\/wp-content\/uploads\/2025\/06\/A38642-1.jpg 1000w\" sizes=\"auto, (max-width: 500px) 100vw, 500px\" \/><img loading=\"lazy\" decoding=\"async\" width=\"500\" height=\"500\" src=\"https:\/\/www.tendenzeshabbychic.it\/wp-content\/uploads\/2025\/06\/A38642-500x500.jpg\" class=\"show-on-hover absolute fill hide-for-small back-image\" alt=\"Alternative view of Blanc MariCl\u00f2 Piel Eco Plaid Marr\u00f3n 140x170\" aria-hidden=\"true\" srcset=\"https:\/\/www.tendenzeshabbychic.it\/wp-content\/uploads\/2025\/06\/A38642-500x500.jpg 500w, https:\/\/www.tendenzeshabbychic.it\/wp-content\/uploads\/2025\/06\/A38642-400x400.jpg 400w, https:\/\/www.tendenzeshabbychic.it\/wp-content\/uploads\/2025\/06\/A38642-800x800.jpg 800w, https:\/\/www.tendenzeshabbychic.it\/wp-content\/uploads\/2025\/06\/A38642-280x280.jpg 280w, https:\/\/www.tendenzeshabbychic.it\/wp-content\/uploads\/2025\/06\/A38642-768x768.jpg 768w, https:\/\/www.tendenzeshabbychic.it\/wp-content\/uploads\/2025\/06\/A38642-100x100.jpg 100w, https:\/\/www.tendenzeshabbychic.it\/wp-content\/uploads\/2025\/06\/A38642-64x64.jpg 64w, https:\/\/www.tendenzeshabbychic.it\/wp-content\/uploads\/2025\/06\/A38642.jpg 1000w\" sizes=\"auto, (max-width: 500px) 100vw, 500px\" \/>\t\t\t\t<\/a>\n\t\t\t<\/div>\n\t\t\t<div class=\"image-tools is-small top right show-on-hover\">\n\t\t\t\t\t\t\t<\/div>\n\t\t\t<div class=\"image-tools is-small hide-for-small bottom left show-on-hover\">\n\t\t\t\t\t\t\t<\/div>\n\t\t\t<div class=\"image-tools grid-tools text-center hide-for-small bottom hover-slide-in show-on-hover\">\n\t\t\t\t\t\t\t<\/div>\n\t\t\t\t\t<\/div>\n\n\t\t<div class=\"box-text box-text-products\">\n\t\t\t<div class=\"title-wrapper\"><p class=\"name product-title woocommerce-loop-product__title\"><a href=\"https:\/\/www.tendenzeshabbychic.it\/es\/producto\/blanc-mariclo-piel-eco-plaid-marron-140x170\/\" class=\"woocommerce-LoopProduct-link woocommerce-loop-product__link\">Blanc MariCl\u00f2 Piel Eco Plaid Marr\u00f3n 140&#215;170<\/a><\/p><\/div><div class=\"price-wrapper\">\n\t<span class=\"price\"><del aria-hidden=\"true\"><span class=\"woocommerce-Price-amount amount\"><bdi>129,00&nbsp;<span class=\"woocommerce-Price-currencySymbol\" translate=\"no\">&euro;<\/span><\/bdi><\/span><\/del> <span class=\"screen-reader-text\">El precio original era: 129,00&nbsp;&euro;.<\/span><ins aria-hidden=\"true\"><span class=\"woocommerce-Price-amount amount\"><bdi>103,00&nbsp;<span class=\"woocommerce-Price-currencySymbol\" translate=\"no\">&euro;<\/span><\/bdi><\/span><\/ins><span class=\"screen-reader-text\">El precio actual es: 103,00&nbsp;&euro;.<\/span><\/span>\n<\/div>\t\t<\/div>\n\t<\/div>\n\t\t\t\t<input type=\"hidden\" class=\"pmwProductId\" data-id=\"202852\">\n\t\t\t\t\t<script>\n\t\t\t(window.pmwDataLayer = window.pmwDataLayer || {}).products                = window.pmwDataLayer.products || {};\n\t\t\twindow.pmwDataLayer.products[202852] = {\"id\":\"202852\",\"sku\":\"A38642\",\"price\":103,\"brand\":\"\",\"quantity\":1,\"dyn_r_ids\":{\"post_id\":\"202852\",\"sku\":\"A38642\",\"gpf\":\"woocommerce_gpf_202852\",\"gla\":\"gla_202852\"},\"is_variable\":false,\"type\":\"simple\",\"name\":\"Blanc MariCl\u00f2 Piel Eco Plaid Marr\u00f3n 140x170\",\"category\":[\"Mantas y plaids rom\u00e1nticos shabby chic | Tendenze Shabby Chic\",\"La Cama\"],\"is_variation\":false};\n\t\t\t\t\twindow.pmw_product_position = window.pmw_product_position || 1;\n\t\twindow.pmwDataLayer.products[202852]['position'] = window.pmw_product_position++;\n\t\t\t\t<\/script>\n\t\t\t<\/div>\n<\/div><div class=\"product-small col has-hover product type-product post-202848 status-publish instock product_cat-plaid-es product_cat-la-cama product_tag-dormitorio has-post-thumbnail sale taxable shipping-taxable purchasable product-type-simple\">\n\t<div class=\"col-inner\">\n\t\n<div class=\"badge-container absolute left top z-1\">\n<div class=\"callout badge badge-square\"><div class=\"badge-inner secondary on-sale\"><span class=\"onsale\">-20%<\/span><\/div><\/div>\n<\/div>\n\t<div class=\"product-small box \">\n\t\t<div class=\"box-image\">\n\t\t\t<div class=\"image-fade_in_back\">\n\t\t\t\t<a href=\"https:\/\/www.tendenzeshabbychic.it\/es\/producto\/blanc-mariclo-azul-plaid-flecos-140x170-cm\/\">\n\t\t\t\t\t<img loading=\"lazy\" decoding=\"async\" width=\"500\" height=\"500\" src=\"https:\/\/www.tendenzeshabbychic.it\/wp-content\/uploads\/2025\/06\/A38640-2-500x500.jpg\" class=\"attachment-woocommerce_thumbnail size-woocommerce_thumbnail\" alt=\"Plaid azzurro con motivo a spina di pesce e frange bianche, arrotolato e disposto elegantemente su una poltrona.\" srcset=\"https:\/\/www.tendenzeshabbychic.it\/wp-content\/uploads\/2025\/06\/A38640-2-500x500.jpg 500w, https:\/\/www.tendenzeshabbychic.it\/wp-content\/uploads\/2025\/06\/A38640-2-400x400.jpg 400w, https:\/\/www.tendenzeshabbychic.it\/wp-content\/uploads\/2025\/06\/A38640-2-800x800.jpg 800w, https:\/\/www.tendenzeshabbychic.it\/wp-content\/uploads\/2025\/06\/A38640-2-280x280.jpg 280w, https:\/\/www.tendenzeshabbychic.it\/wp-content\/uploads\/2025\/06\/A38640-2-768x768.jpg 768w, https:\/\/www.tendenzeshabbychic.it\/wp-content\/uploads\/2025\/06\/A38640-2-100x100.jpg 100w, https:\/\/www.tendenzeshabbychic.it\/wp-content\/uploads\/2025\/06\/A38640-2-64x64.jpg 64w, https:\/\/www.tendenzeshabbychic.it\/wp-content\/uploads\/2025\/06\/A38640-2.jpg 1000w\" sizes=\"auto, (max-width: 500px) 100vw, 500px\" \/><img loading=\"lazy\" decoding=\"async\" width=\"500\" height=\"500\" src=\"https:\/\/www.tendenzeshabbychic.it\/wp-content\/uploads\/2025\/06\/A38640-1-500x500.jpg\" class=\"show-on-hover absolute fill hide-for-small back-image\" alt=\"Alternative view of Blanc MariCl\u00f2 Azul Plaid Flecos 140x170 cm\" aria-hidden=\"true\" srcset=\"https:\/\/www.tendenzeshabbychic.it\/wp-content\/uploads\/2025\/06\/A38640-1-500x500.jpg 500w, https:\/\/www.tendenzeshabbychic.it\/wp-content\/uploads\/2025\/06\/A38640-1-400x400.jpg 400w, https:\/\/www.tendenzeshabbychic.it\/wp-content\/uploads\/2025\/06\/A38640-1-800x800.jpg 800w, https:\/\/www.tendenzeshabbychic.it\/wp-content\/uploads\/2025\/06\/A38640-1-280x280.jpg 280w, https:\/\/www.tendenzeshabbychic.it\/wp-content\/uploads\/2025\/06\/A38640-1-768x768.jpg 768w, https:\/\/www.tendenzeshabbychic.it\/wp-content\/uploads\/2025\/06\/A38640-1-100x100.jpg 100w, https:\/\/www.tendenzeshabbychic.it\/wp-content\/uploads\/2025\/06\/A38640-1-64x64.jpg 64w, https:\/\/www.tendenzeshabbychic.it\/wp-content\/uploads\/2025\/06\/A38640-1.jpg 1000w\" sizes=\"auto, (max-width: 500px) 100vw, 500px\" \/>\t\t\t\t<\/a>\n\t\t\t<\/div>\n\t\t\t<div class=\"image-tools is-small top right show-on-hover\">\n\t\t\t\t\t\t\t<\/div>\n\t\t\t<div class=\"image-tools is-small hide-for-small bottom left show-on-hover\">\n\t\t\t\t\t\t\t<\/div>\n\t\t\t<div class=\"image-tools grid-tools text-center hide-for-small bottom hover-slide-in show-on-hover\">\n\t\t\t\t\t\t\t<\/div>\n\t\t\t\t\t<\/div>\n\n\t\t<div class=\"box-text box-text-products\">\n\t\t\t<div class=\"title-wrapper\"><p class=\"name product-title woocommerce-loop-product__title\"><a href=\"https:\/\/www.tendenzeshabbychic.it\/es\/producto\/blanc-mariclo-azul-plaid-flecos-140x170-cm\/\" class=\"woocommerce-LoopProduct-link woocommerce-loop-product__link\">Blanc MariCl\u00f2 Azul Plaid Flecos 140&#215;170 cm<\/a><\/p><\/div><div class=\"price-wrapper\">\n\t<span class=\"price\"><del aria-hidden=\"true\"><span class=\"woocommerce-Price-amount amount\"><bdi>65,00&nbsp;<span class=\"woocommerce-Price-currencySymbol\" translate=\"no\">&euro;<\/span><\/bdi><\/span><\/del> <span class=\"screen-reader-text\">El precio original era: 65,00&nbsp;&euro;.<\/span><ins aria-hidden=\"true\"><span class=\"woocommerce-Price-amount amount\"><bdi>52,00&nbsp;<span class=\"woocommerce-Price-currencySymbol\" translate=\"no\">&euro;<\/span><\/bdi><\/span><\/ins><span class=\"screen-reader-text\">El precio actual es: 52,00&nbsp;&euro;.<\/span><\/span>\n<\/div>\t\t<\/div>\n\t<\/div>\n\t\t\t\t<input type=\"hidden\" class=\"pmwProductId\" data-id=\"202848\">\n\t\t\t\t\t<script>\n\t\t\t(window.pmwDataLayer = window.pmwDataLayer || {}).products                = window.pmwDataLayer.products || {};\n\t\t\twindow.pmwDataLayer.products[202848] = {\"id\":\"202848\",\"sku\":\"A38640\",\"price\":52,\"brand\":\"\",\"quantity\":1,\"dyn_r_ids\":{\"post_id\":\"202848\",\"sku\":\"A38640\",\"gpf\":\"woocommerce_gpf_202848\",\"gla\":\"gla_202848\"},\"is_variable\":false,\"type\":\"simple\",\"name\":\"Blanc MariCl\u00f2 Azul Plaid Flecos 140x170 cm\",\"category\":[\"Mantas y plaids rom\u00e1nticos shabby chic | Tendenze Shabby Chic\",\"La Cama\"],\"is_variation\":false};\n\t\t\t\t\twindow.pmw_product_position = window.pmw_product_position || 1;\n\t\twindow.pmwDataLayer.products[202848]['position'] = window.pmw_product_position++;\n\t\t\t\t<\/script>\n\t\t\t<\/div>\n<\/div><div class=\"product-small col has-hover product type-product post-202313 status-publish instock product_cat-cojines product_cat-la-cama has-post-thumbnail sale taxable shipping-taxable purchasable product-type-simple\">\n\t<div class=\"col-inner\">\n\t\n<div class=\"badge-container absolute left top z-1\">\n<div class=\"callout badge badge-square\"><div class=\"badge-inner secondary on-sale\"><span class=\"onsale\">-20%<\/span><\/div><\/div>\n<\/div>\n\t<div class=\"product-small box \">\n\t\t<div class=\"box-image\">\n\t\t\t<div class=\"image-fade_in_back\">\n\t\t\t\t<a href=\"https:\/\/www.tendenzeshabbychic.it\/es\/producto\/blanc-mariclo-cojin-ecopiel-verde-45x45-cm\/\">\n\t\t\t\t\t<img loading=\"lazy\" decoding=\"async\" width=\"500\" height=\"500\" src=\"https:\/\/www.tendenzeshabbychic.it\/wp-content\/uploads\/2025\/06\/A38799-500x500.jpg\" class=\"attachment-woocommerce_thumbnail size-woocommerce_thumbnail\" alt=\"Cuscino quadrato in ecopelliccia verde con texture a righe in rilievo, effetto peluche.\" srcset=\"https:\/\/www.tendenzeshabbychic.it\/wp-content\/uploads\/2025\/06\/A38799-500x500.jpg 500w, https:\/\/www.tendenzeshabbychic.it\/wp-content\/uploads\/2025\/06\/A38799-400x400.jpg 400w, https:\/\/www.tendenzeshabbychic.it\/wp-content\/uploads\/2025\/06\/A38799-800x800.jpg 800w, https:\/\/www.tendenzeshabbychic.it\/wp-content\/uploads\/2025\/06\/A38799-280x280.jpg 280w, https:\/\/www.tendenzeshabbychic.it\/wp-content\/uploads\/2025\/06\/A38799-768x768.jpg 768w, https:\/\/www.tendenzeshabbychic.it\/wp-content\/uploads\/2025\/06\/A38799-100x100.jpg 100w, https:\/\/www.tendenzeshabbychic.it\/wp-content\/uploads\/2025\/06\/A38799-64x64.jpg 64w, https:\/\/www.tendenzeshabbychic.it\/wp-content\/uploads\/2025\/06\/A38799.jpg 1000w\" sizes=\"auto, (max-width: 500px) 100vw, 500px\" \/>\t\t\t\t<\/a>\n\t\t\t<\/div>\n\t\t\t<div class=\"image-tools is-small top right show-on-hover\">\n\t\t\t\t\t\t\t<\/div>\n\t\t\t<div class=\"image-tools is-small hide-for-small bottom left show-on-hover\">\n\t\t\t\t\t\t\t<\/div>\n\t\t\t<div class=\"image-tools grid-tools text-center hide-for-small bottom hover-slide-in show-on-hover\">\n\t\t\t\t\t\t\t<\/div>\n\t\t\t\t\t<\/div>\n\n\t\t<div class=\"box-text box-text-products\">\n\t\t\t<div class=\"title-wrapper\"><p class=\"name product-title woocommerce-loop-product__title\"><a href=\"https:\/\/www.tendenzeshabbychic.it\/es\/producto\/blanc-mariclo-cojin-ecopiel-verde-45x45-cm\/\" class=\"woocommerce-LoopProduct-link woocommerce-loop-product__link\">Blanc MariCl\u00f2 Coj\u00edn Ecopiel Verde 45&#215;45 cm<\/a><\/p><\/div><div class=\"price-wrapper\">\n\t<span class=\"price\"><del aria-hidden=\"true\"><span class=\"woocommerce-Price-amount amount\"><bdi>29,00&nbsp;<span class=\"woocommerce-Price-currencySymbol\" translate=\"no\">&euro;<\/span><\/bdi><\/span><\/del> <span class=\"screen-reader-text\">El precio original era: 29,00&nbsp;&euro;.<\/span><ins aria-hidden=\"true\"><span class=\"woocommerce-Price-amount amount\"><bdi>23,20&nbsp;<span class=\"woocommerce-Price-currencySymbol\" translate=\"no\">&euro;<\/span><\/bdi><\/span><\/ins><span class=\"screen-reader-text\">El precio actual es: 23,20&nbsp;&euro;.<\/span><\/span>\n<\/div>\t\t<\/div>\n\t<\/div>\n\t\t\t\t<input type=\"hidden\" class=\"pmwProductId\" data-id=\"202313\">\n\t\t\t\t\t<script>\n\t\t\t(window.pmwDataLayer = window.pmwDataLayer || {}).products                = window.pmwDataLayer.products || {};\n\t\t\twindow.pmwDataLayer.products[202313] = {\"id\":\"202313\",\"sku\":\"A38799\",\"price\":23.2,\"brand\":\"\",\"quantity\":1,\"dyn_r_ids\":{\"post_id\":\"202313\",\"sku\":\"A38799\",\"gpf\":\"woocommerce_gpf_202313\",\"gla\":\"gla_202313\"},\"is_variable\":false,\"type\":\"simple\",\"name\":\"Blanc MariCl\u00f2 Coj\u00edn Ecopiel Verde 45x45 cm\",\"category\":[\"Cojines\",\"La Cama\"],\"is_variation\":false};\n\t\t\t\t\twindow.pmw_product_position = window.pmw_product_position || 1;\n\t\twindow.pmwDataLayer.products[202313]['position'] = window.pmw_product_position++;\n\t\t\t\t<\/script>\n\t\t\t<\/div>\n<\/div><div class=\"product-small col has-hover product type-product post-101034 status-publish last instock product_cat-alfombras product_tag-85x150-es product_tag-comedor product_tag-doria-es product_tag-doria-rosa-es product_tag-dormitorio product_tag-made-in-italy-es has-post-thumbnail sale taxable shipping-taxable purchasable product-type-simple\">\n\t<div class=\"col-inner\">\n\t\n<div class=\"badge-container absolute left top z-1\">\n<div class=\"callout badge badge-square\"><div class=\"badge-inner secondary on-sale\"><span class=\"onsale\">-9%<\/span><\/div><\/div>\n<\/div>\n\t<div class=\"product-small box \">\n\t\t<div class=\"box-image\">\n\t\t\t<div class=\"image-fade_in_back\">\n\t\t\t\t<a href=\"https:\/\/www.tendenzeshabbychic.it\/es\/producto\/alfombra-blanc-mariclo-doria-rosa-85x150\/\">\n\t\t\t\t\t<img loading=\"lazy\" decoding=\"async\" width=\"500\" height=\"500\" src=\"https:\/\/www.tendenzeshabbychic.it\/wp-content\/uploads\/2021\/01\/A2366199CI-500x500.jpg\" class=\"attachment-woocommerce_thumbnail size-woocommerce_thumbnail\" alt=\"alfombra rosa empolvado\" srcset=\"https:\/\/www.tendenzeshabbychic.it\/wp-content\/uploads\/2021\/01\/A2366199CI-500x500.jpg 500w, https:\/\/www.tendenzeshabbychic.it\/wp-content\/uploads\/2021\/01\/A2366199CI-100x100.jpg 100w, https:\/\/www.tendenzeshabbychic.it\/wp-content\/uploads\/2021\/01\/A2366199CI-280x280.jpg 280w, https:\/\/www.tendenzeshabbychic.it\/wp-content\/uploads\/2021\/01\/A2366199CI-247x247.jpg 247w\" sizes=\"auto, (max-width: 500px) 100vw, 500px\" \/><img loading=\"lazy\" decoding=\"async\" width=\"500\" height=\"500\" src=\"https:\/\/www.tendenzeshabbychic.it\/wp-content\/uploads\/2021\/02\/tappeto-doria-rosa-500x500.jpg\" class=\"show-on-hover absolute fill hide-for-small back-image\" alt=\"Alternative view of Alfombra Blanc Maricl\u00f2 Doria Rosa Polvo 85x150\" aria-hidden=\"true\" srcset=\"https:\/\/www.tendenzeshabbychic.it\/wp-content\/uploads\/2021\/02\/tappeto-doria-rosa-500x500.jpg 500w, https:\/\/www.tendenzeshabbychic.it\/wp-content\/uploads\/2021\/02\/tappeto-doria-rosa-100x100.jpg 100w, https:\/\/www.tendenzeshabbychic.it\/wp-content\/uploads\/2021\/02\/tappeto-doria-rosa-280x280.jpg 280w, https:\/\/www.tendenzeshabbychic.it\/wp-content\/uploads\/2021\/02\/tappeto-doria-rosa-247x247.jpg 247w\" sizes=\"auto, (max-width: 500px) 100vw, 500px\" \/>\t\t\t\t<\/a>\n\t\t\t<\/div>\n\t\t\t<div class=\"image-tools is-small top right show-on-hover\">\n\t\t\t\t\t\t\t<\/div>\n\t\t\t<div class=\"image-tools is-small hide-for-small bottom left show-on-hover\">\n\t\t\t\t\t\t\t<\/div>\n\t\t\t<div class=\"image-tools grid-tools text-center hide-for-small bottom hover-slide-in show-on-hover\">\n\t\t\t\t\t\t\t<\/div>\n\t\t\t\t\t<\/div>\n\n\t\t<div class=\"box-text box-text-products\">\n\t\t\t<div class=\"title-wrapper\"><p class=\"name product-title woocommerce-loop-product__title\"><a href=\"https:\/\/www.tendenzeshabbychic.it\/es\/producto\/alfombra-blanc-mariclo-doria-rosa-85x150\/\" class=\"woocommerce-LoopProduct-link woocommerce-loop-product__link\">Alfombra Blanc Maricl\u00f2 Doria Rosa Polvo 85&#215;150<\/a><\/p><\/div><div class=\"price-wrapper\"><div class=\"star-rating star-rating--inline\" role=\"img\" aria-label=\"Valorado con 5 de 5\"><span style=\"width:100%\">Valorado con <strong class=\"rating\">5<\/strong> de 5<\/span><\/div>\n\t<span class=\"price\"><del aria-hidden=\"true\"><span class=\"woocommerce-Price-amount amount\"><bdi>95,00&nbsp;<span class=\"woocommerce-Price-currencySymbol\" translate=\"no\">&euro;<\/span><\/bdi><\/span><\/del> <span class=\"screen-reader-text\">El precio original era: 95,00&nbsp;&euro;.<\/span><ins aria-hidden=\"true\"><span class=\"woocommerce-Price-amount amount\"><bdi>86,00&nbsp;<span class=\"woocommerce-Price-currencySymbol\" translate=\"no\">&euro;<\/span><\/bdi><\/span><\/ins><span class=\"screen-reader-text\">El precio actual es: 86,00&nbsp;&euro;.<\/span><\/span>\n<\/div>\t\t<\/div>\n\t<\/div>\n\t\t\t\t<input type=\"hidden\" class=\"pmwProductId\" data-id=\"101034\">\n\t\t\t\t\t<script>\n\t\t\t(window.pmwDataLayer = window.pmwDataLayer || {}).products                = window.pmwDataLayer.products || {};\n\t\t\twindow.pmwDataLayer.products[101034] = {\"id\":\"101034\",\"sku\":\"A2365899CI\",\"price\":86,\"brand\":\"\",\"quantity\":1,\"dyn_r_ids\":{\"post_id\":\"101034\",\"sku\":\"A2365899CI\",\"gpf\":\"woocommerce_gpf_101034\",\"gla\":\"gla_101034\"},\"is_variable\":false,\"type\":\"simple\",\"name\":\"Alfombra Blanc Maricl\u00f2 Doria Rosa Polvo 85x150\",\"category\":[\"Alfombras\"],\"is_variation\":false};\n\t\t\t\t\twindow.pmw_product_position = window.pmw_product_position || 1;\n\t\twindow.pmwDataLayer.products[101034]['position'] = window.pmw_product_position++;\n\t\t\t\t<\/script>\n\t\t\t<\/div>\n<\/div><div class=\"product-small col has-hover product type-product post-202068 status-publish first instock product_cat-objetos product_tag-coleccion-bosque-encantado product_tag-idea-de-regalo has-post-thumbnail sale taxable shipping-taxable purchasable product-type-simple\">\n\t<div class=\"col-inner\">\n\t\n<div class=\"badge-container absolute left top z-1\">\n<div class=\"callout badge badge-square\"><div class=\"badge-inner secondary on-sale\"><span class=\"onsale\">-30%<\/span><\/div><\/div>\n<\/div>\n\t<div class=\"product-small box \">\n\t\t<div class=\"box-image\">\n\t\t\t<div class=\"image-fade_in_back\">\n\t\t\t\t<a href=\"https:\/\/www.tendenzeshabbychic.it\/es\/producto\/lazos-de-fieltro-con-pinza-2-piezas-15x16-cm-bosco-incantato\/\">\n\t\t\t\t\t<img loading=\"lazy\" decoding=\"async\" width=\"500\" height=\"500\" src=\"https:\/\/www.tendenzeshabbychic.it\/wp-content\/uploads\/2025\/08\/TKH252009-500x500.jpg\" class=\"attachment-woocommerce_thumbnail size-woocommerce_thumbnail\" alt=\"Fiocchi in feltro con molletta in legno, 15x16 cm, confezione da 2 pezzi.\" srcset=\"https:\/\/www.tendenzeshabbychic.it\/wp-content\/uploads\/2025\/08\/TKH252009-500x500.jpg 500w, https:\/\/www.tendenzeshabbychic.it\/wp-content\/uploads\/2025\/08\/TKH252009-400x400.jpg 400w, https:\/\/www.tendenzeshabbychic.it\/wp-content\/uploads\/2025\/08\/TKH252009-800x800.jpg 800w, https:\/\/www.tendenzeshabbychic.it\/wp-content\/uploads\/2025\/08\/TKH252009-280x280.jpg 280w, https:\/\/www.tendenzeshabbychic.it\/wp-content\/uploads\/2025\/08\/TKH252009-768x768.jpg 768w, https:\/\/www.tendenzeshabbychic.it\/wp-content\/uploads\/2025\/08\/TKH252009-100x100.jpg 100w, https:\/\/www.tendenzeshabbychic.it\/wp-content\/uploads\/2025\/08\/TKH252009-64x64.jpg 64w, https:\/\/www.tendenzeshabbychic.it\/wp-content\/uploads\/2025\/08\/TKH252009.jpg 1000w\" sizes=\"auto, (max-width: 500px) 100vw, 500px\" \/>\t\t\t\t<\/a>\n\t\t\t<\/div>\n\t\t\t<div class=\"image-tools is-small top right show-on-hover\">\n\t\t\t\t\t\t\t<\/div>\n\t\t\t<div class=\"image-tools is-small hide-for-small bottom left show-on-hover\">\n\t\t\t\t\t\t\t<\/div>\n\t\t\t<div class=\"image-tools grid-tools text-center hide-for-small bottom hover-slide-in show-on-hover\">\n\t\t\t\t\t\t\t<\/div>\n\t\t\t\t\t<\/div>\n\n\t\t<div class=\"box-text box-text-products\">\n\t\t\t<div class=\"title-wrapper\"><p class=\"name product-title woocommerce-loop-product__title\"><a href=\"https:\/\/www.tendenzeshabbychic.it\/es\/producto\/lazos-de-fieltro-con-pinza-2-piezas-15x16-cm-bosco-incantato\/\" class=\"woocommerce-LoopProduct-link woocommerce-loop-product__link\">Lazos de fieltro con pinza &#8211; 2 piezas &#8211; 15&#215;16 cm &#8211; Bosco Incantato<\/a><\/p><\/div><div class=\"price-wrapper\">\n\t<span class=\"price\"><del aria-hidden=\"true\"><span class=\"woocommerce-Price-amount amount\"><bdi>2,50&nbsp;<span class=\"woocommerce-Price-currencySymbol\" translate=\"no\">&euro;<\/span><\/bdi><\/span><\/del> <span class=\"screen-reader-text\">El precio original era: 2,50&nbsp;&euro;.<\/span><ins aria-hidden=\"true\"><span class=\"woocommerce-Price-amount amount\"><bdi>1,75&nbsp;<span class=\"woocommerce-Price-currencySymbol\" translate=\"no\">&euro;<\/span><\/bdi><\/span><\/ins><span class=\"screen-reader-text\">El precio actual es: 1,75&nbsp;&euro;.<\/span><\/span>\n<\/div>\t\t<\/div>\n\t<\/div>\n\t\t\t\t<input type=\"hidden\" class=\"pmwProductId\" data-id=\"202068\">\n\t\t\t\t\t<script>\n\t\t\t(window.pmwDataLayer = window.pmwDataLayer || {}).products                = window.pmwDataLayer.products || {};\n\t\t\twindow.pmwDataLayer.products[202068] = {\"id\":\"202068\",\"sku\":\"TKH252009\",\"price\":1.75,\"brand\":\"\",\"quantity\":1,\"dyn_r_ids\":{\"post_id\":\"202068\",\"sku\":\"TKH252009\",\"gpf\":\"woocommerce_gpf_202068\",\"gla\":\"gla_202068\"},\"is_variable\":false,\"type\":\"simple\",\"name\":\"Lazos de fieltro con pinza - 2 piezas - 15x16 cm - Bosco Incantato\",\"category\":[\"Objetos\"],\"is_variation\":false};\n\t\t\t\t\twindow.pmw_product_position = window.pmw_product_position || 1;\n\t\twindow.pmwDataLayer.products[202068]['position'] = window.pmw_product_position++;\n\t\t\t\t<\/script>\n\t\t\t<\/div>\n<\/div><div class=\"product-small col has-hover product type-product post-149464 status-publish instock product_cat-objetos product_tag-ventas has-post-thumbnail sale taxable shipping-taxable purchasable product-type-simple\">\n\t<div class=\"col-inner\">\n\t\n<div class=\"badge-container absolute left top z-1\">\n<div class=\"callout badge badge-square\"><div class=\"badge-inner secondary on-sale\"><span class=\"onsale\">-20%<\/span><\/div><\/div>\n<\/div>\n\t<div class=\"product-small box \">\n\t\t<div class=\"box-image\">\n\t\t\t<div class=\"image-fade_in_back\">\n\t\t\t\t<a href=\"https:\/\/www.tendenzeshabbychic.it\/es\/producto\/blanc-mariclo-botella-decorativa-de-vidrio-y-parrilla-de-cuero-h-38-cm\/\">\n\t\t\t\t\t<img loading=\"lazy\" decoding=\"async\" width=\"500\" height=\"500\" src=\"https:\/\/www.tendenzeshabbychic.it\/wp-content\/uploads\/2026\/02\/Blanc-Mariclo-Bottiglia-decorativa-in-vetro-e-griglia-in-cuoio-h-38-cm-500x500.webp\" class=\"attachment-woocommerce_thumbnail size-woocommerce_thumbnail\" alt=\"Blanc Mariclo Botella decorativa de vidrio y parrilla de cuero h 38 cm\" srcset=\"https:\/\/www.tendenzeshabbychic.it\/wp-content\/uploads\/2026\/02\/Blanc-Mariclo-Bottiglia-decorativa-in-vetro-e-griglia-in-cuoio-h-38-cm-500x500.webp 500w, https:\/\/www.tendenzeshabbychic.it\/wp-content\/uploads\/2026\/02\/Blanc-Mariclo-Bottiglia-decorativa-in-vetro-e-griglia-in-cuoio-h-38-cm-400x400.webp 400w, https:\/\/www.tendenzeshabbychic.it\/wp-content\/uploads\/2026\/02\/Blanc-Mariclo-Bottiglia-decorativa-in-vetro-e-griglia-in-cuoio-h-38-cm-800x800.webp 800w, https:\/\/www.tendenzeshabbychic.it\/wp-content\/uploads\/2026\/02\/Blanc-Mariclo-Bottiglia-decorativa-in-vetro-e-griglia-in-cuoio-h-38-cm-280x280.webp 280w, https:\/\/www.tendenzeshabbychic.it\/wp-content\/uploads\/2026\/02\/Blanc-Mariclo-Bottiglia-decorativa-in-vetro-e-griglia-in-cuoio-h-38-cm-768x768.webp 768w, https:\/\/www.tendenzeshabbychic.it\/wp-content\/uploads\/2026\/02\/Blanc-Mariclo-Bottiglia-decorativa-in-vetro-e-griglia-in-cuoio-h-38-cm-100x100.webp 100w, https:\/\/www.tendenzeshabbychic.it\/wp-content\/uploads\/2026\/02\/Blanc-Mariclo-Bottiglia-decorativa-in-vetro-e-griglia-in-cuoio-h-38-cm-64x64.webp 64w, https:\/\/www.tendenzeshabbychic.it\/wp-content\/uploads\/2026\/02\/Blanc-Mariclo-Bottiglia-decorativa-in-vetro-e-griglia-in-cuoio-h-38-cm.webp 1000w\" sizes=\"auto, (max-width: 500px) 100vw, 500px\" \/><img loading=\"lazy\" decoding=\"async\" width=\"500\" height=\"500\" src=\"https:\/\/www.tendenzeshabbychic.it\/wp-content\/uploads\/2024\/05\/bottiglia-in-vetro-decorato-500x500.jpg\" class=\"show-on-hover absolute fill hide-for-small back-image\" alt=\"Botella de cristal decorativa y parrilla de cuero.\" aria-hidden=\"true\" srcset=\"https:\/\/www.tendenzeshabbychic.it\/wp-content\/uploads\/2024\/05\/bottiglia-in-vetro-decorato-500x500.jpg 500w, https:\/\/www.tendenzeshabbychic.it\/wp-content\/uploads\/2024\/05\/bottiglia-in-vetro-decorato-100x100.jpg 100w, https:\/\/www.tendenzeshabbychic.it\/wp-content\/uploads\/2024\/05\/bottiglia-in-vetro-decorato-64x64.jpg 64w, https:\/\/www.tendenzeshabbychic.it\/wp-content\/uploads\/2024\/05\/bottiglia-in-vetro-decorato-400x400.jpg 400w, https:\/\/www.tendenzeshabbychic.it\/wp-content\/uploads\/2024\/05\/bottiglia-in-vetro-decorato-800x800.jpg 800w, https:\/\/www.tendenzeshabbychic.it\/wp-content\/uploads\/2024\/05\/bottiglia-in-vetro-decorato-280x280.jpg 280w, https:\/\/www.tendenzeshabbychic.it\/wp-content\/uploads\/2024\/05\/bottiglia-in-vetro-decorato-768x768.jpg 768w, https:\/\/www.tendenzeshabbychic.it\/wp-content\/uploads\/2024\/05\/bottiglia-in-vetro-decorato.jpg 1000w\" sizes=\"auto, (max-width: 500px) 100vw, 500px\" \/>\t\t\t\t<\/a>\n\t\t\t<\/div>\n\t\t\t<div class=\"image-tools is-small top right show-on-hover\">\n\t\t\t\t\t\t\t<\/div>\n\t\t\t<div class=\"image-tools is-small hide-for-small bottom left show-on-hover\">\n\t\t\t\t\t\t\t<\/div>\n\t\t\t<div class=\"image-tools grid-tools text-center hide-for-small bottom hover-slide-in show-on-hover\">\n\t\t\t\t\t\t\t<\/div>\n\t\t\t\t\t<\/div>\n\n\t\t<div class=\"box-text box-text-products\">\n\t\t\t<div class=\"title-wrapper\"><p class=\"name product-title woocommerce-loop-product__title\"><a href=\"https:\/\/www.tendenzeshabbychic.it\/es\/producto\/blanc-mariclo-botella-decorativa-de-vidrio-y-parrilla-de-cuero-h-38-cm\/\" class=\"woocommerce-LoopProduct-link woocommerce-loop-product__link\">Blanc Mariclo Botella decorativa de vidrio y parrilla de cuero h 38 cm<\/a><\/p><\/div><div class=\"price-wrapper\">\n\t<span class=\"price\"><del aria-hidden=\"true\"><span class=\"woocommerce-Price-amount amount\"><bdi>93,00&nbsp;<span class=\"woocommerce-Price-currencySymbol\" translate=\"no\">&euro;<\/span><\/bdi><\/span><\/del> <span class=\"screen-reader-text\">El precio original era: 93,00&nbsp;&euro;.<\/span><ins aria-hidden=\"true\"><span class=\"woocommerce-Price-amount amount\"><bdi>74,40&nbsp;<span class=\"woocommerce-Price-currencySymbol\" translate=\"no\">&euro;<\/span><\/bdi><\/span><\/ins><span class=\"screen-reader-text\">El precio actual es: 74,40&nbsp;&euro;.<\/span><\/span>\n<\/div>\t\t<\/div>\n\t<\/div>\n\t\t\t\t<input type=\"hidden\" class=\"pmwProductId\" data-id=\"149464\">\n\t\t\t\t\t<script>\n\t\t\t(window.pmwDataLayer = window.pmwDataLayer || {}).products                = window.pmwDataLayer.products || {};\n\t\t\twindow.pmwDataLayer.products[149464] = {\"id\":\"149464\",\"sku\":\"A37015\",\"price\":74.4,\"brand\":\"\",\"quantity\":1,\"dyn_r_ids\":{\"post_id\":\"149464\",\"sku\":\"A37015\",\"gpf\":\"woocommerce_gpf_149464\",\"gla\":\"gla_149464\"},\"is_variable\":false,\"type\":\"simple\",\"name\":\"Blanc Mariclo Botella decorativa de vidrio y parrilla de cuero h 38 cm\",\"category\":[\"Objetos\"],\"is_variation\":false};\n\t\t\t\t\twindow.pmw_product_position = window.pmw_product_position || 1;\n\t\twindow.pmwDataLayer.products[149464]['position'] = window.pmw_product_position++;\n\t\t\t\t<\/script>\n\t\t\t<\/div>\n<\/div><div class=\"product-small col has-hover product type-product post-101605 status-publish instock product_cat-camino-de-mesa product_tag-comedor product_tag-infinity-es product_tag-otono product_tag-ventas has-post-thumbnail sale taxable shipping-taxable purchasable product-type-simple\">\n\t<div class=\"col-inner\">\n\t\n<div class=\"badge-container absolute left top z-1\">\n<div class=\"callout badge badge-square\"><div class=\"badge-inner secondary on-sale\"><span class=\"onsale\">-20%<\/span><\/div><\/div>\n<\/div>\n\t<div class=\"product-small box \">\n\t\t<div class=\"box-image\">\n\t\t\t<div class=\"image-fade_in_back\">\n\t\t\t\t<a href=\"https:\/\/www.tendenzeshabbychic.it\/es\/producto\/runner-mostaza-shabby-chic-con-volante-infinity-blanc-mariclo-140x4010-cm\/\">\n\t\t\t\t\t<img loading=\"lazy\" decoding=\"async\" width=\"500\" height=\"500\" src=\"https:\/\/www.tendenzeshabbychic.it\/wp-content\/uploads\/2025\/01\/Runner-senape-shabby-chic-con-frill-Infinity-Blanc-Mariclo-140x4010-cm-500x500.webp\" class=\"attachment-woocommerce_thumbnail size-woocommerce_thumbnail\" alt=\"Camino de mesa Shabby Chic mostaza con volante Infinity Blanc MariClo 140x40+10 cm\" srcset=\"https:\/\/www.tendenzeshabbychic.it\/wp-content\/uploads\/2025\/01\/Runner-senape-shabby-chic-con-frill-Infinity-Blanc-Mariclo-140x4010-cm-500x500.webp 500w, https:\/\/www.tendenzeshabbychic.it\/wp-content\/uploads\/2025\/01\/Runner-senape-shabby-chic-con-frill-Infinity-Blanc-Mariclo-140x4010-cm-400x400.webp 400w, https:\/\/www.tendenzeshabbychic.it\/wp-content\/uploads\/2025\/01\/Runner-senape-shabby-chic-con-frill-Infinity-Blanc-Mariclo-140x4010-cm-800x800.webp 800w, https:\/\/www.tendenzeshabbychic.it\/wp-content\/uploads\/2025\/01\/Runner-senape-shabby-chic-con-frill-Infinity-Blanc-Mariclo-140x4010-cm-280x280.webp 280w, https:\/\/www.tendenzeshabbychic.it\/wp-content\/uploads\/2025\/01\/Runner-senape-shabby-chic-con-frill-Infinity-Blanc-Mariclo-140x4010-cm-768x768.webp 768w, https:\/\/www.tendenzeshabbychic.it\/wp-content\/uploads\/2025\/01\/Runner-senape-shabby-chic-con-frill-Infinity-Blanc-Mariclo-140x4010-cm-100x100.webp 100w, https:\/\/www.tendenzeshabbychic.it\/wp-content\/uploads\/2025\/01\/Runner-senape-shabby-chic-con-frill-Infinity-Blanc-Mariclo-140x4010-cm-64x64.webp 64w, https:\/\/www.tendenzeshabbychic.it\/wp-content\/uploads\/2025\/01\/Runner-senape-shabby-chic-con-frill-Infinity-Blanc-Mariclo-140x4010-cm.webp 1000w\" sizes=\"auto, (max-width: 500px) 100vw, 500px\" \/><img loading=\"lazy\" decoding=\"async\" width=\"500\" height=\"500\" src=\"https:\/\/www.tendenzeshabbychic.it\/wp-content\/uploads\/2025\/01\/A3407599SE-500x500.jpg\" class=\"show-on-hover absolute fill hide-for-small back-image\" alt=\"Alternative view of Camino de mesa Shabby Chic mostaza con volante Infinity Blanc MariClo 140x40+10 cm\" aria-hidden=\"true\" srcset=\"https:\/\/www.tendenzeshabbychic.it\/wp-content\/uploads\/2025\/01\/A3407599SE-500x500.jpg 500w, https:\/\/www.tendenzeshabbychic.it\/wp-content\/uploads\/2025\/01\/A3407599SE-400x400.jpg 400w, https:\/\/www.tendenzeshabbychic.it\/wp-content\/uploads\/2025\/01\/A3407599SE-800x800.jpg 800w, https:\/\/www.tendenzeshabbychic.it\/wp-content\/uploads\/2025\/01\/A3407599SE-280x280.jpg 280w, https:\/\/www.tendenzeshabbychic.it\/wp-content\/uploads\/2025\/01\/A3407599SE-768x768.jpg 768w, https:\/\/www.tendenzeshabbychic.it\/wp-content\/uploads\/2025\/01\/A3407599SE-100x100.jpg 100w, https:\/\/www.tendenzeshabbychic.it\/wp-content\/uploads\/2025\/01\/A3407599SE-64x64.jpg 64w, https:\/\/www.tendenzeshabbychic.it\/wp-content\/uploads\/2025\/01\/A3407599SE.jpg 1000w\" sizes=\"auto, (max-width: 500px) 100vw, 500px\" \/>\t\t\t\t<\/a>\n\t\t\t<\/div>\n\t\t\t<div class=\"image-tools is-small top right show-on-hover\">\n\t\t\t\t\t\t\t<\/div>\n\t\t\t<div class=\"image-tools is-small hide-for-small bottom left show-on-hover\">\n\t\t\t\t\t\t\t<\/div>\n\t\t\t<div class=\"image-tools grid-tools text-center hide-for-small bottom hover-slide-in show-on-hover\">\n\t\t\t\t\t\t\t<\/div>\n\t\t\t\t\t<\/div>\n\n\t\t<div class=\"box-text box-text-products\">\n\t\t\t<div class=\"title-wrapper\"><p class=\"name product-title woocommerce-loop-product__title\"><a href=\"https:\/\/www.tendenzeshabbychic.it\/es\/producto\/runner-mostaza-shabby-chic-con-volante-infinity-blanc-mariclo-140x4010-cm\/\" class=\"woocommerce-LoopProduct-link woocommerce-loop-product__link\">Camino de mesa Shabby Chic mostaza con volante Infinity Blanc MariClo 140&#215;40+10 cm<\/a><\/p><\/div><div class=\"price-wrapper\">\n\t<span class=\"price\"><del aria-hidden=\"true\"><span class=\"woocommerce-Price-amount amount\"><bdi>29,00&nbsp;<span class=\"woocommerce-Price-currencySymbol\" translate=\"no\">&euro;<\/span><\/bdi><\/span><\/del> <span class=\"screen-reader-text\">El precio original era: 29,00&nbsp;&euro;.<\/span><ins aria-hidden=\"true\"><span class=\"woocommerce-Price-amount amount\"><bdi>23,20&nbsp;<span class=\"woocommerce-Price-currencySymbol\" translate=\"no\">&euro;<\/span><\/bdi><\/span><\/ins><span class=\"screen-reader-text\">El precio actual es: 23,20&nbsp;&euro;.<\/span><\/span>\n<\/div>\t\t<\/div>\n\t<\/div>\n\t\t\t\t<input type=\"hidden\" class=\"pmwProductId\" data-id=\"101605\">\n\t\t\t\t\t<script>\n\t\t\t(window.pmwDataLayer = window.pmwDataLayer || {}).products                = window.pmwDataLayer.products || {};\n\t\t\twindow.pmwDataLayer.products[101605] = {\"id\":\"101605\",\"sku\":\"A3407599SE\",\"price\":23.2,\"brand\":\"\",\"quantity\":1,\"dyn_r_ids\":{\"post_id\":\"101605\",\"sku\":\"A3407599SE\",\"gpf\":\"woocommerce_gpf_101605\",\"gla\":\"gla_101605\"},\"is_variable\":false,\"type\":\"simple\",\"name\":\"Camino de mesa Shabby Chic mostaza con volante Infinity Blanc MariClo 140x40+10 cm\",\"category\":[\"Camino de mesa\"],\"is_variation\":false};\n\t\t\t\t\twindow.pmw_product_position = window.pmw_product_position || 1;\n\t\twindow.pmwDataLayer.products[101605]['position'] = window.pmw_product_position++;\n\t\t\t\t<\/script>\n\t\t\t<\/div>\n<\/div><div class=\"product-small col has-hover product type-product post-102290 status-publish last instock product_cat-accesorios-para-cortinas product_cat-cortinas product_tag-dormitorio has-post-thumbnail sale taxable shipping-taxable purchasable product-type-simple\">\n\t<div class=\"col-inner\">\n\t\n<div class=\"badge-container absolute left top z-1\">\n<div class=\"callout badge badge-square\"><div class=\"badge-inner secondary on-sale\"><span class=\"onsale\">-4%<\/span><\/div><\/div>\n<\/div>\n\t<div class=\"product-small box \">\n\t\t<div class=\"box-image\">\n\t\t\t<div class=\"image-fade_in_back\">\n\t\t\t\t<a href=\"https:\/\/www.tendenzeshabbychic.it\/es\/producto\/ciel-de-lit-en-hierro-con-flores-blanc-mariclo\/\">\n\t\t\t\t\t<img loading=\"lazy\" decoding=\"async\" width=\"500\" height=\"500\" src=\"https:\/\/www.tendenzeshabbychic.it\/wp-content\/uploads\/2022\/11\/cielo-da-letto-shabby-chic-blanc-mariclo-500x500.jpg\" class=\"attachment-woocommerce_thumbnail size-woocommerce_thumbnail\" alt=\"cortinas de cama estilo Shabby Chic \u00abBlanc Mariclo\u00bb\" srcset=\"https:\/\/www.tendenzeshabbychic.it\/wp-content\/uploads\/2022\/11\/cielo-da-letto-shabby-chic-blanc-mariclo-500x500.jpg 500w, https:\/\/www.tendenzeshabbychic.it\/wp-content\/uploads\/2022\/11\/cielo-da-letto-shabby-chic-blanc-mariclo-100x100.jpg 100w, https:\/\/www.tendenzeshabbychic.it\/wp-content\/uploads\/2022\/11\/cielo-da-letto-shabby-chic-blanc-mariclo-64x64.jpg 64w, https:\/\/www.tendenzeshabbychic.it\/wp-content\/uploads\/2022\/11\/cielo-da-letto-shabby-chic-blanc-mariclo-400x400.jpg 400w, https:\/\/www.tendenzeshabbychic.it\/wp-content\/uploads\/2022\/11\/cielo-da-letto-shabby-chic-blanc-mariclo-800x800.jpg 800w, https:\/\/www.tendenzeshabbychic.it\/wp-content\/uploads\/2022\/11\/cielo-da-letto-shabby-chic-blanc-mariclo-280x280.jpg 280w, https:\/\/www.tendenzeshabbychic.it\/wp-content\/uploads\/2022\/11\/cielo-da-letto-shabby-chic-blanc-mariclo-768x768.jpg 768w, https:\/\/www.tendenzeshabbychic.it\/wp-content\/uploads\/2022\/11\/cielo-da-letto-shabby-chic-blanc-mariclo.jpg 1000w\" sizes=\"auto, (max-width: 500px) 100vw, 500px\" \/>\t\t\t\t<\/a>\n\t\t\t<\/div>\n\t\t\t<div class=\"image-tools is-small top right show-on-hover\">\n\t\t\t\t\t\t\t<\/div>\n\t\t\t<div class=\"image-tools is-small hide-for-small bottom left show-on-hover\">\n\t\t\t\t\t\t\t<\/div>\n\t\t\t<div class=\"image-tools grid-tools text-center hide-for-small bottom hover-slide-in show-on-hover\">\n\t\t\t\t\t\t\t<\/div>\n\t\t\t\t\t<\/div>\n\n\t\t<div class=\"box-text box-text-products\">\n\t\t\t<div class=\"title-wrapper\"><p class=\"name product-title woocommerce-loop-product__title\"><a href=\"https:\/\/www.tendenzeshabbychic.it\/es\/producto\/ciel-de-lit-en-hierro-con-flores-blanc-mariclo\/\" class=\"woocommerce-LoopProduct-link woocommerce-loop-product__link\">Ciel de Lit de hierro con flores Blanc MariCl\u00f2<\/a><\/p><\/div><div class=\"price-wrapper\"><div class=\"star-rating star-rating--inline\" role=\"img\" aria-label=\"Valorado con 5 de 5\"><span style=\"width:100%\">Valorado con <strong class=\"rating\">5<\/strong> de 5<\/span><\/div>\n\t<span class=\"price\"><del aria-hidden=\"true\"><span class=\"woocommerce-Price-amount amount\"><bdi>104,00&nbsp;<span class=\"woocommerce-Price-currencySymbol\" translate=\"no\">&euro;<\/span><\/bdi><\/span><\/del> <span class=\"screen-reader-text\">El precio original era: 104,00&nbsp;&euro;.<\/span><ins aria-hidden=\"true\"><span class=\"woocommerce-Price-amount amount\"><bdi>99,90&nbsp;<span class=\"woocommerce-Price-currencySymbol\" translate=\"no\">&euro;<\/span><\/bdi><\/span><\/ins><span class=\"screen-reader-text\">El precio actual es: 99,90&nbsp;&euro;.<\/span><\/span>\n<\/div>\t\t<\/div>\n\t<\/div>\n\t\t\t\t<input type=\"hidden\" class=\"pmwProductId\" data-id=\"102290\">\n\t\t\t\t\t<script>\n\t\t\t(window.pmwDataLayer = window.pmwDataLayer || {}).products                = window.pmwDataLayer.products || {};\n\t\t\twindow.pmwDataLayer.products[102290] = {\"id\":\"102290\",\"sku\":\"A33224\",\"price\":99.9,\"brand\":\"\",\"quantity\":1,\"dyn_r_ids\":{\"post_id\":\"102290\",\"sku\":\"A33224\",\"gpf\":\"woocommerce_gpf_102290\",\"gla\":\"gla_102290\"},\"is_variable\":false,\"type\":\"simple\",\"name\":\"Ciel de Lit de hierro con flores Blanc MariCl\u00f2\",\"category\":[\"Accesorios para cortinas\",\"Cortinas\"],\"is_variation\":false};\n\t\t\t\t\twindow.pmw_product_position = window.pmw_product_position || 1;\n\t\twindow.pmwDataLayer.products[102290]['position'] = window.pmw_product_position++;\n\t\t\t\t<\/script>\n\t\t\t<\/div>\n<\/div><div class=\"product-small col has-hover product type-product post-245654 status-publish first instock product_cat-candelabros-y-lamparas has-post-thumbnail sale taxable shipping-taxable purchasable product-type-simple\">\n\t<div class=\"col-inner\">\n\t\n<div class=\"badge-container absolute left top z-1\">\n<div class=\"callout badge badge-square\"><div class=\"badge-inner secondary on-sale\"><span class=\"onsale\">-4%<\/span><\/div><\/div>\n<\/div>\n\t<div class=\"product-small box \">\n\t\t<div class=\"box-image\">\n\t\t\t<div class=\"image-fade_in_back\">\n\t\t\t\t<a href=\"https:\/\/www.tendenzeshabbychic.it\/es\/producto\/blanc-mariclo-lampara-de-arana-shabby-chic-63-de-altura\/\">\n\t\t\t\t\t<img loading=\"lazy\" decoding=\"async\" width=\"500\" height=\"500\" src=\"https:\/\/www.tendenzeshabbychic.it\/wp-content\/uploads\/2026\/05\/A40062-1-1-500x500.jpg\" class=\"attachment-woocommerce_thumbnail size-woocommerce_thumbnail\" alt=\"Blanc MariClo L\u00e1mpara de ara\u00f1a Shabby Chic, 63 de altura\" srcset=\"https:\/\/www.tendenzeshabbychic.it\/wp-content\/uploads\/2026\/05\/A40062-1-1-500x500.jpg 500w, https:\/\/www.tendenzeshabbychic.it\/wp-content\/uploads\/2026\/05\/A40062-1-1-400x400.jpg 400w, https:\/\/www.tendenzeshabbychic.it\/wp-content\/uploads\/2026\/05\/A40062-1-1-800x800.jpg 800w, https:\/\/www.tendenzeshabbychic.it\/wp-content\/uploads\/2026\/05\/A40062-1-1-280x280.jpg 280w, https:\/\/www.tendenzeshabbychic.it\/wp-content\/uploads\/2026\/05\/A40062-1-1-768x768.jpg 768w, https:\/\/www.tendenzeshabbychic.it\/wp-content\/uploads\/2026\/05\/A40062-1-1-100x100.jpg 100w, https:\/\/www.tendenzeshabbychic.it\/wp-content\/uploads\/2026\/05\/A40062-1-1-64x64.jpg 64w, https:\/\/www.tendenzeshabbychic.it\/wp-content\/uploads\/2026\/05\/A40062-1-1.jpg 1000w\" sizes=\"auto, (max-width: 500px) 100vw, 500px\" \/><img loading=\"lazy\" decoding=\"async\" width=\"500\" height=\"500\" src=\"https:\/\/www.tendenzeshabbychic.it\/wp-content\/uploads\/2026\/05\/A40062-1-500x500.jpg\" class=\"show-on-hover absolute fill hide-for-small back-image\" alt=\"Alternative view of Blanc MariClo L\u00e1mpara de ara\u00f1a Shabby Chic, 63 de altura\" aria-hidden=\"true\" srcset=\"https:\/\/www.tendenzeshabbychic.it\/wp-content\/uploads\/2026\/05\/A40062-1-500x500.jpg 500w, https:\/\/www.tendenzeshabbychic.it\/wp-content\/uploads\/2026\/05\/A40062-1-400x400.jpg 400w, https:\/\/www.tendenzeshabbychic.it\/wp-content\/uploads\/2026\/05\/A40062-1-800x800.jpg 800w, https:\/\/www.tendenzeshabbychic.it\/wp-content\/uploads\/2026\/05\/A40062-1-280x280.jpg 280w, https:\/\/www.tendenzeshabbychic.it\/wp-content\/uploads\/2026\/05\/A40062-1-768x768.jpg 768w, https:\/\/www.tendenzeshabbychic.it\/wp-content\/uploads\/2026\/05\/A40062-1-100x100.jpg 100w, https:\/\/www.tendenzeshabbychic.it\/wp-content\/uploads\/2026\/05\/A40062-1-64x64.jpg 64w, https:\/\/www.tendenzeshabbychic.it\/wp-content\/uploads\/2026\/05\/A40062-1.jpg 1000w\" sizes=\"auto, (max-width: 500px) 100vw, 500px\" \/>\t\t\t\t<\/a>\n\t\t\t<\/div>\n\t\t\t<div class=\"image-tools is-small top right show-on-hover\">\n\t\t\t\t\t\t\t<\/div>\n\t\t\t<div class=\"image-tools is-small hide-for-small bottom left show-on-hover\">\n\t\t\t\t\t\t\t<\/div>\n\t\t\t<div class=\"image-tools grid-tools text-center hide-for-small bottom hover-slide-in show-on-hover\">\n\t\t\t\t\t\t\t<\/div>\n\t\t\t\t\t<\/div>\n\n\t\t<div class=\"box-text box-text-products\">\n\t\t\t<div class=\"title-wrapper\"><p class=\"name product-title woocommerce-loop-product__title\"><a href=\"https:\/\/www.tendenzeshabbychic.it\/es\/producto\/blanc-mariclo-lampara-de-arana-shabby-chic-63-de-altura\/\" class=\"woocommerce-LoopProduct-link woocommerce-loop-product__link\">Blanc MariClo L\u00e1mpara de ara\u00f1a Shabby Chic, 63 de altura<\/a><\/p><\/div><div class=\"price-wrapper\">\n\t<span class=\"price\"><del aria-hidden=\"true\"><span class=\"woocommerce-Price-amount amount\"><bdi>625,00&nbsp;<span class=\"woocommerce-Price-currencySymbol\" translate=\"no\">&euro;<\/span><\/bdi><\/span><\/del> <span class=\"screen-reader-text\">El precio original era: 625,00&nbsp;&euro;.<\/span><ins aria-hidden=\"true\"><span class=\"woocommerce-Price-amount amount\"><bdi>599,00&nbsp;<span class=\"woocommerce-Price-currencySymbol\" translate=\"no\">&euro;<\/span><\/bdi><\/span><\/ins><span class=\"screen-reader-text\">El precio actual es: 599,00&nbsp;&euro;.<\/span><\/span>\n<\/div>\t\t<\/div>\n\t<\/div>\n\t\t\t\t<input type=\"hidden\" class=\"pmwProductId\" data-id=\"245654\">\n\t\t\t\t\t<script>\n\t\t\t(window.pmwDataLayer = window.pmwDataLayer || {}).products                = window.pmwDataLayer.products || {};\n\t\t\twindow.pmwDataLayer.products[245654] = {\"id\":\"245654\",\"sku\":\"A40062\",\"price\":599,\"brand\":\"\",\"quantity\":1,\"dyn_r_ids\":{\"post_id\":\"245654\",\"sku\":\"A40062\",\"gpf\":\"woocommerce_gpf_245654\",\"gla\":\"gla_245654\"},\"is_variable\":false,\"type\":\"simple\",\"name\":\"Blanc MariClo L\u00e1mpara de ara\u00f1a Shabby Chic, 63 de altura\",\"category\":[\"Candelabros y L\u00e1mparas\"],\"is_variation\":false};\n\t\t\t\t\twindow.pmw_product_position = window.pmw_product_position || 1;\n\t\twindow.pmwDataLayer.products[245654]['position'] = window.pmw_product_position++;\n\t\t\t\t<\/script>\n\t\t\t<\/div>\n<\/div><div class=\"product-small col has-hover product type-product post-244891 status-publish instock product_cat-candelabros-y-lamparas product_tag-hecho-a-mano product_tag-idea-de-regalo has-post-thumbnail sale taxable shipping-taxable purchasable product-type-simple\">\n\t<div class=\"col-inner\">\n\t\n<div class=\"badge-container absolute left top z-1\">\n<div class=\"callout badge badge-square\"><div class=\"badge-inner secondary on-sale\"><span class=\"onsale\">-11%<\/span><\/div><\/div>\n<\/div>\n\t<div class=\"product-small box \">\n\t\t<div class=\"box-image\">\n\t\t\t<div class=\"image-fade_in_back\">\n\t\t\t\t<a href=\"https:\/\/www.tendenzeshabbychic.it\/es\/producto\/lampara-de-mesa-roio-h-85-cm-skitso\/\">\n\t\t\t\t\t<img loading=\"lazy\" decoding=\"async\" width=\"500\" height=\"500\" src=\"https:\/\/www.tendenzeshabbychic.it\/wp-content\/uploads\/2026\/06\/Skitso-Lampada-Little-Girl-Roio-Paralume-Bordeaux-500x500.jpg\" class=\"attachment-woocommerce_thumbnail size-woocommerce_thumbnail\" alt=\"L\u00e1mpara SKITSO Little Girl Roio artesanal de madera de haya con vestido a rayas burdeos y pantalla burdeos, figura femenina inspirada en el viento, altura 85 cm.\" srcset=\"https:\/\/www.tendenzeshabbychic.it\/wp-content\/uploads\/2026\/06\/Skitso-Lampada-Little-Girl-Roio-Paralume-Bordeaux-500x500.jpg 500w, https:\/\/www.tendenzeshabbychic.it\/wp-content\/uploads\/2026\/06\/Skitso-Lampada-Little-Girl-Roio-Paralume-Bordeaux-400x400.jpg 400w, https:\/\/www.tendenzeshabbychic.it\/wp-content\/uploads\/2026\/06\/Skitso-Lampada-Little-Girl-Roio-Paralume-Bordeaux-800x800.jpg 800w, https:\/\/www.tendenzeshabbychic.it\/wp-content\/uploads\/2026\/06\/Skitso-Lampada-Little-Girl-Roio-Paralume-Bordeaux-280x280.jpg 280w, https:\/\/www.tendenzeshabbychic.it\/wp-content\/uploads\/2026\/06\/Skitso-Lampada-Little-Girl-Roio-Paralume-Bordeaux-768x768.jpg 768w, https:\/\/www.tendenzeshabbychic.it\/wp-content\/uploads\/2026\/06\/Skitso-Lampada-Little-Girl-Roio-Paralume-Bordeaux-100x100.jpg 100w, https:\/\/www.tendenzeshabbychic.it\/wp-content\/uploads\/2026\/06\/Skitso-Lampada-Little-Girl-Roio-Paralume-Bordeaux-64x64.jpg 64w, https:\/\/www.tendenzeshabbychic.it\/wp-content\/uploads\/2026\/06\/Skitso-Lampada-Little-Girl-Roio-Paralume-Bordeaux.jpg 1000w\" sizes=\"auto, (max-width: 500px) 100vw, 500px\" \/><img loading=\"lazy\" decoding=\"async\" width=\"500\" height=\"500\" src=\"https:\/\/www.tendenzeshabbychic.it\/wp-content\/uploads\/2026\/06\/Lampada-Little-Girl-Roio-Paralume-Bordeaux-4-500x500.jpg\" class=\"show-on-hover absolute fill hide-for-small back-image\" alt=\"Alternative view of L\u00e1mpara de mesa Roio H 85 cm - Skitso\" aria-hidden=\"true\" srcset=\"https:\/\/www.tendenzeshabbychic.it\/wp-content\/uploads\/2026\/06\/Lampada-Little-Girl-Roio-Paralume-Bordeaux-4-500x500.jpg 500w, https:\/\/www.tendenzeshabbychic.it\/wp-content\/uploads\/2026\/06\/Lampada-Little-Girl-Roio-Paralume-Bordeaux-4-400x400.jpg 400w, https:\/\/www.tendenzeshabbychic.it\/wp-content\/uploads\/2026\/06\/Lampada-Little-Girl-Roio-Paralume-Bordeaux-4-800x800.jpg 800w, https:\/\/www.tendenzeshabbychic.it\/wp-content\/uploads\/2026\/06\/Lampada-Little-Girl-Roio-Paralume-Bordeaux-4-280x280.jpg 280w, https:\/\/www.tendenzeshabbychic.it\/wp-content\/uploads\/2026\/06\/Lampada-Little-Girl-Roio-Paralume-Bordeaux-4-768x768.jpg 768w, https:\/\/www.tendenzeshabbychic.it\/wp-content\/uploads\/2026\/06\/Lampada-Little-Girl-Roio-Paralume-Bordeaux-4-100x100.jpg 100w, https:\/\/www.tendenzeshabbychic.it\/wp-content\/uploads\/2026\/06\/Lampada-Little-Girl-Roio-Paralume-Bordeaux-4-64x64.jpg 64w, https:\/\/www.tendenzeshabbychic.it\/wp-content\/uploads\/2026\/06\/Lampada-Little-Girl-Roio-Paralume-Bordeaux-4.jpg 1000w\" sizes=\"auto, (max-width: 500px) 100vw, 500px\" \/>\t\t\t\t<\/a>\n\t\t\t<\/div>\n\t\t\t<div class=\"image-tools is-small top right show-on-hover\">\n\t\t\t\t\t\t\t<\/div>\n\t\t\t<div class=\"image-tools is-small hide-for-small bottom left show-on-hover\">\n\t\t\t\t\t\t\t<\/div>\n\t\t\t<div class=\"image-tools grid-tools text-center hide-for-small bottom hover-slide-in show-on-hover\">\n\t\t\t\t\t\t\t<\/div>\n\t\t\t\t\t<\/div>\n\n\t\t<div class=\"box-text box-text-products\">\n\t\t\t<div class=\"title-wrapper\"><p class=\"name product-title woocommerce-loop-product__title\"><a href=\"https:\/\/www.tendenzeshabbychic.it\/es\/producto\/lampara-de-mesa-roio-h-85-cm-skitso\/\" class=\"woocommerce-LoopProduct-link woocommerce-loop-product__link\">L\u00e1mpara de mesa Roio H 85 cm &#8211; Skitso<\/a><\/p><\/div><div class=\"price-wrapper\">\n\t<span class=\"price\"><del aria-hidden=\"true\"><span class=\"woocommerce-Price-amount amount\"><bdi>269,00&nbsp;<span class=\"woocommerce-Price-currencySymbol\" translate=\"no\">&euro;<\/span><\/bdi><\/span><\/del> <span class=\"screen-reader-text\">El precio original era: 269,00&nbsp;&euro;.<\/span><ins aria-hidden=\"true\"><span class=\"woocommerce-Price-amount amount\"><bdi>239,00&nbsp;<span class=\"woocommerce-Price-currencySymbol\" translate=\"no\">&euro;<\/span><\/bdi><\/span><\/ins><span class=\"screen-reader-text\">El precio actual es: 239,00&nbsp;&euro;.<\/span><\/span>\n<\/div>\t\t<\/div>\n\t<\/div>\n\t\t\t\t<input type=\"hidden\" class=\"pmwProductId\" data-id=\"244891\">\n\t\t\t\t\t<script>\n\t\t\t(window.pmwDataLayer = window.pmwDataLayer || {}).products                = window.pmwDataLayer.products || {};\n\t\t\twindow.pmwDataLayer.products[244891] = {\"id\":\"244891\",\"sku\":\"SKITSO-ROIO\",\"price\":239,\"brand\":\"\",\"quantity\":1,\"dyn_r_ids\":{\"post_id\":\"244891\",\"sku\":\"SKITSO-ROIO\",\"gpf\":\"woocommerce_gpf_244891\",\"gla\":\"gla_244891\"},\"is_variable\":false,\"type\":\"simple\",\"name\":\"L\u00e1mpara de mesa Roio H 85 cm - Skitso\",\"category\":[\"Candelabros y L\u00e1mparas\"],\"is_variation\":false};\n\t\t\t\t\twindow.pmw_product_position = window.pmw_product_position || 1;\n\t\twindow.pmwDataLayer.products[244891]['position'] = window.pmw_product_position++;\n\t\t\t\t<\/script>\n\t\t\t<\/div>\n<\/div><div class=\"product-small col has-hover product type-product post-244903 status-publish instock product_cat-candelabros-y-lamparas product_tag-hecho-a-mano product_tag-idea-de-regalo has-post-thumbnail sale taxable shipping-taxable purchasable product-type-simple\">\n\t<div class=\"col-inner\">\n\t\n<div class=\"badge-container absolute left top z-1\">\n<div class=\"callout badge badge-square\"><div class=\"badge-inner secondary on-sale\"><span class=\"onsale\">-10%<\/span><\/div><\/div>\n<\/div>\n\t<div class=\"product-small box \">\n\t\t<div class=\"box-image\">\n\t\t\t<div class=\"image-fade_in_back\">\n\t\t\t\t<a href=\"https:\/\/www.tendenzeshabbychic.it\/es\/producto\/lampara-de-mesa-myrrina-h-85-cm-skitso\/\">\n\t\t\t\t\t<img loading=\"lazy\" decoding=\"async\" width=\"500\" height=\"500\" src=\"https:\/\/www.tendenzeshabbychic.it\/wp-content\/uploads\/2026\/06\/Skitso-lampada-da-tavolo-Myrrina-500x500.jpg\" class=\"attachment-woocommerce_thumbnail size-woocommerce_thumbnail\" alt=\"L\u00e1mpara artesanal SKITSO Little Girl Myrrina de madera de casta\u00f1o con vestido blanco decorado con amapolas rojas y pantalla roja, altura 85 cm.\" srcset=\"https:\/\/www.tendenzeshabbychic.it\/wp-content\/uploads\/2026\/06\/Skitso-lampada-da-tavolo-Myrrina-500x500.jpg 500w, https:\/\/www.tendenzeshabbychic.it\/wp-content\/uploads\/2026\/06\/Skitso-lampada-da-tavolo-Myrrina-400x400.jpg 400w, https:\/\/www.tendenzeshabbychic.it\/wp-content\/uploads\/2026\/06\/Skitso-lampada-da-tavolo-Myrrina-800x800.jpg 800w, https:\/\/www.tendenzeshabbychic.it\/wp-content\/uploads\/2026\/06\/Skitso-lampada-da-tavolo-Myrrina-280x280.jpg 280w, https:\/\/www.tendenzeshabbychic.it\/wp-content\/uploads\/2026\/06\/Skitso-lampada-da-tavolo-Myrrina-768x768.jpg 768w, https:\/\/www.tendenzeshabbychic.it\/wp-content\/uploads\/2026\/06\/Skitso-lampada-da-tavolo-Myrrina-100x100.jpg 100w, https:\/\/www.tendenzeshabbychic.it\/wp-content\/uploads\/2026\/06\/Skitso-lampada-da-tavolo-Myrrina-64x64.jpg 64w, https:\/\/www.tendenzeshabbychic.it\/wp-content\/uploads\/2026\/06\/Skitso-lampada-da-tavolo-Myrrina.jpg 1000w\" sizes=\"auto, (max-width: 500px) 100vw, 500px\" \/><img loading=\"lazy\" decoding=\"async\" width=\"500\" height=\"500\" src=\"https:\/\/www.tendenzeshabbychic.it\/wp-content\/uploads\/2026\/06\/Skitso-lampada-Myrrina-500x500.jpg\" class=\"show-on-hover absolute fill hide-for-small back-image\" alt=\"Alternative view of L\u00e1mpara de mesa Myrrina H 85 cm - Skitso\" aria-hidden=\"true\" srcset=\"https:\/\/www.tendenzeshabbychic.it\/wp-content\/uploads\/2026\/06\/Skitso-lampada-Myrrina-500x500.jpg 500w, https:\/\/www.tendenzeshabbychic.it\/wp-content\/uploads\/2026\/06\/Skitso-lampada-Myrrina-400x400.jpg 400w, https:\/\/www.tendenzeshabbychic.it\/wp-content\/uploads\/2026\/06\/Skitso-lampada-Myrrina-800x800.jpg 800w, https:\/\/www.tendenzeshabbychic.it\/wp-content\/uploads\/2026\/06\/Skitso-lampada-Myrrina-280x280.jpg 280w, https:\/\/www.tendenzeshabbychic.it\/wp-content\/uploads\/2026\/06\/Skitso-lampada-Myrrina-768x768.jpg 768w, https:\/\/www.tendenzeshabbychic.it\/wp-content\/uploads\/2026\/06\/Skitso-lampada-Myrrina-100x100.jpg 100w, https:\/\/www.tendenzeshabbychic.it\/wp-content\/uploads\/2026\/06\/Skitso-lampada-Myrrina-64x64.jpg 64w, https:\/\/www.tendenzeshabbychic.it\/wp-content\/uploads\/2026\/06\/Skitso-lampada-Myrrina.jpg 1000w\" sizes=\"auto, (max-width: 500px) 100vw, 500px\" \/>\t\t\t\t<\/a>\n\t\t\t<\/div>\n\t\t\t<div class=\"image-tools is-small top right show-on-hover\">\n\t\t\t\t\t\t\t<\/div>\n\t\t\t<div class=\"image-tools is-small hide-for-small bottom left show-on-hover\">\n\t\t\t\t\t\t\t<\/div>\n\t\t\t<div class=\"image-tools grid-tools text-center hide-for-small bottom hover-slide-in show-on-hover\">\n\t\t\t\t\t\t\t<\/div>\n\t\t\t\t\t<\/div>\n\n\t\t<div class=\"box-text box-text-products\">\n\t\t\t<div class=\"title-wrapper\"><p class=\"name product-title woocommerce-loop-product__title\"><a href=\"https:\/\/www.tendenzeshabbychic.it\/es\/producto\/lampara-de-mesa-myrrina-h-85-cm-skitso\/\" class=\"woocommerce-LoopProduct-link woocommerce-loop-product__link\">L\u00e1mpara de mesa Myrrina H 85 cm &#8211; Skitso<\/a><\/p><\/div><div class=\"price-wrapper\">\n\t<span class=\"price\"><del aria-hidden=\"true\"><span class=\"woocommerce-Price-amount amount\"><bdi>299,00&nbsp;<span class=\"woocommerce-Price-currencySymbol\" translate=\"no\">&euro;<\/span><\/bdi><\/span><\/del> <span class=\"screen-reader-text\">El precio original era: 299,00&nbsp;&euro;.<\/span><ins aria-hidden=\"true\"><span class=\"woocommerce-Price-amount amount\"><bdi>269,00&nbsp;<span class=\"woocommerce-Price-currencySymbol\" translate=\"no\">&euro;<\/span><\/bdi><\/span><\/ins><span class=\"screen-reader-text\">El precio actual es: 269,00&nbsp;&euro;.<\/span><\/span>\n<\/div>\t\t<\/div>\n\t<\/div>\n\t\t\t\t<input type=\"hidden\" class=\"pmwProductId\" data-id=\"244903\">\n\t\t\t\t\t<script>\n\t\t\t(window.pmwDataLayer = window.pmwDataLayer || {}).products                = window.pmwDataLayer.products || {};\n\t\t\twindow.pmwDataLayer.products[244903] = {\"id\":\"244903\",\"sku\":\"SKITSO-MYRRINA\",\"price\":269,\"brand\":\"\",\"quantity\":1,\"dyn_r_ids\":{\"post_id\":\"244903\",\"sku\":\"SKITSO-MYRRINA\",\"gpf\":\"woocommerce_gpf_244903\",\"gla\":\"gla_244903\"},\"is_variable\":false,\"type\":\"simple\",\"name\":\"L\u00e1mpara de mesa Myrrina H 85 cm - Skitso\",\"category\":[\"Candelabros y L\u00e1mparas\"],\"is_variation\":false};\n\t\t\t\t\twindow.pmw_product_position = window.pmw_product_position || 1;\n\t\twindow.pmwDataLayer.products[244903]['position'] = window.pmw_product_position++;\n\t\t\t\t<\/script>\n\t\t\t<\/div>\n<\/div><div class=\"product-small col has-hover product type-product post-244745 status-publish last instock product_cat-candelabros-y-lamparas product_tag-hecho-a-mano product_tag-idea-de-regalo has-post-thumbnail sale taxable shipping-taxable purchasable product-type-simple\">\n\t<div class=\"col-inner\">\n\t\n<div class=\"badge-container absolute left top z-1\">\n<div class=\"callout badge badge-square\"><div class=\"badge-inner secondary on-sale\"><span class=\"onsale\">-19%<\/span><\/div><\/div>\n<\/div>\n\t<div class=\"product-small box \">\n\t\t<div class=\"box-image\">\n\t\t\t<div class=\"image-fade_in_back\">\n\t\t\t\t<a href=\"https:\/\/www.tendenzeshabbychic.it\/es\/producto\/skitso-lampara-de-mesa-arwen-nina-h-85-cm-copia\/\">\n\t\t\t\t\t<img loading=\"lazy\" decoding=\"async\" width=\"500\" height=\"500\" src=\"https:\/\/www.tendenzeshabbychic.it\/wp-content\/uploads\/2026\/06\/Skitso-Lampada-da-tavolo-Mabel-Paralume-a-Stampa-500x500.jpg\" class=\"attachment-woocommerce_thumbnail size-woocommerce_thumbnail\" alt=\"L\u00e1mpara SKITSO Little Girl Mabel artesanal de 85 cm de altura con pantalla de estampado floral, vestido de cuadros rosas, detalles florales y figura femenina hecha a mano.\" srcset=\"https:\/\/www.tendenzeshabbychic.it\/wp-content\/uploads\/2026\/06\/Skitso-Lampada-da-tavolo-Mabel-Paralume-a-Stampa-500x500.jpg 500w, https:\/\/www.tendenzeshabbychic.it\/wp-content\/uploads\/2026\/06\/Skitso-Lampada-da-tavolo-Mabel-Paralume-a-Stampa-400x400.jpg 400w, https:\/\/www.tendenzeshabbychic.it\/wp-content\/uploads\/2026\/06\/Skitso-Lampada-da-tavolo-Mabel-Paralume-a-Stampa-800x800.jpg 800w, https:\/\/www.tendenzeshabbychic.it\/wp-content\/uploads\/2026\/06\/Skitso-Lampada-da-tavolo-Mabel-Paralume-a-Stampa-280x280.jpg 280w, https:\/\/www.tendenzeshabbychic.it\/wp-content\/uploads\/2026\/06\/Skitso-Lampada-da-tavolo-Mabel-Paralume-a-Stampa-768x768.jpg 768w, https:\/\/www.tendenzeshabbychic.it\/wp-content\/uploads\/2026\/06\/Skitso-Lampada-da-tavolo-Mabel-Paralume-a-Stampa-100x100.jpg 100w, https:\/\/www.tendenzeshabbychic.it\/wp-content\/uploads\/2026\/06\/Skitso-Lampada-da-tavolo-Mabel-Paralume-a-Stampa-64x64.jpg 64w, https:\/\/www.tendenzeshabbychic.it\/wp-content\/uploads\/2026\/06\/Skitso-Lampada-da-tavolo-Mabel-Paralume-a-Stampa.jpg 1000w\" sizes=\"auto, (max-width: 500px) 100vw, 500px\" \/><img loading=\"lazy\" decoding=\"async\" width=\"500\" height=\"500\" src=\"https:\/\/www.tendenzeshabbychic.it\/wp-content\/uploads\/2026\/06\/Lampada-da-tavolo-Little-Girl-Mabel-Paralume-a-Stampa-500x500.jpg\" class=\"show-on-hover absolute fill hide-for-small back-image\" alt=\"Alternative view of L\u00e1mpara de mesa Skitso Mabel h 85 cm\" aria-hidden=\"true\" srcset=\"https:\/\/www.tendenzeshabbychic.it\/wp-content\/uploads\/2026\/06\/Lampada-da-tavolo-Little-Girl-Mabel-Paralume-a-Stampa-500x500.jpg 500w, https:\/\/www.tendenzeshabbychic.it\/wp-content\/uploads\/2026\/06\/Lampada-da-tavolo-Little-Girl-Mabel-Paralume-a-Stampa-400x400.jpg 400w, https:\/\/www.tendenzeshabbychic.it\/wp-content\/uploads\/2026\/06\/Lampada-da-tavolo-Little-Girl-Mabel-Paralume-a-Stampa-800x800.jpg 800w, https:\/\/www.tendenzeshabbychic.it\/wp-content\/uploads\/2026\/06\/Lampada-da-tavolo-Little-Girl-Mabel-Paralume-a-Stampa-280x280.jpg 280w, https:\/\/www.tendenzeshabbychic.it\/wp-content\/uploads\/2026\/06\/Lampada-da-tavolo-Little-Girl-Mabel-Paralume-a-Stampa-768x768.jpg 768w, https:\/\/www.tendenzeshabbychic.it\/wp-content\/uploads\/2026\/06\/Lampada-da-tavolo-Little-Girl-Mabel-Paralume-a-Stampa-100x100.jpg 100w, https:\/\/www.tendenzeshabbychic.it\/wp-content\/uploads\/2026\/06\/Lampada-da-tavolo-Little-Girl-Mabel-Paralume-a-Stampa-64x64.jpg 64w, https:\/\/www.tendenzeshabbychic.it\/wp-content\/uploads\/2026\/06\/Lampada-da-tavolo-Little-Girl-Mabel-Paralume-a-Stampa.jpg 1000w\" sizes=\"auto, (max-width: 500px) 100vw, 500px\" \/>\t\t\t\t<\/a>\n\t\t\t<\/div>\n\t\t\t<div class=\"image-tools is-small top right show-on-hover\">\n\t\t\t\t\t\t\t<\/div>\n\t\t\t<div class=\"image-tools is-small hide-for-small bottom left show-on-hover\">\n\t\t\t\t\t\t\t<\/div>\n\t\t\t<div class=\"image-tools grid-tools text-center hide-for-small bottom hover-slide-in show-on-hover\">\n\t\t\t\t\t\t\t<\/div>\n\t\t\t\t\t<\/div>\n\n\t\t<div class=\"box-text box-text-products\">\n\t\t\t<div class=\"title-wrapper\"><p class=\"name product-title woocommerce-loop-product__title\"><a href=\"https:\/\/www.tendenzeshabbychic.it\/es\/producto\/skitso-lampara-de-mesa-arwen-nina-h-85-cm-copia\/\" class=\"woocommerce-LoopProduct-link woocommerce-loop-product__link\">L\u00e1mpara de mesa Skitso Mabel h 85 cm<\/a><\/p><\/div><div class=\"price-wrapper\">\n\t<span class=\"price\"><del aria-hidden=\"true\"><span class=\"woocommerce-Price-amount amount\"><bdi>269,00&nbsp;<span class=\"woocommerce-Price-currencySymbol\" translate=\"no\">&euro;<\/span><\/bdi><\/span><\/del> <span class=\"screen-reader-text\">El precio original era: 269,00&nbsp;&euro;.<\/span><ins aria-hidden=\"true\"><span class=\"woocommerce-Price-amount amount\"><bdi>218,00&nbsp;<span class=\"woocommerce-Price-currencySymbol\" translate=\"no\">&euro;<\/span><\/bdi><\/span><\/ins><span class=\"screen-reader-text\">El precio actual es: 218,00&nbsp;&euro;.<\/span><\/span>\n<\/div>\t\t<\/div>\n\t<\/div>\n\t\t\t\t<input type=\"hidden\" class=\"pmwProductId\" data-id=\"244745\">\n\t\t\t\t\t<script>\n\t\t\t(window.pmwDataLayer = window.pmwDataLayer || {}).products                = window.pmwDataLayer.products || {};\n\t\t\twindow.pmwDataLayer.products[244745] = {\"id\":\"244745\",\"sku\":\"SKITSO-MABEL\",\"price\":218,\"brand\":\"\",\"quantity\":1,\"dyn_r_ids\":{\"post_id\":\"244745\",\"sku\":\"SKITSO-MABEL\",\"gpf\":\"woocommerce_gpf_244745\",\"gla\":\"gla_244745\"},\"is_variable\":false,\"type\":\"simple\",\"name\":\"L\u00e1mpara de mesa Skitso Mabel h 85 cm\",\"category\":[\"Candelabros y L\u00e1mparas\"],\"is_variation\":false};\n\t\t\t\t\twindow.pmw_product_position = window.pmw_product_position || 1;\n\t\twindow.pmwDataLayer.products[244745]['position'] = window.pmw_product_position++;\n\t\t\t\t<\/script>\n\t\t\t<\/div>\n<\/div><div class=\"product-small col has-hover product type-product post-190571 status-publish first instock product_cat-manteles product_cat-la-mesa product_tag-antimanchas product_tag-jardin-es has-post-thumbnail sale taxable shipping-taxable purchasable product-type-simple\">\n\t<div class=\"col-inner\">\n\t\n<div class=\"badge-container absolute left top z-1\">\n<div class=\"callout badge badge-square\"><div class=\"badge-inner secondary on-sale\"><span class=\"onsale\">-20%<\/span><\/div><\/div>\n<\/div>\n\t<div class=\"product-small box \">\n\t\t<div class=\"box-image\">\n\t\t\t<div class=\"image-fade_in_back\">\n\t\t\t\t<a href=\"https:\/\/www.tendenzeshabbychic.it\/es\/producto\/blanc-mariclo-mantel-encerado-verde-o200-con-gala\/\">\n\t\t\t\t\t<img loading=\"lazy\" decoding=\"async\" width=\"500\" height=\"500\" src=\"https:\/\/www.tendenzeshabbychic.it\/wp-content\/uploads\/2025\/07\/Blanc-Mariclo-Tovaglia-Antimacchia-Verde-O200-con-Gala-500x500.jpg\" class=\"attachment-woocommerce_thumbnail size-woocommerce_thumbnail\" alt=\"Blanc MariClo Mantel Antimanchas Verde \u00d8200 con Gala\" srcset=\"https:\/\/www.tendenzeshabbychic.it\/wp-content\/uploads\/2025\/07\/Blanc-Mariclo-Tovaglia-Antimacchia-Verde-O200-con-Gala-500x500.jpg 500w, https:\/\/www.tendenzeshabbychic.it\/wp-content\/uploads\/2025\/07\/Blanc-Mariclo-Tovaglia-Antimacchia-Verde-O200-con-Gala-400x400.jpg 400w, https:\/\/www.tendenzeshabbychic.it\/wp-content\/uploads\/2025\/07\/Blanc-Mariclo-Tovaglia-Antimacchia-Verde-O200-con-Gala-800x800.jpg 800w, https:\/\/www.tendenzeshabbychic.it\/wp-content\/uploads\/2025\/07\/Blanc-Mariclo-Tovaglia-Antimacchia-Verde-O200-con-Gala-280x280.jpg 280w, https:\/\/www.tendenzeshabbychic.it\/wp-content\/uploads\/2025\/07\/Blanc-Mariclo-Tovaglia-Antimacchia-Verde-O200-con-Gala-768x768.jpg 768w, https:\/\/www.tendenzeshabbychic.it\/wp-content\/uploads\/2025\/07\/Blanc-Mariclo-Tovaglia-Antimacchia-Verde-O200-con-Gala-100x100.jpg 100w, https:\/\/www.tendenzeshabbychic.it\/wp-content\/uploads\/2025\/07\/Blanc-Mariclo-Tovaglia-Antimacchia-Verde-O200-con-Gala-64x64.jpg 64w, https:\/\/www.tendenzeshabbychic.it\/wp-content\/uploads\/2025\/07\/Blanc-Mariclo-Tovaglia-Antimacchia-Verde-O200-con-Gala.jpg 1000w\" sizes=\"auto, (max-width: 500px) 100vw, 500px\" \/><img loading=\"lazy\" decoding=\"async\" width=\"500\" height=\"500\" src=\"https:\/\/www.tendenzeshabbychic.it\/wp-content\/uploads\/2025\/06\/A3569699VE-2-500x500.jpg\" class=\"show-on-hover absolute fill hide-for-small back-image\" alt=\"Alternative view of Blanc MariClo Mantel Antimanchas Verde \u00d8200 con Gala\" aria-hidden=\"true\" srcset=\"https:\/\/www.tendenzeshabbychic.it\/wp-content\/uploads\/2025\/06\/A3569699VE-2-500x500.jpg 500w, https:\/\/www.tendenzeshabbychic.it\/wp-content\/uploads\/2025\/06\/A3569699VE-2-400x400.jpg 400w, https:\/\/www.tendenzeshabbychic.it\/wp-content\/uploads\/2025\/06\/A3569699VE-2-800x800.jpg 800w, https:\/\/www.tendenzeshabbychic.it\/wp-content\/uploads\/2025\/06\/A3569699VE-2-280x280.jpg 280w, https:\/\/www.tendenzeshabbychic.it\/wp-content\/uploads\/2025\/06\/A3569699VE-2-768x768.jpg 768w, https:\/\/www.tendenzeshabbychic.it\/wp-content\/uploads\/2025\/06\/A3569699VE-2-100x100.jpg 100w, https:\/\/www.tendenzeshabbychic.it\/wp-content\/uploads\/2025\/06\/A3569699VE-2-64x64.jpg 64w, https:\/\/www.tendenzeshabbychic.it\/wp-content\/uploads\/2025\/06\/A3569699VE-2.jpg 1000w\" sizes=\"auto, (max-width: 500px) 100vw, 500px\" \/>\t\t\t\t<\/a>\n\t\t\t<\/div>\n\t\t\t<div class=\"image-tools is-small top right show-on-hover\">\n\t\t\t\t\t\t\t<\/div>\n\t\t\t<div class=\"image-tools is-small hide-for-small bottom left show-on-hover\">\n\t\t\t\t\t\t\t<\/div>\n\t\t\t<div class=\"image-tools grid-tools text-center hide-for-small bottom hover-slide-in show-on-hover\">\n\t\t\t\t\t\t\t<\/div>\n\t\t\t\t\t<\/div>\n\n\t\t<div class=\"box-text box-text-products\">\n\t\t\t<div class=\"title-wrapper\"><p class=\"name product-title woocommerce-loop-product__title\"><a href=\"https:\/\/www.tendenzeshabbychic.it\/es\/producto\/blanc-mariclo-mantel-encerado-verde-o200-con-gala\/\" class=\"woocommerce-LoopProduct-link woocommerce-loop-product__link\">Blanc MariClo Mantel Antimanchas Verde \u00d8200 con Gala<\/a><\/p><\/div><div class=\"price-wrapper\">\n\t<span class=\"price\"><del aria-hidden=\"true\"><span class=\"woocommerce-Price-amount amount\"><bdi>89,00&nbsp;<span class=\"woocommerce-Price-currencySymbol\" translate=\"no\">&euro;<\/span><\/bdi><\/span><\/del> <span class=\"screen-reader-text\">El precio original era: 89,00&nbsp;&euro;.<\/span><ins aria-hidden=\"true\"><span class=\"woocommerce-Price-amount amount\"><bdi>71,00&nbsp;<span class=\"woocommerce-Price-currencySymbol\" translate=\"no\">&euro;<\/span><\/bdi><\/span><\/ins><span class=\"screen-reader-text\">El precio actual es: 71,00&nbsp;&euro;.<\/span><\/span>\n<\/div>\t\t<\/div>\n\t<\/div>\n\t\t\t\t<input type=\"hidden\" class=\"pmwProductId\" data-id=\"190571\">\n\t\t\t\t\t<script>\n\t\t\t(window.pmwDataLayer = window.pmwDataLayer || {}).products                = window.pmwDataLayer.products || {};\n\t\t\twindow.pmwDataLayer.products[190571] = {\"id\":\"190571\",\"sku\":\"A3569799VE\",\"price\":71,\"brand\":\"\",\"quantity\":1,\"dyn_r_ids\":{\"post_id\":\"190571\",\"sku\":\"A3569799VE\",\"gpf\":\"woocommerce_gpf_190571\",\"gla\":\"gla_190571\"},\"is_variable\":false,\"type\":\"simple\",\"name\":\"Blanc MariClo Mantel Antimanchas Verde \u00d8200 con Gala\",\"category\":[\"Manteles shabby chic y estilo country | Shabby Chic\",\"La mesa\"],\"is_variation\":false};\n\t\t\t\t\twindow.pmw_product_position = window.pmw_product_position || 1;\n\t\twindow.pmwDataLayer.products[190571]['position'] = window.pmw_product_position++;\n\t\t\t\t<\/script>\n\t\t\t<\/div>\n<\/div><div class=\"product-small col has-hover product type-product post-183796 status-publish instock product_cat-manteles product_cat-la-mesa product_tag-collezione-persimmon-es product_tag-otono has-post-thumbnail sale taxable shipping-taxable purchasable product-type-simple\">\n\t<div class=\"col-inner\">\n\t\n<div class=\"badge-container absolute left top z-1\">\n<div class=\"callout badge badge-square\"><div class=\"badge-inner secondary on-sale\"><span class=\"onsale\">-20%<\/span><\/div><\/div>\n<\/div>\n\t<div class=\"product-small box \">\n\t\t<div class=\"box-image\">\n\t\t\t<div class=\"image-fade_in_back\">\n\t\t\t\t<a href=\"https:\/\/www.tendenzeshabbychic.it\/es\/producto\/mantel-blanc-mariclo-150x340-cm-coleccion-caqui\/\">\n\t\t\t\t\t<img loading=\"lazy\" decoding=\"async\" width=\"500\" height=\"500\" src=\"https:\/\/www.tendenzeshabbychic.it\/wp-content\/uploads\/2025\/05\/A38352-1-500x500.jpg\" class=\"attachment-woocommerce_thumbnail size-woocommerce_thumbnail\" alt=\"Mantel Blanc MariCl\u00f2 150x340 cm Colecci\u00f3n Caqui\" srcset=\"https:\/\/www.tendenzeshabbychic.it\/wp-content\/uploads\/2025\/05\/A38352-1-500x500.jpg 500w, https:\/\/www.tendenzeshabbychic.it\/wp-content\/uploads\/2025\/05\/A38352-1-400x400.jpg 400w, https:\/\/www.tendenzeshabbychic.it\/wp-content\/uploads\/2025\/05\/A38352-1-800x800.jpg 800w, https:\/\/www.tendenzeshabbychic.it\/wp-content\/uploads\/2025\/05\/A38352-1-280x280.jpg 280w, https:\/\/www.tendenzeshabbychic.it\/wp-content\/uploads\/2025\/05\/A38352-1-768x768.jpg 768w, https:\/\/www.tendenzeshabbychic.it\/wp-content\/uploads\/2025\/05\/A38352-1-100x100.jpg 100w, https:\/\/www.tendenzeshabbychic.it\/wp-content\/uploads\/2025\/05\/A38352-1-64x64.jpg 64w, https:\/\/www.tendenzeshabbychic.it\/wp-content\/uploads\/2025\/05\/A38352-1.jpg 1000w\" sizes=\"auto, (max-width: 500px) 100vw, 500px\" \/><img loading=\"lazy\" decoding=\"async\" width=\"500\" height=\"500\" src=\"https:\/\/www.tendenzeshabbychic.it\/wp-content\/uploads\/2025\/05\/A38352-500x500.jpg\" class=\"show-on-hover absolute fill hide-for-small back-image\" alt=\"Tovaglia AUTUNNALE Blanc Maricl\u00f2 con fantasia autunnale di frutti e fiori su base chiara.\" aria-hidden=\"true\" srcset=\"https:\/\/www.tendenzeshabbychic.it\/wp-content\/uploads\/2025\/05\/A38352-500x500.jpg 500w, https:\/\/www.tendenzeshabbychic.it\/wp-content\/uploads\/2025\/05\/A38352-400x400.jpg 400w, https:\/\/www.tendenzeshabbychic.it\/wp-content\/uploads\/2025\/05\/A38352-800x800.jpg 800w, https:\/\/www.tendenzeshabbychic.it\/wp-content\/uploads\/2025\/05\/A38352-280x280.jpg 280w, https:\/\/www.tendenzeshabbychic.it\/wp-content\/uploads\/2025\/05\/A38352-768x768.jpg 768w, https:\/\/www.tendenzeshabbychic.it\/wp-content\/uploads\/2025\/05\/A38352-100x100.jpg 100w, https:\/\/www.tendenzeshabbychic.it\/wp-content\/uploads\/2025\/05\/A38352-64x64.jpg 64w, https:\/\/www.tendenzeshabbychic.it\/wp-content\/uploads\/2025\/05\/A38352.jpg 1000w\" sizes=\"auto, (max-width: 500px) 100vw, 500px\" \/>\t\t\t\t<\/a>\n\t\t\t<\/div>\n\t\t\t<div class=\"image-tools is-small top right show-on-hover\">\n\t\t\t\t\t\t\t<\/div>\n\t\t\t<div class=\"image-tools is-small hide-for-small bottom left show-on-hover\">\n\t\t\t\t\t\t\t<\/div>\n\t\t\t<div class=\"image-tools grid-tools text-center hide-for-small bottom hover-slide-in show-on-hover\">\n\t\t\t\t\t\t\t<\/div>\n\t\t\t\t\t<\/div>\n\n\t\t<div class=\"box-text box-text-products\">\n\t\t\t<div class=\"title-wrapper\"><p class=\"name product-title woocommerce-loop-product__title\"><a href=\"https:\/\/www.tendenzeshabbychic.it\/es\/producto\/mantel-blanc-mariclo-150x340-cm-coleccion-caqui\/\" class=\"woocommerce-LoopProduct-link woocommerce-loop-product__link\">Mantel Blanc MariCl\u00f2 150&#215;340 cm Colecci\u00f3n Caqui<\/a><\/p><\/div><div class=\"price-wrapper\">\n\t<span class=\"price\"><del aria-hidden=\"true\"><span class=\"woocommerce-Price-amount amount\"><bdi>119,00&nbsp;<span class=\"woocommerce-Price-currencySymbol\" translate=\"no\">&euro;<\/span><\/bdi><\/span><\/del> <span class=\"screen-reader-text\">El precio original era: 119,00&nbsp;&euro;.<\/span><ins aria-hidden=\"true\"><span class=\"woocommerce-Price-amount amount\"><bdi>95,20&nbsp;<span class=\"woocommerce-Price-currencySymbol\" translate=\"no\">&euro;<\/span><\/bdi><\/span><\/ins><span class=\"screen-reader-text\">El precio actual es: 95,20&nbsp;&euro;.<\/span><\/span>\n<\/div>\t\t<\/div>\n\t<\/div>\n\t\t\t\t<input type=\"hidden\" class=\"pmwProductId\" data-id=\"183796\">\n\t\t\t\t\t<script>\n\t\t\t(window.pmwDataLayer = window.pmwDataLayer || {}).products                = window.pmwDataLayer.products || {};\n\t\t\twindow.pmwDataLayer.products[183796] = {\"id\":\"183796\",\"sku\":\"A38352\",\"price\":95.2,\"brand\":\"\",\"quantity\":1,\"dyn_r_ids\":{\"post_id\":\"183796\",\"sku\":\"A38352\",\"gpf\":\"woocommerce_gpf_183796\",\"gla\":\"gla_183796\"},\"is_variable\":false,\"type\":\"simple\",\"name\":\"Mantel Blanc MariCl\u00f2 150x340 cm Colecci\u00f3n Caqui\",\"category\":[\"Manteles shabby chic y estilo country | Shabby Chic\",\"La mesa\"],\"is_variation\":false};\n\t\t\t\t\twindow.pmw_product_position = window.pmw_product_position || 1;\n\t\twindow.pmwDataLayer.products[183796]['position'] = window.pmw_product_position++;\n\t\t\t\t<\/script>\n\t\t\t<\/div>\n<\/div><div class=\"product-small col has-hover product type-product post-101628 status-publish instock product_cat-servilletas product_tag-comedor product_tag-ventas has-post-thumbnail sale taxable shipping-taxable purchasable product-type-simple\">\n\t<div class=\"col-inner\">\n\t\n<div class=\"badge-container absolute left top z-1\">\n<div class=\"callout badge badge-square\"><div class=\"badge-inner secondary on-sale\"><span class=\"onsale\">-30%<\/span><\/div><\/div>\n<\/div>\n\t<div class=\"product-small box \">\n\t\t<div class=\"box-image\">\n\t\t\t<div class=\"image-fade_in_back\">\n\t\t\t\t<a href=\"https:\/\/www.tendenzeshabbychic.it\/es\/producto\/servilleta-rosa-con-galetta-3-cm-45x45\/\">\n\t\t\t\t\t<img loading=\"lazy\" decoding=\"async\" width=\"500\" height=\"500\" src=\"https:\/\/www.tendenzeshabbychic.it\/wp-content\/uploads\/2023\/05\/Tovagliolo-rosa-con-galetta-3-cm-45x45-1-500x500.webp\" class=\"attachment-woocommerce_thumbnail size-woocommerce_thumbnail\" alt=\"Servilleta rosa con galetta 3 cm 45x45\" srcset=\"https:\/\/www.tendenzeshabbychic.it\/wp-content\/uploads\/2023\/05\/Tovagliolo-rosa-con-galetta-3-cm-45x45-1-500x500.webp 500w, https:\/\/www.tendenzeshabbychic.it\/wp-content\/uploads\/2023\/05\/Tovagliolo-rosa-con-galetta-3-cm-45x45-1-400x400.webp 400w, https:\/\/www.tendenzeshabbychic.it\/wp-content\/uploads\/2023\/05\/Tovagliolo-rosa-con-galetta-3-cm-45x45-1-800x800.webp 800w, https:\/\/www.tendenzeshabbychic.it\/wp-content\/uploads\/2023\/05\/Tovagliolo-rosa-con-galetta-3-cm-45x45-1-280x280.webp 280w, https:\/\/www.tendenzeshabbychic.it\/wp-content\/uploads\/2023\/05\/Tovagliolo-rosa-con-galetta-3-cm-45x45-1-768x768.webp 768w, https:\/\/www.tendenzeshabbychic.it\/wp-content\/uploads\/2023\/05\/Tovagliolo-rosa-con-galetta-3-cm-45x45-1-100x100.webp 100w, https:\/\/www.tendenzeshabbychic.it\/wp-content\/uploads\/2023\/05\/Tovagliolo-rosa-con-galetta-3-cm-45x45-1-64x64.webp 64w, https:\/\/www.tendenzeshabbychic.it\/wp-content\/uploads\/2023\/05\/Tovagliolo-rosa-con-galetta-3-cm-45x45-1.webp 1000w\" sizes=\"auto, (max-width: 500px) 100vw, 500px\" \/><img loading=\"lazy\" decoding=\"async\" width=\"500\" height=\"500\" src=\"https:\/\/www.tendenzeshabbychic.it\/wp-content\/uploads\/2023\/05\/dustyrose-blanc-mariclo-500x500.webp\" class=\"show-on-hover absolute fill hide-for-small back-image\" alt=\"Blanc Mariclo, mantel rosa\" aria-hidden=\"true\" srcset=\"https:\/\/www.tendenzeshabbychic.it\/wp-content\/uploads\/2023\/05\/dustyrose-blanc-mariclo-500x500.webp 500w, https:\/\/www.tendenzeshabbychic.it\/wp-content\/uploads\/2023\/05\/dustyrose-blanc-mariclo-100x100.webp 100w, https:\/\/www.tendenzeshabbychic.it\/wp-content\/uploads\/2023\/05\/dustyrose-blanc-mariclo-64x64.webp 64w, https:\/\/www.tendenzeshabbychic.it\/wp-content\/uploads\/2023\/05\/dustyrose-blanc-mariclo-400x400.webp 400w, https:\/\/www.tendenzeshabbychic.it\/wp-content\/uploads\/2023\/05\/dustyrose-blanc-mariclo-800x800.webp 800w, https:\/\/www.tendenzeshabbychic.it\/wp-content\/uploads\/2023\/05\/dustyrose-blanc-mariclo-280x280.webp 280w, https:\/\/www.tendenzeshabbychic.it\/wp-content\/uploads\/2023\/05\/dustyrose-blanc-mariclo-768x768.webp 768w, https:\/\/www.tendenzeshabbychic.it\/wp-content\/uploads\/2023\/05\/dustyrose-blanc-mariclo.webp 1000w\" sizes=\"auto, (max-width: 500px) 100vw, 500px\" \/>\t\t\t\t<\/a>\n\t\t\t<\/div>\n\t\t\t<div class=\"image-tools is-small top right show-on-hover\">\n\t\t\t\t\t\t\t<\/div>\n\t\t\t<div class=\"image-tools is-small hide-for-small bottom left show-on-hover\">\n\t\t\t\t\t\t\t<\/div>\n\t\t\t<div class=\"image-tools grid-tools text-center hide-for-small bottom hover-slide-in show-on-hover\">\n\t\t\t\t\t\t\t<\/div>\n\t\t\t\t\t<\/div>\n\n\t\t<div class=\"box-text box-text-products\">\n\t\t\t<div class=\"title-wrapper\"><p class=\"name product-title woocommerce-loop-product__title\"><a href=\"https:\/\/www.tendenzeshabbychic.it\/es\/producto\/servilleta-rosa-con-galetta-3-cm-45x45\/\" class=\"woocommerce-LoopProduct-link woocommerce-loop-product__link\">Servilleta rosa con galetta 3 cm 45&#215;45<\/a><\/p><\/div><div class=\"price-wrapper\">\n\t<span class=\"price\"><del aria-hidden=\"true\"><span class=\"woocommerce-Price-amount amount\"><bdi>7,00&nbsp;<span class=\"woocommerce-Price-currencySymbol\" translate=\"no\">&euro;<\/span><\/bdi><\/span><\/del> <span class=\"screen-reader-text\">El precio original era: 7,00&nbsp;&euro;.<\/span><ins aria-hidden=\"true\"><span class=\"woocommerce-Price-amount amount\"><bdi>4,90&nbsp;<span class=\"woocommerce-Price-currencySymbol\" translate=\"no\">&euro;<\/span><\/bdi><\/span><\/ins><span class=\"screen-reader-text\">El precio actual es: 4,90&nbsp;&euro;.<\/span><\/span>\n<\/div>\t\t<\/div>\n\t<\/div>\n\t\t\t\t<input type=\"hidden\" class=\"pmwProductId\" data-id=\"101628\">\n\t\t\t\t\t<script>\n\t\t\t(window.pmwDataLayer = window.pmwDataLayer || {}).products                = window.pmwDataLayer.products || {};\n\t\t\twindow.pmwDataLayer.products[101628] = {\"id\":\"101628\",\"sku\":\"A3401999DR\",\"price\":4.9,\"brand\":\"\",\"quantity\":1,\"dyn_r_ids\":{\"post_id\":\"101628\",\"sku\":\"A3401999DR\",\"gpf\":\"woocommerce_gpf_101628\",\"gla\":\"gla_101628\"},\"is_variable\":false,\"type\":\"simple\",\"name\":\"Servilleta rosa con galetta 3 cm 45x45\",\"category\":[\"Servilletas\"],\"is_variation\":false};\n\t\t\t\t\twindow.pmw_product_position = window.pmw_product_position || 1;\n\t\twindow.pmwDataLayer.products[101628]['position'] = window.pmw_product_position++;\n\t\t\t\t<\/script>\n\t\t\t<\/div>\n<\/div><div class=\"product-small col has-hover product type-product post-101509 status-publish last instock product_cat-sabanas-matrimoniales product_tag-dormitorio product_tag-encaje-sangallo product_tag-made-in-italy-es has-post-thumbnail sale taxable shipping-taxable purchasable product-type-variable\">\n\t<div class=\"col-inner\">\n\t\n<div class=\"badge-container absolute left top z-1\">\n<div class=\"callout badge badge-square\"><div class=\"badge-inner secondary on-sale\"><span class=\"onsale\">-8%<\/span><\/div><\/div>\n<\/div>\n\t<div class=\"product-small box \">\n\t\t<div class=\"box-image\">\n\t\t\t<div class=\"image-fade_in_back\">\n\t\t\t\t<a href=\"https:\/\/www.tendenzeshabbychic.it\/es\/producto\/par-sabanas-con-encaje-sangallo-nicole\/\">\n\t\t\t\t\t<img loading=\"lazy\" decoding=\"async\" width=\"500\" height=\"500\" src=\"https:\/\/www.tendenzeshabbychic.it\/wp-content\/uploads\/2019\/07\/lenzuola-nicole-atelier-17-bianco-500x500.jpg\" class=\"attachment-woocommerce_thumbnail size-woocommerce_thumbnail\" alt=\"hojas de taller 17\" srcset=\"https:\/\/www.tendenzeshabbychic.it\/wp-content\/uploads\/2019\/07\/lenzuola-nicole-atelier-17-bianco-500x500.jpg 500w, https:\/\/www.tendenzeshabbychic.it\/wp-content\/uploads\/2019\/07\/lenzuola-nicole-atelier-17-bianco-100x100.jpg 100w, https:\/\/www.tendenzeshabbychic.it\/wp-content\/uploads\/2019\/07\/lenzuola-nicole-atelier-17-bianco-150x150.jpg 150w, https:\/\/www.tendenzeshabbychic.it\/wp-content\/uploads\/2019\/07\/lenzuola-nicole-atelier-17-bianco-247x247.jpg 247w\" sizes=\"auto, (max-width: 500px) 100vw, 500px\" \/><img loading=\"lazy\" decoding=\"async\" width=\"500\" height=\"500\" src=\"https:\/\/www.tendenzeshabbychic.it\/wp-content\/uploads\/2023\/04\/pizzo-sangallo-nicole-500x500.webp\" class=\"show-on-hover absolute fill hide-for-small back-image\" alt=\"encaje sangallo nicole\" aria-hidden=\"true\" srcset=\"https:\/\/www.tendenzeshabbychic.it\/wp-content\/uploads\/2023\/04\/pizzo-sangallo-nicole-500x500.webp 500w, https:\/\/www.tendenzeshabbychic.it\/wp-content\/uploads\/2023\/04\/pizzo-sangallo-nicole-100x100.webp 100w, https:\/\/www.tendenzeshabbychic.it\/wp-content\/uploads\/2023\/04\/pizzo-sangallo-nicole-64x64.webp 64w, https:\/\/www.tendenzeshabbychic.it\/wp-content\/uploads\/2023\/04\/pizzo-sangallo-nicole-400x400.webp 400w, https:\/\/www.tendenzeshabbychic.it\/wp-content\/uploads\/2023\/04\/pizzo-sangallo-nicole-800x800.webp 800w, https:\/\/www.tendenzeshabbychic.it\/wp-content\/uploads\/2023\/04\/pizzo-sangallo-nicole-280x280.webp 280w, https:\/\/www.tendenzeshabbychic.it\/wp-content\/uploads\/2023\/04\/pizzo-sangallo-nicole-768x768.webp 768w, https:\/\/www.tendenzeshabbychic.it\/wp-content\/uploads\/2023\/04\/pizzo-sangallo-nicole.webp 1000w\" sizes=\"auto, (max-width: 500px) 100vw, 500px\" \/>\t\t\t\t<\/a>\n\t\t\t<\/div>\n\t\t\t<div class=\"image-tools is-small top right show-on-hover\">\n\t\t\t\t\t\t\t<\/div>\n\t\t\t<div class=\"image-tools is-small hide-for-small bottom left show-on-hover\">\n\t\t\t\t\t\t\t<\/div>\n\t\t\t<div class=\"image-tools grid-tools text-center hide-for-small bottom hover-slide-in show-on-hover\">\n\t\t\t\t\t\t\t<\/div>\n\t\t\t\t\t<\/div>\n\n\t\t<div class=\"box-text box-text-products\">\n\t\t\t<div class=\"ux-swatches ux-swatches-in-loop ux-swatches--circle ux-swatches--small\" role=\"radiogroup\" data-flatsome-role-radiogroup><div data-image-src=\"https:\/\/www.tendenzeshabbychic.it\/wp-content\/uploads\/2020\/06\/nicole-bianca-500x500.jpg\" data-image-srcset=\"https:\/\/www.tendenzeshabbychic.it\/wp-content\/uploads\/2020\/06\/nicole-bianca-500x500.jpg 500w, https:\/\/www.tendenzeshabbychic.it\/wp-content\/uploads\/2020\/06\/nicole-bianca-100x100.jpg 100w, https:\/\/www.tendenzeshabbychic.it\/wp-content\/uploads\/2020\/06\/nicole-bianca-280x280.jpg 280w, https:\/\/www.tendenzeshabbychic.it\/wp-content\/uploads\/2020\/06\/nicole-bianca-247x247.jpg 247w\" data-image-sizes=\"(max-width: 500px) 100vw, 500px\" data-attribute_name=\"attribute_pa_colore\" data-value=\"blanco\" aria-label=\"Blanco\" role=\"radio\" aria-checked=\"false\" tabindex=\"0\" class=\"ux-swatch ux-swatch--color\"><span class=\"ux-swatch__color ux-swatch__color--single-color\" style=\"--swatch-color: #ffffff\"><\/span><span class=\"ux-swatch__text\">Blanco<\/span><\/div><div data-image-src=\"https:\/\/www.tendenzeshabbychic.it\/wp-content\/uploads\/2020\/06\/nicoleavorio-2-500x500.jpg\" data-image-srcset=\"https:\/\/www.tendenzeshabbychic.it\/wp-content\/uploads\/2020\/06\/nicoleavorio-2-500x500.jpg 500w, https:\/\/www.tendenzeshabbychic.it\/wp-content\/uploads\/2020\/06\/nicoleavorio-2-100x100.jpg 100w, https:\/\/www.tendenzeshabbychic.it\/wp-content\/uploads\/2020\/06\/nicoleavorio-2-280x280.jpg 280w, https:\/\/www.tendenzeshabbychic.it\/wp-content\/uploads\/2020\/06\/nicoleavorio-2-247x247.jpg 247w\" data-image-sizes=\"(max-width: 500px) 100vw, 500px\" data-attribute_name=\"attribute_pa_colore\" data-value=\"marfil\" aria-label=\"Marfil\" role=\"radio\" aria-checked=\"false\" tabindex=\"0\" class=\"ux-swatch ux-swatch--color\"><span class=\"ux-swatch__color ux-swatch__color--single-color\" style=\"--swatch-color: #fffff0\"><\/span><span class=\"ux-swatch__text\">Marfil<\/span><\/div><\/div><div class=\"title-wrapper\"><p class=\"name product-title woocommerce-loop-product__title\"><a href=\"https:\/\/www.tendenzeshabbychic.it\/es\/producto\/par-sabanas-con-encaje-sangallo-nicole\/\" class=\"woocommerce-LoopProduct-link woocommerce-loop-product__link\">Par de s\u00e1banas de encaje sangallo Nicole<\/a><\/p><\/div><div class=\"price-wrapper\"><div class=\"star-rating star-rating--inline\" role=\"img\" aria-label=\"Valorado con 4.78 de 5\"><span style=\"width:95.6%\">Valorado con <strong class=\"rating\">4.78<\/strong> de 5<\/span><\/div>\n\t<span class=\"price\"><del aria-hidden=\"true\"><span class=\"woocommerce-Price-amount amount\"><bdi>119,00&nbsp;<span class=\"woocommerce-Price-currencySymbol\" translate=\"no\">&euro;<\/span><\/bdi><\/span><\/del> <span class=\"screen-reader-text\">El precio original era: 119,00&nbsp;&euro;.<\/span><ins aria-hidden=\"true\"><span class=\"woocommerce-Price-amount amount\"><bdi>109,90&nbsp;<span class=\"woocommerce-Price-currencySymbol\" translate=\"no\">&euro;<\/span><\/bdi><\/span><\/ins><span class=\"screen-reader-text\">El precio actual es: 109,90&nbsp;&euro;.<\/span><\/span>\n<\/div>\t\t<\/div>\n\t<\/div>\n\t\t\t\t<input type=\"hidden\" class=\"pmwProductId\" data-id=\"101509\">\n\t\t\t\t\t<script>\n\t\t\t(window.pmwDataLayer = window.pmwDataLayer || {}).products                = window.pmwDataLayer.products || {};\n\t\t\twindow.pmwDataLayer.products[101509] = {\"id\":\"101509\",\"sku\":\"LE.000234\",\"price\":109.9,\"brand\":\"\",\"quantity\":1,\"dyn_r_ids\":{\"post_id\":\"101509\",\"sku\":\"LE.000234\",\"gpf\":\"woocommerce_gpf_101509\",\"gla\":\"gla_101509\"},\"is_variable\":true,\"type\":\"variable\",\"name\":\"Par de s\u00e1banas de encaje sangallo Nicole\",\"category\":[\"Sabanas Matrimoniales\"],\"is_variation\":false};\n\t\t\t\t\twindow.pmw_product_position = window.pmw_product_position || 1;\n\t\twindow.pmwDataLayer.products[101509]['position'] = window.pmw_product_position++;\n\t\t\t\t<\/script>\n\t\t\t<\/div>\n<\/div><div class=\"product-small col has-hover product type-product post-101497 status-publish first instock product_cat-sabanas-individuales product_tag-encaje product_tag-made-in-italy-es product_tag-sophie-es has-post-thumbnail sale taxable shipping-taxable purchasable product-type-variable\">\n\t<div class=\"col-inner\">\n\t\n<div class=\"badge-container absolute left top z-1\">\n<div class=\"callout badge badge-square\"><div class=\"badge-inner secondary on-sale\"><span class=\"onsale\">-17%<\/span><\/div><\/div>\n<\/div>\n\t<div class=\"product-small box \">\n\t\t<div class=\"box-image\">\n\t\t\t<div class=\"image-fade_in_back\">\n\t\t\t\t<a href=\"https:\/\/www.tendenzeshabbychic.it\/es\/producto\/sabanas-con-encaje-sophie-1-cuadrado\/\">\n\t\t\t\t\t<img loading=\"lazy\" decoding=\"async\" width=\"500\" height=\"500\" src=\"https:\/\/www.tendenzeshabbychic.it\/wp-content\/uploads\/2021\/05\/LENZUOLA-IN-PIZZO-SOPHIE-500x500.jpg\" class=\"attachment-woocommerce_thumbnail size-woocommerce_thumbnail\" alt=\"Sophie 1 s\u00e1bana con encaje\" srcset=\"https:\/\/www.tendenzeshabbychic.it\/wp-content\/uploads\/2021\/05\/LENZUOLA-IN-PIZZO-SOPHIE-500x500.jpg 500w, https:\/\/www.tendenzeshabbychic.it\/wp-content\/uploads\/2021\/05\/LENZUOLA-IN-PIZZO-SOPHIE-100x100.jpg 100w, https:\/\/www.tendenzeshabbychic.it\/wp-content\/uploads\/2021\/05\/LENZUOLA-IN-PIZZO-SOPHIE-280x280.jpg 280w, https:\/\/www.tendenzeshabbychic.it\/wp-content\/uploads\/2021\/05\/LENZUOLA-IN-PIZZO-SOPHIE-247x247.jpg 247w\" sizes=\"auto, (max-width: 500px) 100vw, 500px\" \/><img loading=\"lazy\" decoding=\"async\" width=\"500\" height=\"500\" src=\"https:\/\/www.tendenzeshabbychic.it\/wp-content\/uploads\/2020\/06\/sophie-rosa-500x500.jpg\" class=\"show-on-hover absolute fill hide-for-small back-image\" alt=\"Alternative view of Sophie 1 s\u00e1bana con encaje\" aria-hidden=\"true\" srcset=\"https:\/\/www.tendenzeshabbychic.it\/wp-content\/uploads\/2020\/06\/sophie-rosa-500x500.jpg 500w, https:\/\/www.tendenzeshabbychic.it\/wp-content\/uploads\/2020\/06\/sophie-rosa-100x100.jpg 100w, https:\/\/www.tendenzeshabbychic.it\/wp-content\/uploads\/2020\/06\/sophie-rosa-280x280.jpg 280w, https:\/\/www.tendenzeshabbychic.it\/wp-content\/uploads\/2020\/06\/sophie-rosa-247x247.jpg 247w\" sizes=\"auto, (max-width: 500px) 100vw, 500px\" \/>\t\t\t\t<\/a>\n\t\t\t<\/div>\n\t\t\t<div class=\"image-tools is-small top right show-on-hover\">\n\t\t\t\t\t\t\t<\/div>\n\t\t\t<div class=\"image-tools is-small hide-for-small bottom left show-on-hover\">\n\t\t\t\t\t\t\t<\/div>\n\t\t\t<div class=\"image-tools grid-tools text-center hide-for-small bottom hover-slide-in show-on-hover\">\n\t\t\t\t\t\t\t<\/div>\n\t\t\t\t\t<\/div>\n\n\t\t<div class=\"box-text box-text-products\">\n\t\t\t<div class=\"ux-swatches ux-swatches-in-loop ux-swatches--circle ux-swatches--small\" role=\"radiogroup\" data-flatsome-role-radiogroup><div data-image-src=\"https:\/\/www.tendenzeshabbychic.it\/wp-content\/uploads\/2020\/06\/sofie-bianca-500x500.jpg\" data-image-srcset=\"https:\/\/www.tendenzeshabbychic.it\/wp-content\/uploads\/2020\/06\/sofie-bianca-500x500.jpg 500w, https:\/\/www.tendenzeshabbychic.it\/wp-content\/uploads\/2020\/06\/sofie-bianca-100x100.jpg 100w, https:\/\/www.tendenzeshabbychic.it\/wp-content\/uploads\/2020\/06\/sofie-bianca-280x280.jpg 280w, https:\/\/www.tendenzeshabbychic.it\/wp-content\/uploads\/2020\/06\/sofie-bianca-247x247.jpg 247w\" data-image-sizes=\"(max-width: 500px) 100vw, 500px\" data-attribute_name=\"attribute_pa_colore\" data-value=\"blanco\" aria-label=\"Blanco\" role=\"radio\" aria-checked=\"false\" tabindex=\"0\" class=\"ux-swatch ux-swatch--color\"><span class=\"ux-swatch__color ux-swatch__color--single-color\" style=\"--swatch-color: #ffffff\"><\/span><span class=\"ux-swatch__text\">Blanco<\/span><\/div><div data-image-src=\"https:\/\/www.tendenzeshabbychic.it\/wp-content\/uploads\/2020\/06\/sophie-avorio-2-500x500.jpg\" data-image-srcset=\"https:\/\/www.tendenzeshabbychic.it\/wp-content\/uploads\/2020\/06\/sophie-avorio-2-500x500.jpg 500w, https:\/\/www.tendenzeshabbychic.it\/wp-content\/uploads\/2020\/06\/sophie-avorio-2-100x100.jpg 100w, https:\/\/www.tendenzeshabbychic.it\/wp-content\/uploads\/2020\/06\/sophie-avorio-2-280x280.jpg 280w, https:\/\/www.tendenzeshabbychic.it\/wp-content\/uploads\/2020\/06\/sophie-avorio-2-247x247.jpg 247w\" data-image-sizes=\"(max-width: 500px) 100vw, 500px\" data-attribute_name=\"attribute_pa_colore\" data-value=\"marfil\" aria-label=\"Marfil\" role=\"radio\" aria-checked=\"false\" tabindex=\"0\" class=\"ux-swatch ux-swatch--color\"><span class=\"ux-swatch__color ux-swatch__color--single-color\" style=\"--swatch-color: #fffff0\"><\/span><span class=\"ux-swatch__text\">Marfil<\/span><\/div><\/div><div class=\"title-wrapper\"><p class=\"name product-title woocommerce-loop-product__title\"><a href=\"https:\/\/www.tendenzeshabbychic.it\/es\/producto\/sabanas-con-encaje-sophie-1-cuadrado\/\" class=\"woocommerce-LoopProduct-link woocommerce-loop-product__link\">Sophie 1 s\u00e1bana con encaje<\/a><\/p><\/div><div class=\"price-wrapper\"><div class=\"star-rating star-rating--inline\" role=\"img\" aria-label=\"Valorado con 5 de 5\"><span style=\"width:100%\">Valorado con <strong class=\"rating\">5<\/strong> de 5<\/span><\/div>\n\t<span class=\"price\"><del aria-hidden=\"true\"><span class=\"woocommerce-Price-amount amount\"><bdi>59,90&nbsp;<span class=\"woocommerce-Price-currencySymbol\" translate=\"no\">&euro;<\/span><\/bdi><\/span><\/del> <span class=\"screen-reader-text\">El precio original era: 59,90&nbsp;&euro;.<\/span><ins aria-hidden=\"true\"><span class=\"woocommerce-Price-amount amount\"><bdi>49,90&nbsp;<span class=\"woocommerce-Price-currencySymbol\" translate=\"no\">&euro;<\/span><\/bdi><\/span><\/ins><span class=\"screen-reader-text\">El precio actual es: 49,90&nbsp;&euro;.<\/span><\/span>\n<\/div>\t\t<\/div>\n\t<\/div>\n\t\t\t\t<input type=\"hidden\" class=\"pmwProductId\" data-id=\"101497\">\n\t\t\t\t\t<script>\n\t\t\t(window.pmwDataLayer = window.pmwDataLayer || {}).products                = window.pmwDataLayer.products || {};\n\t\t\twindow.pmwDataLayer.products[101497] = {\"id\":\"101497\",\"sku\":\"SOPHLZ2530-1\",\"price\":50,\"brand\":\"\",\"quantity\":1,\"dyn_r_ids\":{\"post_id\":\"101497\",\"sku\":\"SOPHLZ2530-1\",\"gpf\":\"woocommerce_gpf_101497\",\"gla\":\"gla_101497\"},\"is_variable\":true,\"type\":\"variable\",\"name\":\"Sophie 1 s\u00e1bana con encaje\",\"category\":[\"S\u00e1banas individuales\"],\"is_variation\":false};\n\t\t\t\t\twindow.pmw_product_position = window.pmw_product_position || 1;\n\t\twindow.pmwDataLayer.products[101497]['position'] = window.pmw_product_position++;\n\t\t\t\t<\/script>\n\t\t\t<\/div>\n<\/div><div class=\"product-small col has-hover product type-product post-101488 status-publish instock product_cat-una-sabana-y-media product_tag-encaje product_tag-made-in-italy-es product_tag-sophie-es has-post-thumbnail sale taxable shipping-taxable purchasable product-type-variable\">\n\t<div class=\"col-inner\">\n\t\n<div class=\"badge-container absolute left top z-1\">\n<div class=\"callout badge badge-square\"><div class=\"badge-inner secondary on-sale\"><span class=\"onsale\">-10%<\/span><\/div><\/div>\n<\/div>\n\t<div class=\"product-small box \">\n\t\t<div class=\"box-image\">\n\t\t\t<div class=\"image-fade_in_back\">\n\t\t\t\t<a href=\"https:\/\/www.tendenzeshabbychic.it\/es\/producto\/sabanas-con-encaje-sophie-1-cuadrado-y-medio\/\">\n\t\t\t\t\t<img loading=\"lazy\" decoding=\"async\" width=\"500\" height=\"500\" src=\"https:\/\/www.tendenzeshabbychic.it\/wp-content\/uploads\/2021\/05\/LENZUOLA-IN-PIZZO-SOPHIE-500x500.jpg\" class=\"attachment-woocommerce_thumbnail size-woocommerce_thumbnail\" alt=\"S\u00e1banas Sophie 1\u00bd con encaje\" srcset=\"https:\/\/www.tendenzeshabbychic.it\/wp-content\/uploads\/2021\/05\/LENZUOLA-IN-PIZZO-SOPHIE-500x500.jpg 500w, https:\/\/www.tendenzeshabbychic.it\/wp-content\/uploads\/2021\/05\/LENZUOLA-IN-PIZZO-SOPHIE-100x100.jpg 100w, https:\/\/www.tendenzeshabbychic.it\/wp-content\/uploads\/2021\/05\/LENZUOLA-IN-PIZZO-SOPHIE-280x280.jpg 280w, https:\/\/www.tendenzeshabbychic.it\/wp-content\/uploads\/2021\/05\/LENZUOLA-IN-PIZZO-SOPHIE-247x247.jpg 247w\" sizes=\"auto, (max-width: 500px) 100vw, 500px\" \/><img loading=\"lazy\" decoding=\"async\" width=\"500\" height=\"500\" src=\"https:\/\/www.tendenzeshabbychic.it\/wp-content\/uploads\/2020\/06\/sophie-rosa-500x500.jpg\" class=\"show-on-hover absolute fill hide-for-small back-image\" alt=\"Alternative view of S\u00e1banas Sophie 1\u00bd con encaje\" aria-hidden=\"true\" srcset=\"https:\/\/www.tendenzeshabbychic.it\/wp-content\/uploads\/2020\/06\/sophie-rosa-500x500.jpg 500w, https:\/\/www.tendenzeshabbychic.it\/wp-content\/uploads\/2020\/06\/sophie-rosa-100x100.jpg 100w, https:\/\/www.tendenzeshabbychic.it\/wp-content\/uploads\/2020\/06\/sophie-rosa-280x280.jpg 280w, https:\/\/www.tendenzeshabbychic.it\/wp-content\/uploads\/2020\/06\/sophie-rosa-247x247.jpg 247w\" sizes=\"auto, (max-width: 500px) 100vw, 500px\" \/>\t\t\t\t<\/a>\n\t\t\t<\/div>\n\t\t\t<div class=\"image-tools is-small top right show-on-hover\">\n\t\t\t\t\t\t\t<\/div>\n\t\t\t<div class=\"image-tools is-small hide-for-small bottom left show-on-hover\">\n\t\t\t\t\t\t\t<\/div>\n\t\t\t<div class=\"image-tools grid-tools text-center hide-for-small bottom hover-slide-in show-on-hover\">\n\t\t\t\t\t\t\t<\/div>\n\t\t\t\t\t<\/div>\n\n\t\t<div class=\"box-text box-text-products\">\n\t\t\t<div class=\"ux-swatches ux-swatches-in-loop ux-swatches--circle ux-swatches--small\" role=\"radiogroup\" data-flatsome-role-radiogroup><div data-image-src=\"https:\/\/www.tendenzeshabbychic.it\/wp-content\/uploads\/2020\/06\/sofie-bianca-500x500.jpg\" data-image-srcset=\"https:\/\/www.tendenzeshabbychic.it\/wp-content\/uploads\/2020\/06\/sofie-bianca-500x500.jpg 500w, https:\/\/www.tendenzeshabbychic.it\/wp-content\/uploads\/2020\/06\/sofie-bianca-100x100.jpg 100w, https:\/\/www.tendenzeshabbychic.it\/wp-content\/uploads\/2020\/06\/sofie-bianca-280x280.jpg 280w, https:\/\/www.tendenzeshabbychic.it\/wp-content\/uploads\/2020\/06\/sofie-bianca-247x247.jpg 247w\" data-image-sizes=\"(max-width: 500px) 100vw, 500px\" data-attribute_name=\"attribute_pa_colore\" data-value=\"blanco\" aria-label=\"Blanco\" role=\"radio\" aria-checked=\"false\" tabindex=\"0\" class=\"ux-swatch ux-swatch--color\"><span class=\"ux-swatch__color ux-swatch__color--single-color\" style=\"--swatch-color: #ffffff\"><\/span><span class=\"ux-swatch__text\">Blanco<\/span><\/div><div data-image-src=\"https:\/\/www.tendenzeshabbychic.it\/wp-content\/uploads\/2020\/06\/sophie-avorio-2-500x500.jpg\" data-image-srcset=\"https:\/\/www.tendenzeshabbychic.it\/wp-content\/uploads\/2020\/06\/sophie-avorio-2-500x500.jpg 500w, https:\/\/www.tendenzeshabbychic.it\/wp-content\/uploads\/2020\/06\/sophie-avorio-2-100x100.jpg 100w, https:\/\/www.tendenzeshabbychic.it\/wp-content\/uploads\/2020\/06\/sophie-avorio-2-280x280.jpg 280w, https:\/\/www.tendenzeshabbychic.it\/wp-content\/uploads\/2020\/06\/sophie-avorio-2-247x247.jpg 247w\" data-image-sizes=\"(max-width: 500px) 100vw, 500px\" data-attribute_name=\"attribute_pa_colore\" data-value=\"marfil\" aria-label=\"Marfil\" role=\"radio\" aria-checked=\"false\" tabindex=\"0\" class=\"ux-swatch ux-swatch--color\"><span class=\"ux-swatch__color ux-swatch__color--single-color\" style=\"--swatch-color: #fffff0\"><\/span><span class=\"ux-swatch__text\">Marfil<\/span><\/div><\/div><div class=\"title-wrapper\"><p class=\"name product-title woocommerce-loop-product__title\"><a href=\"https:\/\/www.tendenzeshabbychic.it\/es\/producto\/sabanas-con-encaje-sophie-1-cuadrado-y-medio\/\" class=\"woocommerce-LoopProduct-link woocommerce-loop-product__link\">S\u00e1banas Sophie 1\u00bd con encaje<\/a><\/p><\/div><div class=\"price-wrapper\"><div class=\"star-rating star-rating--inline\" role=\"img\" aria-label=\"Valorado con 5 de 5\"><span style=\"width:100%\">Valorado con <strong class=\"rating\">5<\/strong> de 5<\/span><\/div>\n\t<span class=\"price\"><del aria-hidden=\"true\"><span class=\"woocommerce-Price-amount amount\"><bdi>66,90&nbsp;<span class=\"woocommerce-Price-currencySymbol\" translate=\"no\">&euro;<\/span><\/bdi><\/span><\/del> <span class=\"screen-reader-text\">El precio original era: 66,90&nbsp;&euro;.<\/span><ins aria-hidden=\"true\"><span class=\"woocommerce-Price-amount amount\"><bdi>59,90&nbsp;<span class=\"woocommerce-Price-currencySymbol\" translate=\"no\">&euro;<\/span><\/bdi><\/span><\/ins><span class=\"screen-reader-text\">El precio actual es: 59,90&nbsp;&euro;.<\/span><\/span>\n<\/div>\t\t<\/div>\n\t<\/div>\n\t\t\t\t<input type=\"hidden\" class=\"pmwProductId\" data-id=\"101488\">\n\t\t\t\t\t<script>\n\t\t\t(window.pmwDataLayer = window.pmwDataLayer || {}).products                = window.pmwDataLayer.products || {};\n\t\t\twindow.pmwDataLayer.products[101488] = {\"id\":\"101488\",\"sku\":\"SOPHLZ2230\",\"price\":59.9,\"brand\":\"\",\"quantity\":1,\"dyn_r_ids\":{\"post_id\":\"101488\",\"sku\":\"SOPHLZ2230\",\"gpf\":\"woocommerce_gpf_101488\",\"gla\":\"gla_101488\"},\"is_variable\":true,\"type\":\"variable\",\"name\":\"S\u00e1banas Sophie 1\u00bd con encaje\",\"category\":[\"Una s\u00e1bana y media\"],\"is_variation\":false};\n\t\t\t\t\twindow.pmw_product_position = window.pmw_product_position || 1;\n\t\twindow.pmwDataLayer.products[101488]['position'] = window.pmw_product_position++;\n\t\t\t\t<\/script>\n\t\t\t<\/div>\n<\/div><div class=\"product-small col has-hover product type-product post-102640 status-publish instock product_cat-cortinas product_tag-comedor product_tag-dormitorio has-post-thumbnail sale taxable shipping-taxable purchasable product-type-variable\">\n\t<div class=\"col-inner\">\n\t\n<div class=\"badge-container absolute left top z-1\">\n<div class=\"callout badge badge-square\"><div class=\"badge-inner secondary on-sale\"><span class=\"onsale\">-8%<\/span><\/div><\/div>\n<\/div>\n\t<div class=\"product-small box \">\n\t\t<div class=\"box-image\">\n\t\t\t<div class=\"image-fade_in_back\">\n\t\t\t\t<a href=\"https:\/\/www.tendenzeshabbychic.it\/es\/producto\/cortina-voile-algodon-con-rouche-etolie-latelier-17\/\">\n\t\t\t\t\t<img loading=\"lazy\" decoding=\"async\" width=\"500\" height=\"500\" src=\"https:\/\/www.tendenzeshabbychic.it\/wp-content\/uploads\/2020\/11\/tenda-etoile-500x500.jpg\" class=\"attachment-woocommerce_thumbnail size-woocommerce_thumbnail\" alt=\"Cortina de gasa de algod\u00f3n con volantes\" srcset=\"https:\/\/www.tendenzeshabbychic.it\/wp-content\/uploads\/2020\/11\/tenda-etoile-500x500.jpg 500w, https:\/\/www.tendenzeshabbychic.it\/wp-content\/uploads\/2020\/11\/tenda-etoile-100x100.jpg 100w\" sizes=\"auto, (max-width: 500px) 100vw, 500px\" \/><img loading=\"lazy\" decoding=\"async\" width=\"500\" height=\"500\" src=\"https:\/\/www.tendenzeshabbychic.it\/wp-content\/uploads\/2020\/11\/tenda-etoile-rosa-2-500x500.jpg\" class=\"show-on-hover absolute fill hide-for-small back-image\" alt=\"Cortina rosa con volantes L&#039;Atelier 17\" aria-hidden=\"true\" srcset=\"https:\/\/www.tendenzeshabbychic.it\/wp-content\/uploads\/2020\/11\/tenda-etoile-rosa-2-500x500.jpg 500w, https:\/\/www.tendenzeshabbychic.it\/wp-content\/uploads\/2020\/11\/tenda-etoile-rosa-2-100x100.jpg 100w, https:\/\/www.tendenzeshabbychic.it\/wp-content\/uploads\/2020\/11\/tenda-etoile-rosa-2-64x64.jpg 64w, https:\/\/www.tendenzeshabbychic.it\/wp-content\/uploads\/2020\/11\/tenda-etoile-rosa-2.jpg 1000w\" sizes=\"auto, (max-width: 500px) 100vw, 500px\" \/>\t\t\t\t<\/a>\n\t\t\t<\/div>\n\t\t\t<div class=\"image-tools is-small top right show-on-hover\">\n\t\t\t\t\t\t\t<\/div>\n\t\t\t<div class=\"image-tools is-small hide-for-small bottom left show-on-hover\">\n\t\t\t\t\t\t\t<\/div>\n\t\t\t<div class=\"image-tools grid-tools text-center hide-for-small bottom hover-slide-in show-on-hover\">\n\t\t\t\t\t\t\t<\/div>\n\t\t\t\t\t<\/div>\n\n\t\t<div class=\"box-text box-text-products\">\n\t\t\t<div class=\"ux-swatches ux-swatches-in-loop ux-swatches--circle ux-swatches--small\" role=\"radiogroup\" data-flatsome-role-radiogroup><div data-image-src=\"https:\/\/www.tendenzeshabbychic.it\/wp-content\/uploads\/2020\/11\/tenda-etoile-avorio-2-500x500.jpg\" data-image-srcset=\"https:\/\/www.tendenzeshabbychic.it\/wp-content\/uploads\/2020\/11\/tenda-etoile-avorio-2-500x500.jpg 500w, https:\/\/www.tendenzeshabbychic.it\/wp-content\/uploads\/2020\/11\/tenda-etoile-avorio-2-100x100.jpg 100w, https:\/\/www.tendenzeshabbychic.it\/wp-content\/uploads\/2020\/11\/tenda-etoile-avorio-2-64x64.jpg 64w, https:\/\/www.tendenzeshabbychic.it\/wp-content\/uploads\/2020\/11\/tenda-etoile-avorio-2.jpg 1000w\" data-image-sizes=\"(max-width: 500px) 100vw, 500px\" data-attribute_name=\"attribute_pa_colore\" data-value=\"marfil\" aria-label=\"Marfil\" role=\"radio\" aria-checked=\"false\" tabindex=\"0\" class=\"ux-swatch ux-swatch--color\"><span class=\"ux-swatch__color ux-swatch__color--single-color\" style=\"--swatch-color: #fffff0\"><\/span><span class=\"ux-swatch__text\">Marfil<\/span><\/div><\/div><div class=\"title-wrapper\"><p class=\"name product-title woocommerce-loop-product__title\"><a href=\"https:\/\/www.tendenzeshabbychic.it\/es\/producto\/cortina-voile-algodon-con-rouche-etolie-latelier-17\/\" class=\"woocommerce-LoopProduct-link woocommerce-loop-product__link\">Cortina de gasa de algod\u00f3n con volantes Etolie L&#8217;Atelier 17<\/a><\/p><\/div><div class=\"price-wrapper\"><div class=\"star-rating star-rating--inline\" role=\"img\" aria-label=\"Valorado con 4.86 de 5\"><span style=\"width:97.2%\">Valorado con <strong class=\"rating\">4.86<\/strong> de 5<\/span><\/div>\n\t<span class=\"price\"><del aria-hidden=\"true\"><span class=\"woocommerce-Price-amount amount\"><bdi>59,90&nbsp;<span class=\"woocommerce-Price-currencySymbol\" translate=\"no\">&euro;<\/span><\/bdi><\/span><\/del> <span class=\"screen-reader-text\">El precio original era: 59,90&nbsp;&euro;.<\/span><ins aria-hidden=\"true\"><span class=\"woocommerce-Price-amount amount\"><bdi>54,90&nbsp;<span class=\"woocommerce-Price-currencySymbol\" translate=\"no\">&euro;<\/span><\/bdi><\/span><\/ins><span class=\"screen-reader-text\">El precio actual es: 54,90&nbsp;&euro;.<\/span><\/span>\n<\/div>\t\t<\/div>\n\t<\/div>\n\t\t\t\t<input type=\"hidden\" class=\"pmwProductId\" data-id=\"102640\">\n\t\t\t\t\t<script>\n\t\t\t(window.pmwDataLayer = window.pmwDataLayer || {}).products                = window.pmwDataLayer.products || {};\n\t\t\twindow.pmwDataLayer.products[102640] = {\"id\":\"102640\",\"sku\":\"TENETOILE\",\"price\":54.9,\"brand\":\"\",\"quantity\":1,\"dyn_r_ids\":{\"post_id\":\"102640\",\"sku\":\"TENETOILE\",\"gpf\":\"woocommerce_gpf_102640\",\"gla\":\"gla_102640\"},\"is_variable\":true,\"type\":\"variable\",\"name\":\"Cortina de gasa de algod\u00f3n con volantes Etolie L\\u0027Atelier 17\",\"category\":[\"Cortinas\"],\"is_variation\":false};\n\t\t\t\t\twindow.pmw_product_position = window.pmw_product_position || 1;\n\t\twindow.pmwDataLayer.products[102640]['position'] = window.pmw_product_position++;\n\t\t\t\t<\/script>\n\t\t\t<\/div>\n<\/div><\/div><!-- row -->\n<div class=\"container\">\n\t<nav class=\"woocommerce-pagination\" aria-label=\"Paginaci\u00f3n de producto\">\n\t\t<ul class=\"page-numbers nav-pagination links text-center\"><li><span aria-current=\"page\" class=\"page-number current\">1<\/span><\/li><li><a class=\"page-number\" href=\"\/es\/wp-json\/wp\/v2\/pages\/100961?product-page=2\">2<\/a><\/li><li><a class=\"page-number\" href=\"\/es\/wp-json\/wp\/v2\/pages\/100961?product-page=3\">3<\/a><\/li><li><a class=\"page-number\" href=\"\/es\/wp-json\/wp\/v2\/pages\/100961?product-page=4\">4<\/a><\/li><li><span class=\"page-number dots\">&hellip;<\/span><\/li><li><a class=\"page-number\" href=\"\/es\/wp-json\/wp\/v2\/pages\/100961?product-page=17\">17<\/a><\/li><li><a class=\"page-number\" href=\"\/es\/wp-json\/wp\/v2\/pages\/100961?product-page=18\">18<\/a><\/li><li><a class=\"page-number\" href=\"\/es\/wp-json\/wp\/v2\/pages\/100961?product-page=19\">19<\/a><\/li><li><a aria-label=\"Next\" class=\"next page-number\" href=\"\/es\/wp-json\/wp\/v2\/pages\/100961?product-page=2\"><i class=\"icon-angle-right\" aria-hidden=\"true\"><\/i><\/a><\/li><\/ul>\t<\/nav>\n<\/div>\n<\/div>\n\n\n\t\t<\/div>\n\t\t\t\t\t<\/div>\n\n\t\n\n<\/div>\n\n","protected":false},"excerpt":{"rendered":"","protected":false},"author":1,"featured_media":0,"parent":0,"menu_order":0,"comment_status":"closed","ping_status":"closed","template":"page-blank-title-center.php","meta":{"_joinchat":[],"footnotes":""},"class_list":["post-100961","page","type-page","status-publish","hentry"],"_links":{"self":[{"href":"https:\/\/www.tendenzeshabbychic.it\/es\/wp-json\/wp\/v2\/pages\/100961","targetHints":{"allow":["GET"]}}],"collection":[{"href":"https:\/\/www.tendenzeshabbychic.it\/es\/wp-json\/wp\/v2\/pages"}],"about":[{"href":"https:\/\/www.tendenzeshabbychic.it\/es\/wp-json\/wp\/v2\/types\/page"}],"author":[{"embeddable":true,"href":"https:\/\/www.tendenzeshabbychic.it\/es\/wp-json\/wp\/v2\/users\/1"}],"replies":[{"embeddable":true,"href":"https:\/\/www.tendenzeshabbychic.it\/es\/wp-json\/wp\/v2\/comments?post=100961"}],"version-history":[{"count":4,"href":"https:\/\/www.tendenzeshabbychic.it\/es\/wp-json\/wp\/v2\/pages\/100961\/revisions"}],"predecessor-version":[{"id":254230,"href":"https:\/\/www.tendenzeshabbychic.it\/es\/wp-json\/wp\/v2\/pages\/100961\/revisions\/254230"}],"wp:attachment":[{"href":"https:\/\/www.tendenzeshabbychic.it\/es\/wp-json\/wp\/v2\/media?parent=100961"}],"curies":[{"name":"wp","href":"https:\/\/api.w.org\/{rel}","templated":true}]}}