{"id":100929,"date":"2022-07-23T19:07:39","date_gmt":"2022-07-23T17:07:39","guid":{"rendered":"https:\/\/www.tendenzeshabbychic.it\/colecciones\/"},"modified":"2026-08-12T14:59:43","modified_gmt":"2026-08-12T12:59:43","slug":"colecciones","status":"publish","type":"page","link":"https:\/\/www.tendenzeshabbychic.it\/es\/colecciones\/","title":{"rendered":"Colecciones"},"content":{"rendered":"\n\n\t<section class=\"section\" id=\"section_974176298\">\n\t\t<div class=\"section-bg fill\" >\n\t\t\t\t\t\t\t\t\t\n\t\t\t\n\n\t\t<\/div>\n\n\t\t\n\n\t\t<div class=\"section-content relative\">\n\t\t\t\n\n<div class=\"row row-collapse row-full-width align-middle\"  id=\"row-1904327390\">\n\n\n\t<div id=\"col-1451636457\" class=\"col medium-6 small-12 large-6\"  >\n\t\t\t\t<div class=\"col-inner\"  >\n\t\t\t\n\t\t\t\n\n\t<div id=\"text-3812147692\" class=\"text\">\n\t\t\n\n<h3 class=\"uppercase thin-font\" style=\"text-align: center;\"><span style=\"font-size: 350%;\"><strong>COLECCIONES<\/strong><\/span><\/h3>\n<p class=\"alt-font\" style=\"text-align: center;\"><span style=\"background-color: #ddbaba; color: #993366;\"><strong><span style=\"font-size: 600%; background-color: #ddbaba;\">Shabby Chic<\/span><\/strong><\/span><\/p>\n\t\t\n<style>\n#text-3812147692 {\n  font-size: 0.75rem;\n  line-height: 1.4;\n}\n@media (min-width:550px) {\n  #text-3812147692 {\n    font-size: 0.85rem;\n  }\n}\n<\/style>\n\t<\/div>\n\t\n\n\t\t<\/div>\n\t\t\t\t\t<\/div>\n\n\t\n\n\t<div id=\"col-684200885\" class=\"col medium-6 small-12 large-6\"  >\n\t\t\t\t<div class=\"col-inner\"  >\n\t\t\t\n\t\t\t\n\n<div class=\"row align-center\"  id=\"row-1509149951\">\n\n\n\t<div id=\"col-1132055548\" class=\"col medium-9 small-12 large-9\"  >\n\t\t\t\t<div class=\"col-inner\"  >\n\t\t\t\n\t\t\t\n\n\t<div id=\"text-507308590\" class=\"text\">\n\t\t\n\n<h2>Todos los art\u00edculos divididos por colecci\u00f3n y estilo<\/h2>\n\t\t\n<style>\n#text-507308590 {\n  font-size: 1.5rem;\n}\n@media (min-width:850px) {\n  #text-507308590 {\n    font-size: 1.5rem;\n  }\n}\n<\/style>\n\t<\/div>\n\t\n<p>En esta secci\u00f3n encontrar\u00e1s todas las colecciones de las mejores marcas de nuestra tienda.<\/p>\n<p>Secci\u00f3n en constante actualizaci\u00f3n, gu\u00e1rdala en tus favoritos \ud83d\ude1c<\/p>\n\t<div id=\"gap-395959283\" class=\"gap-element clearfix\" style=\"display:block; height:auto;\">\n\t\t\n<style>\n#gap-395959283 {\n  padding-top: 20px;\n}\n<\/style>\n\t<\/div>\n\t\n\n\n\t\t<\/div>\n\t\t\t\t\n<style>\n#col-1132055548 > .col-inner {\n  padding: 50px 20px 20px 20px;\n}\n@media (min-width:550px) {\n  #col-1132055548 > .col-inner {\n    padding: 0px 0px 0px 0;\n  }\n}\n<\/style>\n\t<\/div>\n\n\t\n\n<\/div>\n\n\t\t<\/div>\n\t\t\t\t\t<\/div>\n\n\t\n\n<\/div>\n\n\t\t<\/div>\n\n\t\t\n<style>\n#section_974176298 {\n  padding-top: 0px;\n  padding-bottom: 0px;\n}\n<\/style>\n\t<\/section>\n\t\n<div class=\"row row-small\"  id=\"row-975368512\">\n\n\n\t<div id=\"col-1811330727\" class=\"col medium-6 small-12 large-4\"  >\n\t\t\t\t<div class=\"col-inner text-left\"  >\n\t\t\t\n\t\t\t\n\n\t<div class=\"box has-hover   has-hover box-shade dark box-text-bottom\" >\n\n\t\t<div class=\"box-image\" >\n\t\t\t\t\t\t<div class=\"image-cover\" style=\"padding-top:450px;\">\n\t\t\t\t<img loading=\"lazy\" decoding=\"async\" width=\"1000\" height=\"1000\" src=\"https:\/\/www.tendenzeshabbychic.it\/wp-content\/uploads\/2026\/07\/Blanc-Mariclo-Tovaglia-Calessi-e-Calessini-160x320-cm.webp\" class=\"attachment- size-\" alt=\"Mantel navide\u00f1o de Blanc MariCl\u00f2, de algod\u00f3n, con un estampado de la carroza de Pap\u00e1 Noel, caballos blancos, guirnaldas, campanas y adornos navide\u00f1os de la colecci\u00f3n Calessi e Calessini.\" srcset=\"https:\/\/www.tendenzeshabbychic.it\/wp-content\/uploads\/2026\/07\/Blanc-Mariclo-Tovaglia-Calessi-e-Calessini-160x320-cm.webp 1000w, https:\/\/www.tendenzeshabbychic.it\/wp-content\/uploads\/2026\/07\/Blanc-Mariclo-Tovaglia-Calessi-e-Calessini-160x320-cm-400x400.webp 400w, https:\/\/www.tendenzeshabbychic.it\/wp-content\/uploads\/2026\/07\/Blanc-Mariclo-Tovaglia-Calessi-e-Calessini-160x320-cm-800x800.webp 800w, https:\/\/www.tendenzeshabbychic.it\/wp-content\/uploads\/2026\/07\/Blanc-Mariclo-Tovaglia-Calessi-e-Calessini-160x320-cm-280x280.webp 280w, https:\/\/www.tendenzeshabbychic.it\/wp-content\/uploads\/2026\/07\/Blanc-Mariclo-Tovaglia-Calessi-e-Calessini-160x320-cm-768x768.webp 768w, https:\/\/www.tendenzeshabbychic.it\/wp-content\/uploads\/2026\/07\/Blanc-Mariclo-Tovaglia-Calessi-e-Calessini-160x320-cm-500x500.webp 500w, https:\/\/www.tendenzeshabbychic.it\/wp-content\/uploads\/2026\/07\/Blanc-Mariclo-Tovaglia-Calessi-e-Calessini-160x320-cm-100x100.webp 100w, https:\/\/www.tendenzeshabbychic.it\/wp-content\/uploads\/2026\/07\/Blanc-Mariclo-Tovaglia-Calessi-e-Calessini-160x320-cm-64x64.webp 64w\" sizes=\"auto, (max-width: 1000px) 100vw, 1000px\" \/>\t\t\t\t<div class=\"overlay\" style=\"background-color:rgba(54, 43, 43, 0.378)\"><\/div>\t\t\t\t<div class=\"shade\"><\/div>\t\t\t<\/div>\n\t\t\t\t\t<\/div>\n\n\t\t<div class=\"box-text text-left\" >\n\t\t\t<div class=\"box-text-inner\">\n\t\t\t\t\n\n\t<div id=\"text-1743257951\" class=\"text\">\n\t\t\n\n<h3>Calessi y Calessini<\/h3>\n\t\t\n<style>\n#text-1743257951 {\n  font-size: 2rem;\n  line-height: 0.75;\n}\n@media (min-width:550px) {\n  #text-1743257951 {\n    font-size: 2rem;\n  }\n}\n<\/style>\n\t<\/div>\n\t\n\t<div id=\"text-4035399726\" class=\"text\">\n\t\t\n\n<p>Este a\u00f1o, Pap\u00e1 Noel viene en carruaje<\/p>\n\t\t\n<style>\n#text-4035399726 {\n  font-size: 1.5rem;\n}\n<\/style>\n\t<\/div>\n\t\n<a href=\"https:\/\/www.tendenzeshabbychic.it\/es\/etiqueta-producto\/calessi-e-calessini\/\" class=\"button white is-small\" >\n\t\t<span>todos los productos<\/span>\n\t<\/a>\n\n\n\n\t\t\t<\/div>\n\t\t<\/div>\n\t<\/div>\n\t\n\n\t\t<\/div>\n\t\t\t\t\t<\/div>\n\n\t\n\n\t<div id=\"col-2023875248\" class=\"col medium-6 small-12 large-4\"  >\n\t\t\t\t<div class=\"col-inner text-left\"  >\n\t\t\t\n\t\t\t\n\n\t<div class=\"box has-hover   has-hover box-shade dark box-text-bottom\" >\n\n\t\t<div class=\"box-image\" >\n\t\t\t\t\t\t<div class=\"image-cover\" style=\"padding-top:450px;\">\n\t\t\t\t<img loading=\"lazy\" decoding=\"async\" width=\"1000\" height=\"1000\" src=\"https:\/\/www.tendenzeshabbychic.it\/wp-content\/uploads\/2026\/05\/A40230.jpg\" class=\"attachment- size-\" alt=\"\" srcset=\"https:\/\/www.tendenzeshabbychic.it\/wp-content\/uploads\/2026\/05\/A40230.jpg 1000w, https:\/\/www.tendenzeshabbychic.it\/wp-content\/uploads\/2026\/05\/A40230-400x400.jpg 400w, https:\/\/www.tendenzeshabbychic.it\/wp-content\/uploads\/2026\/05\/A40230-800x800.jpg 800w, https:\/\/www.tendenzeshabbychic.it\/wp-content\/uploads\/2026\/05\/A40230-280x280.jpg 280w, https:\/\/www.tendenzeshabbychic.it\/wp-content\/uploads\/2026\/05\/A40230-768x768.jpg 768w, https:\/\/www.tendenzeshabbychic.it\/wp-content\/uploads\/2026\/05\/A40230-500x500.jpg 500w, https:\/\/www.tendenzeshabbychic.it\/wp-content\/uploads\/2026\/05\/A40230-100x100.jpg 100w, https:\/\/www.tendenzeshabbychic.it\/wp-content\/uploads\/2026\/05\/A40230-64x64.jpg 64w\" sizes=\"auto, (max-width: 1000px) 100vw, 1000px\" \/>\t\t\t\t<div class=\"overlay\" style=\"background-color:rgba(54, 43, 43, 0.378)\"><\/div>\t\t\t\t<div class=\"shade\"><\/div>\t\t\t<\/div>\n\t\t\t\t\t<\/div>\n\n\t\t<div class=\"box-text text-left\" >\n\t\t\t<div class=\"box-text-inner\">\n\t\t\t\t\n\n\t<div id=\"text-1777271529\" class=\"text\">\n\t\t\n\n<h3>Jard\u00edn de invierno<\/h3>\n\t\t\n<style>\n#text-1777271529 {\n  font-size: 2rem;\n  line-height: 0.75;\n}\n@media (min-width:550px) {\n  #text-1777271529 {\n    font-size: 2rem;\n  }\n}\n<\/style>\n\t<\/div>\n\t\n\t<div id=\"text-3277016591\" class=\"text\">\n\t\t\n\n<p>Elegancia para las fiestas navide\u00f1as<\/p>\n\t\t\n<style>\n#text-3277016591 {\n  font-size: 1.5rem;\n}\n<\/style>\n\t<\/div>\n\t\n<a href=\"https:\/\/www.tendenzeshabbychic.it\/es\/etiqueta-producto\/giardino-dinverno\/\" class=\"button white is-small\" >\n\t\t<span>todos los productos<\/span>\n\t<\/a>\n\n\n\n\t\t\t<\/div>\n\t\t<\/div>\n\t<\/div>\n\t\n\n\t\t<\/div>\n\t\t\t\t\t<\/div>\n\n\t\n\n\t<div id=\"col-1334672389\" class=\"col medium-6 small-12 large-4\"  >\n\t\t\t\t<div class=\"col-inner text-left\"  >\n\t\t\t\n\t\t\t\n\n\t<div class=\"box has-hover   has-hover box-shade dark box-text-bottom\" >\n\n\t\t<div class=\"box-image\" >\n\t\t\t\t\t\t<div class=\"image-cover\" style=\"padding-top:450px;\">\n\t\t\t\t<img loading=\"lazy\" decoding=\"async\" width=\"1000\" height=\"1000\" src=\"https:\/\/www.tendenzeshabbychic.it\/wp-content\/uploads\/2026\/05\/A40362.jpg\" class=\"attachment- size-\" alt=\"Mantel oto\u00f1al \u00abPromenade Blanc Mariclo\u00bb de algod\u00f3n, con hortensias y hojas de parra sobre fondo marfil\" srcset=\"https:\/\/www.tendenzeshabbychic.it\/wp-content\/uploads\/2026\/05\/A40362.jpg 1000w, https:\/\/www.tendenzeshabbychic.it\/wp-content\/uploads\/2026\/05\/A40362-400x400.jpg 400w, https:\/\/www.tendenzeshabbychic.it\/wp-content\/uploads\/2026\/05\/A40362-800x800.jpg 800w, https:\/\/www.tendenzeshabbychic.it\/wp-content\/uploads\/2026\/05\/A40362-280x280.jpg 280w, https:\/\/www.tendenzeshabbychic.it\/wp-content\/uploads\/2026\/05\/A40362-768x768.jpg 768w, https:\/\/www.tendenzeshabbychic.it\/wp-content\/uploads\/2026\/05\/A40362-500x500.jpg 500w, https:\/\/www.tendenzeshabbychic.it\/wp-content\/uploads\/2026\/05\/A40362-100x100.jpg 100w, https:\/\/www.tendenzeshabbychic.it\/wp-content\/uploads\/2026\/05\/A40362-64x64.jpg 64w\" sizes=\"auto, (max-width: 1000px) 100vw, 1000px\" \/>\t\t\t\t<div class=\"overlay\" style=\"background-color:rgba(54, 43, 43, 0.378)\"><\/div>\t\t\t\t<div class=\"shade\"><\/div>\t\t\t<\/div>\n\t\t\t\t\t<\/div>\n\n\t\t<div class=\"box-text text-left\" >\n\t\t\t<div class=\"box-text-inner\">\n\t\t\t\t\n\n\t<div id=\"text-1556485813\" class=\"text\">\n\t\t\n\n<h3>Paseo mar\u00edtimo<\/h3>\n\t\t\n<style>\n#text-1556485813 {\n  font-size: 2rem;\n  line-height: 0.75;\n}\n@media (min-width:550px) {\n  #text-1556485813 {\n    font-size: 2rem;\n  }\n}\n<\/style>\n\t<\/div>\n\t\n\t<div id=\"text-1893164226\" class=\"text\">\n\t\t\n\n<p>La nueva colecci\u00f3n de oto\u00f1o de 2026<\/p>\n\t\t\n<style>\n#text-1893164226 {\n  font-size: 1.5rem;\n}\n<\/style>\n\t<\/div>\n\t\n<a href=\"https:\/\/www.tendenzeshabbychic.it\/es\/etiqueta-producto\/promenade-es\/\" class=\"button white is-small\" >\n\t\t<span>todos los productos<\/span>\n\t<\/a>\n\n\n\n\t\t\t<\/div>\n\t\t<\/div>\n\t<\/div>\n\t\n\n\t\t<\/div>\n\t\t\t\t\t<\/div>\n\n\t\n\n\t<div id=\"col-1600423601\" class=\"col medium-6 small-12 large-4\"  >\n\t\t\t\t<div class=\"col-inner text-left\"  >\n\t\t\t\n\t\t\t\n\n\t<div class=\"box has-hover   has-hover box-shade dark box-text-bottom\" >\n\n\t\t<div class=\"box-image\" >\n\t\t\t\t\t\t<div class=\"image-cover\" style=\"padding-top:450px;\">\n\t\t\t\t<img loading=\"lazy\" decoding=\"async\" width=\"1000\" height=\"1000\" src=\"https:\/\/www.tendenzeshabbychic.it\/wp-content\/uploads\/2026\/05\/A40706-1.jpg\" class=\"attachment- size-\" alt=\"\" srcset=\"https:\/\/www.tendenzeshabbychic.it\/wp-content\/uploads\/2026\/05\/A40706-1.jpg 1000w, https:\/\/www.tendenzeshabbychic.it\/wp-content\/uploads\/2026\/05\/A40706-1-400x400.jpg 400w, https:\/\/www.tendenzeshabbychic.it\/wp-content\/uploads\/2026\/05\/A40706-1-800x800.jpg 800w, https:\/\/www.tendenzeshabbychic.it\/wp-content\/uploads\/2026\/05\/A40706-1-280x280.jpg 280w, https:\/\/www.tendenzeshabbychic.it\/wp-content\/uploads\/2026\/05\/A40706-1-768x768.jpg 768w, https:\/\/www.tendenzeshabbychic.it\/wp-content\/uploads\/2026\/05\/A40706-1-500x500.jpg 500w, https:\/\/www.tendenzeshabbychic.it\/wp-content\/uploads\/2026\/05\/A40706-1-100x100.jpg 100w, https:\/\/www.tendenzeshabbychic.it\/wp-content\/uploads\/2026\/05\/A40706-1-64x64.jpg 64w\" sizes=\"auto, (max-width: 1000px) 100vw, 1000px\" \/>\t\t\t\t<div class=\"overlay\" style=\"background-color:rgba(54, 43, 43, 0.378)\"><\/div>\t\t\t\t<div class=\"shade\"><\/div>\t\t\t<\/div>\n\t\t\t\t\t<\/div>\n\n\t\t<div class=\"box-text text-left\" >\n\t\t\t<div class=\"box-text-inner\">\n\t\t\t\t\n\n\t<div id=\"text-1837743306\" class=\"text\">\n\t\t\n\n<h3>Toile Du Borgo<\/h3>\n\t\t\n<style>\n#text-1837743306 {\n  font-size: 2rem;\n  line-height: 0.75;\n}\n@media (min-width:550px) {\n  #text-1837743306 {\n    font-size: 2rem;\n  }\n}\n<\/style>\n\t<\/div>\n\t\n\t<div id=\"text-49992527\" class=\"text\">\n\t\t\n\n<p>Celebra el centenario de Blanc Mariclo<\/p>\n\t\t\n<style>\n#text-49992527 {\n  font-size: 1.5rem;\n}\n<\/style>\n\t<\/div>\n\t\n<a href=\"https:\/\/www.tendenzeshabbychic.it\/es\/etiqueta-producto\/toile-du-borgo\/\" class=\"button white is-small\" >\n\t\t<span>todos los productos<\/span>\n\t<\/a>\n\n\n\n\t\t\t<\/div>\n\t\t<\/div>\n\t<\/div>\n\t\n\n\t\t<\/div>\n\t\t\t\t\t<\/div>\n\n\t\n\n\t<div id=\"col-580974451\" class=\"col medium-6 small-12 large-4\"  >\n\t\t\t\t<div class=\"col-inner text-left\"  >\n\t\t\t\n\t\t\t\n\n\t<div class=\"box has-hover   has-hover box-shade dark box-text-bottom\" >\n\n\t\t<div class=\"box-image\" >\n\t\t\t\t\t\t<div class=\"image-cover\" style=\"padding-top:450px;\">\n\t\t\t\t<img loading=\"lazy\" decoding=\"async\" width=\"1000\" height=\"1000\" src=\"https:\/\/www.tendenzeshabbychic.it\/wp-content\/uploads\/2026\/06\/A40133.jpg\" class=\"attachment- size-\" alt=\"\" srcset=\"https:\/\/www.tendenzeshabbychic.it\/wp-content\/uploads\/2026\/06\/A40133.jpg 1000w, https:\/\/www.tendenzeshabbychic.it\/wp-content\/uploads\/2026\/06\/A40133-400x400.jpg 400w, https:\/\/www.tendenzeshabbychic.it\/wp-content\/uploads\/2026\/06\/A40133-800x800.jpg 800w, https:\/\/www.tendenzeshabbychic.it\/wp-content\/uploads\/2026\/06\/A40133-280x280.jpg 280w, https:\/\/www.tendenzeshabbychic.it\/wp-content\/uploads\/2026\/06\/A40133-768x768.jpg 768w, https:\/\/www.tendenzeshabbychic.it\/wp-content\/uploads\/2026\/06\/A40133-500x500.jpg 500w, https:\/\/www.tendenzeshabbychic.it\/wp-content\/uploads\/2026\/06\/A40133-100x100.jpg 100w, https:\/\/www.tendenzeshabbychic.it\/wp-content\/uploads\/2026\/06\/A40133-64x64.jpg 64w\" sizes=\"auto, (max-width: 1000px) 100vw, 1000px\" \/>\t\t\t\t<div class=\"overlay\" style=\"background-color:rgba(54, 43, 43, 0.378)\"><\/div>\t\t\t\t<div class=\"shade\"><\/div>\t\t\t<\/div>\n\t\t\t\t\t<\/div>\n\n\t\t<div class=\"box-text text-left\" >\n\t\t\t<div class=\"box-text-inner\">\n\t\t\t\t\n\n\t<div id=\"text-484159518\" class=\"text\">\n\t\t\n\n<h3>Corazones encantados<\/h3>\n\t\t\n<style>\n#text-484159518 {\n  font-size: 2rem;\n  line-height: 0.75;\n}\n@media (min-width:550px) {\n  #text-484159518 {\n    font-size: 2rem;\n  }\n}\n<\/style>\n\t<\/div>\n\t\n\t<div id=\"text-1703641743\" class=\"text\">\n\t\t\n\n<p>Corazoncitos y Tartan<\/p>\n\t\t\n<style>\n#text-1703641743 {\n  font-size: 1.5rem;\n}\n<\/style>\n\t<\/div>\n\t\n<a href=\"https:\/\/www.tendenzeshabbychic.it\/es\/etiqueta-producto\/cuori-incantati\/\" class=\"button white is-small\" >\n\t\t<span>todos los productos<\/span>\n\t<\/a>\n\n\n\n\t\t\t<\/div>\n\t\t<\/div>\n\t<\/div>\n\t\n\n\t\t<\/div>\n\t\t\t\t\t<\/div>\n\n\t\n\n\t<div id=\"col-74616444\" class=\"col medium-6 small-12 large-4\"  >\n\t\t\t\t<div class=\"col-inner text-left\"  >\n\t\t\t\n\t\t\t\n\n\t<div class=\"box has-hover   has-hover box-shade dark box-text-bottom\" >\n\n\t\t<div class=\"box-image\" >\n\t\t\t\t\t\t<div class=\"image-cover\" style=\"padding-top:450px;\">\n\t\t\t\t<img loading=\"lazy\" decoding=\"async\" width=\"1000\" height=\"1000\" src=\"https:\/\/www.tendenzeshabbychic.it\/wp-content\/uploads\/2026\/06\/A40122.jpg\" class=\"attachment- size-\" alt=\"Mantel navide\u00f1o para 12 personas \u00abForesta Nobile Blanc Mariclo\u00bb de Maricl\u00f2 para la mesa de Navidad\" srcset=\"https:\/\/www.tendenzeshabbychic.it\/wp-content\/uploads\/2026\/06\/A40122.jpg 1000w, https:\/\/www.tendenzeshabbychic.it\/wp-content\/uploads\/2026\/06\/A40122-400x400.jpg 400w, https:\/\/www.tendenzeshabbychic.it\/wp-content\/uploads\/2026\/06\/A40122-800x800.jpg 800w, https:\/\/www.tendenzeshabbychic.it\/wp-content\/uploads\/2026\/06\/A40122-280x280.jpg 280w, https:\/\/www.tendenzeshabbychic.it\/wp-content\/uploads\/2026\/06\/A40122-768x768.jpg 768w, https:\/\/www.tendenzeshabbychic.it\/wp-content\/uploads\/2026\/06\/A40122-500x500.jpg 500w, https:\/\/www.tendenzeshabbychic.it\/wp-content\/uploads\/2026\/06\/A40122-100x100.jpg 100w, https:\/\/www.tendenzeshabbychic.it\/wp-content\/uploads\/2026\/06\/A40122-64x64.jpg 64w\" sizes=\"auto, (max-width: 1000px) 100vw, 1000px\" \/>\t\t\t\t<div class=\"overlay\" style=\"background-color:rgba(54, 43, 43, 0.378)\"><\/div>\t\t\t\t<div class=\"shade\"><\/div>\t\t\t<\/div>\n\t\t\t\t\t<\/div>\n\n\t\t<div class=\"box-text text-left\" >\n\t\t\t<div class=\"box-text-inner\">\n\t\t\t\t\n\n\t<div id=\"text-466488358\" class=\"text\">\n\t\t\n\n<h3>Foresta Nobile<\/h3>\n\t\t\n<style>\n#text-466488358 {\n  font-size: 2rem;\n  line-height: 0.75;\n}\n@media (min-width:550px) {\n  #text-466488358 {\n    font-size: 2rem;\n  }\n}\n<\/style>\n\t<\/div>\n\t\n\t<div id=\"text-976089806\" class=\"text\">\n\t\t\n\n<p>La versi\u00f3n del Tartan en verde y blanco<\/p>\n\t\t\n<style>\n#text-976089806 {\n  font-size: 1.5rem;\n}\n<\/style>\n\t<\/div>\n\t\n<a href=\"https:\/\/www.tendenzeshabbychic.it\/es\/etiqueta-producto\/foresta-nobile\/\" class=\"button white is-small\" >\n\t\t<span>todos los productos<\/span>\n\t<\/a>\n\n\n\n\t\t\t<\/div>\n\t\t<\/div>\n\t<\/div>\n\t\n\n\t\t<\/div>\n\t\t\t\t\t<\/div>\n\n\t\n\n\t<div id=\"col-695507451\" class=\"col medium-6 small-12 large-4\"  >\n\t\t\t\t<div class=\"col-inner text-left\"  >\n\t\t\t\n\t\t\t\n\n\t<div class=\"box has-hover   has-hover box-shade dark box-text-bottom\" >\n\n\t\t<div class=\"box-image\" >\n\t\t\t\t\t\t<div class=\"image-cover\" style=\"padding-top:450px;\">\n\t\t\t\t<img loading=\"lazy\" decoding=\"async\" width=\"1000\" height=\"1000\" src=\"https:\/\/www.tendenzeshabbychic.it\/wp-content\/uploads\/2025\/06\/A39037-1.jpg\" class=\"attachment- size-\" alt=\"\" srcset=\"https:\/\/www.tendenzeshabbychic.it\/wp-content\/uploads\/2025\/06\/A39037-1.jpg 1000w, https:\/\/www.tendenzeshabbychic.it\/wp-content\/uploads\/2025\/06\/A39037-1-400x400.jpg 400w, https:\/\/www.tendenzeshabbychic.it\/wp-content\/uploads\/2025\/06\/A39037-1-800x800.jpg 800w, https:\/\/www.tendenzeshabbychic.it\/wp-content\/uploads\/2025\/06\/A39037-1-280x280.jpg 280w, https:\/\/www.tendenzeshabbychic.it\/wp-content\/uploads\/2025\/06\/A39037-1-768x768.jpg 768w, https:\/\/www.tendenzeshabbychic.it\/wp-content\/uploads\/2025\/06\/A39037-1-500x500.jpg 500w, https:\/\/www.tendenzeshabbychic.it\/wp-content\/uploads\/2025\/06\/A39037-1-100x100.jpg 100w, https:\/\/www.tendenzeshabbychic.it\/wp-content\/uploads\/2025\/06\/A39037-1-64x64.jpg 64w\" sizes=\"auto, (max-width: 1000px) 100vw, 1000px\" \/>\t\t\t\t<div class=\"overlay\" style=\"background-color:rgba(54, 43, 43, 0.378)\"><\/div>\t\t\t\t<div class=\"shade\"><\/div>\t\t\t<\/div>\n\t\t\t\t\t<\/div>\n\n\t\t<div class=\"box-text text-left\" >\n\t\t\t<div class=\"box-text-inner\">\n\t\t\t\t\n\n\t<div id=\"text-1579752651\" class=\"text\">\n\t\t\n\n<h3>El oto\u00f1o<\/h3>\n\t\t\n<style>\n#text-1579752651 {\n  font-size: 2rem;\n  line-height: 0.75;\n}\n@media (min-width:550px) {\n  #text-1579752651 {\n    font-size: 2rem;\n  }\n}\n<\/style>\n\t<\/div>\n\t\n\t<div id=\"text-2775300920\" class=\"text\">\n\t\t\n\n<p>Selecci\u00f3n de mobiliario para la temporada de oto\u00f1o.<\/p>\n\t\t\n<style>\n#text-2775300920 {\n  font-size: 1.5rem;\n}\n<\/style>\n\t<\/div>\n\t\n<a href=\"https:\/\/www.tendenzeshabbychic.it\/es\/etiqueta-producto\/otono\/\" class=\"button white is-small\" >\n\t\t<span>todos los productos<\/span>\n\t<\/a>\n\n\n\n\t\t\t<\/div>\n\t\t<\/div>\n\t<\/div>\n\t\n\n\t\t<\/div>\n\t\t\t\t\t<\/div>\n\n\t\n\n\t<div id=\"col-395389608\" class=\"col medium-6 small-12 large-4\"  >\n\t\t\t\t<div class=\"col-inner text-left\"  >\n\t\t\t\n\t\t\t\n\n\t<div class=\"box has-hover   has-hover box-shade dark box-text-bottom\" >\n\n\t\t<div class=\"box-image\" >\n\t\t\t\t\t\t<div class=\"image-cover\" style=\"padding-top:450px;\">\n\t\t\t\t<img loading=\"lazy\" decoding=\"async\" width=\"1000\" height=\"1000\" src=\"https:\/\/www.tendenzeshabbychic.it\/wp-content\/uploads\/2025\/01\/2900035A937.jpg\" class=\"attachment- size-\" alt=\"Cesta tejida redonda de junco natural,3 tama\u00f1os\" srcset=\"https:\/\/www.tendenzeshabbychic.it\/wp-content\/uploads\/2025\/01\/2900035A937.jpg 1000w, https:\/\/www.tendenzeshabbychic.it\/wp-content\/uploads\/2025\/01\/2900035A937-400x400.jpg 400w, https:\/\/www.tendenzeshabbychic.it\/wp-content\/uploads\/2025\/01\/2900035A937-800x800.jpg 800w, https:\/\/www.tendenzeshabbychic.it\/wp-content\/uploads\/2025\/01\/2900035A937-280x280.jpg 280w, https:\/\/www.tendenzeshabbychic.it\/wp-content\/uploads\/2025\/01\/2900035A937-768x768.jpg 768w, https:\/\/www.tendenzeshabbychic.it\/wp-content\/uploads\/2025\/01\/2900035A937-500x500.jpg 500w, https:\/\/www.tendenzeshabbychic.it\/wp-content\/uploads\/2025\/01\/2900035A937-100x100.jpg 100w, https:\/\/www.tendenzeshabbychic.it\/wp-content\/uploads\/2025\/01\/2900035A937-64x64.jpg 64w\" sizes=\"auto, (max-width: 1000px) 100vw, 1000px\" \/>\t\t\t\t<div class=\"overlay\" style=\"background-color:rgba(54, 43, 43, 0.378)\"><\/div>\t\t\t\t<div class=\"shade\"><\/div>\t\t\t<\/div>\n\t\t\t\t\t<\/div>\n\n\t\t<div class=\"box-text text-left\" >\n\t\t\t<div class=\"box-text-inner\">\n\t\t\t\t\n\n\t<div id=\"text-3857698415\" class=\"text\">\n\t\t\n\n<h3>Cestas<\/h3>\n\t\t\n<style>\n#text-3857698415 {\n  font-size: 2rem;\n  line-height: 0.75;\n}\n@media (min-width:550px) {\n  #text-3857698415 {\n    font-size: 2rem;\n  }\n}\n<\/style>\n\t<\/div>\n\t\n\t<div id=\"text-3664313940\" class=\"text\">\n\t\t\n\n<p>Hecho de mimbre y rat\u00e1n, \u00fatil para 1000 prop\u00f3sitos.<\/p>\n\t\t\n<style>\n#text-3664313940 {\n  font-size: 1.5rem;\n}\n<\/style>\n\t<\/div>\n\t\n<a href=\"https:\/\/www.tendenzeshabbychic.it\/es\/etiqueta-producto\/cesta\/\" class=\"button white is-small\" >\n\t\t<span>todos los productos<\/span>\n\t<\/a>\n\n\n\n\t\t\t<\/div>\n\t\t<\/div>\n\t<\/div>\n\t\n\n\t\t<\/div>\n\t\t\t\t\t<\/div>\n\n\t\n\n\t<div id=\"col-138909639\" class=\"col medium-6 small-12 large-4\"  >\n\t\t\t\t<div class=\"col-inner text-left\"  >\n\t\t\t\n\t\t\t\n\n\t<div class=\"box has-hover   has-hover box-shade dark box-text-bottom\" >\n\n\t\t<div class=\"box-image\" >\n\t\t\t\t\t\t<div class=\"image-cover\" style=\"padding-top:450px;\">\n\t\t\t\t<img loading=\"lazy\" decoding=\"async\" width=\"1000\" height=\"1000\" src=\"https:\/\/www.tendenzeshabbychic.it\/wp-content\/uploads\/2025\/01\/conigli-erba.jpg\" class=\"attachment- size-\" alt=\"\" srcset=\"https:\/\/www.tendenzeshabbychic.it\/wp-content\/uploads\/2025\/01\/conigli-erba.jpg 1000w, https:\/\/www.tendenzeshabbychic.it\/wp-content\/uploads\/2025\/01\/conigli-erba-400x400.jpg 400w, https:\/\/www.tendenzeshabbychic.it\/wp-content\/uploads\/2025\/01\/conigli-erba-800x800.jpg 800w, https:\/\/www.tendenzeshabbychic.it\/wp-content\/uploads\/2025\/01\/conigli-erba-280x280.jpg 280w, https:\/\/www.tendenzeshabbychic.it\/wp-content\/uploads\/2025\/01\/conigli-erba-768x768.jpg 768w, https:\/\/www.tendenzeshabbychic.it\/wp-content\/uploads\/2025\/01\/conigli-erba-500x500.jpg 500w, https:\/\/www.tendenzeshabbychic.it\/wp-content\/uploads\/2025\/01\/conigli-erba-100x100.jpg 100w, https:\/\/www.tendenzeshabbychic.it\/wp-content\/uploads\/2025\/01\/conigli-erba-64x64.jpg 64w\" sizes=\"auto, (max-width: 1000px) 100vw, 1000px\" \/>\t\t\t\t<div class=\"overlay\" style=\"background-color:rgba(54, 43, 43, 0.378)\"><\/div>\t\t\t\t<div class=\"shade\"><\/div>\t\t\t<\/div>\n\t\t\t\t\t<\/div>\n\n\t\t<div class=\"box-text text-left\" >\n\t\t\t<div class=\"box-text-inner\">\n\t\t\t\t\n\n\t<div id=\"text-4027154431\" class=\"text\">\n\t\t\n\n<h3>Jard\u00edn<\/h3>\n\t\t\n<style>\n#text-4027154431 {\n  font-size: 2rem;\n  line-height: 0.75;\n}\n@media (min-width:550px) {\n  #text-4027154431 {\n    font-size: 2rem;\n  }\n}\n<\/style>\n\t<\/div>\n\t\n\t<div id=\"text-503525453\" class=\"text\">\n\t\t\n\n<p>Ideas para hacer tu jard\u00edn \u00fanico<\/p>\n\t\t\n<style>\n#text-503525453 {\n  font-size: 1.5rem;\n}\n<\/style>\n\t<\/div>\n\t\n<a href=\"https:\/\/www.tendenzeshabbychic.it\/es\/etiqueta-producto\/jardin-es\/\" class=\"button white is-small\" >\n\t\t<span>todos los productos<\/span>\n\t<\/a>\n\n\n\n\t\t\t<\/div>\n\t\t<\/div>\n\t<\/div>\n\t\n\n\t\t<\/div>\n\t\t\t\t\t<\/div>\n\n\t\n\n\t<div id=\"col-1902934025\" class=\"col medium-6 small-12 large-4\"  >\n\t\t\t\t<div class=\"col-inner text-left\"  >\n\t\t\t\n\t\t\t\n\n\t<div class=\"box has-hover   has-hover box-shade dark box-text-bottom\" >\n\n\t\t<div class=\"box-image\" >\n\t\t\t\t\t\t<div class=\"image-cover\" style=\"padding-top:450px;\">\n\t\t\t\t<img loading=\"lazy\" decoding=\"async\" width=\"1000\" height=\"1000\" src=\"https:\/\/www.tendenzeshabbychic.it\/wp-content\/uploads\/2026\/01\/A39773-1.jpg\" class=\"attachment- size-\" alt=\"Blanc MariCl\u00f2 Coj\u00edn decorativo azul claro con bordado de caballito de mar, corales y bordes ondulados azules\" srcset=\"https:\/\/www.tendenzeshabbychic.it\/wp-content\/uploads\/2026\/01\/A39773-1.jpg 1000w, https:\/\/www.tendenzeshabbychic.it\/wp-content\/uploads\/2026\/01\/A39773-1-400x400.jpg 400w, https:\/\/www.tendenzeshabbychic.it\/wp-content\/uploads\/2026\/01\/A39773-1-800x800.jpg 800w, https:\/\/www.tendenzeshabbychic.it\/wp-content\/uploads\/2026\/01\/A39773-1-280x280.jpg 280w, https:\/\/www.tendenzeshabbychic.it\/wp-content\/uploads\/2026\/01\/A39773-1-768x768.jpg 768w, https:\/\/www.tendenzeshabbychic.it\/wp-content\/uploads\/2026\/01\/A39773-1-500x500.jpg 500w, https:\/\/www.tendenzeshabbychic.it\/wp-content\/uploads\/2026\/01\/A39773-1-100x100.jpg 100w, https:\/\/www.tendenzeshabbychic.it\/wp-content\/uploads\/2026\/01\/A39773-1-64x64.jpg 64w\" sizes=\"auto, (max-width: 1000px) 100vw, 1000px\" \/>\t\t\t\t<div class=\"overlay\" style=\"background-color:rgba(54, 43, 43, 0.378)\"><\/div>\t\t\t\t<div class=\"shade\"><\/div>\t\t\t<\/div>\n\t\t\t\t\t<\/div>\n\n\t\t<div class=\"box-text text-left\" >\n\t\t\t<div class=\"box-text-inner\">\n\t\t\t\t\n\n\t<div id=\"text-3673286939\" class=\"text\">\n\t\t\n\n<h3>estilo mar\u00edtimo<\/h3>\n\t\t\n<style>\n#text-3673286939 {\n  font-size: 2rem;\n  line-height: 0.75;\n}\n@media (min-width:550px) {\n  #text-3673286939 {\n    font-size: 2rem;\n  }\n}\n<\/style>\n\t<\/div>\n\t\n\t<div id=\"text-2905939847\" class=\"text\">\n\t\t\n\n<p>Peces, estrellas de mar y conchas para decorar con un estilo inconfundible<\/p>\n\t\t\n<style>\n#text-2905939847 {\n  font-size: 1.5rem;\n}\n<\/style>\n\t<\/div>\n\t\n<a href=\"https:\/\/www.tendenzeshabbychic.it\/es\/etiqueta-producto\/marino-es\/\" class=\"button white is-small\" >\n\t\t<span>todos los productos<\/span>\n\t<\/a>\n\n\n\n\t\t\t<\/div>\n\t\t<\/div>\n\t<\/div>\n\t\n\n\t\t<\/div>\n\t\t\t\t\t<\/div>\n\n\t\n\n\t<div id=\"col-1005897202\" class=\"col medium-6 small-12 large-4\"  >\n\t\t\t\t<div class=\"col-inner text-left\"  >\n\t\t\t\n\t\t\t\n\n\t<div class=\"box has-hover   has-hover box-shade dark box-text-bottom\" >\n\n\t\t<div class=\"box-image\" >\n\t\t\t\t\t\t<div class=\"image-cover\" style=\"padding-top:450px;\">\n\t\t\t\t<img loading=\"lazy\" decoding=\"async\" width=\"1110\" height=\"1160\" src=\"https:\/\/www.tendenzeshabbychic.it\/wp-content\/uploads\/2020\/08\/tappeti-elegant.jpg\" class=\"attachment- size-\" alt=\"\" srcset=\"https:\/\/www.tendenzeshabbychic.it\/wp-content\/uploads\/2020\/08\/tappeti-elegant.jpg 1110w, https:\/\/www.tendenzeshabbychic.it\/wp-content\/uploads\/2020\/08\/tappeti-elegant-1000x1045.jpg 1000w, https:\/\/www.tendenzeshabbychic.it\/wp-content\/uploads\/2020\/08\/tappeti-elegant-64x67.jpg 64w, https:\/\/www.tendenzeshabbychic.it\/wp-content\/uploads\/2020\/08\/tappeti-elegant-383x400.jpg 383w, https:\/\/www.tendenzeshabbychic.it\/wp-content\/uploads\/2020\/08\/tappeti-elegant-766x800.jpg 766w, https:\/\/www.tendenzeshabbychic.it\/wp-content\/uploads\/2020\/08\/tappeti-elegant-768x803.jpg 768w, https:\/\/www.tendenzeshabbychic.it\/wp-content\/uploads\/2020\/08\/tappeti-elegant-510x533.jpg 510w\" sizes=\"auto, (max-width: 1110px) 100vw, 1110px\" \/>\t\t\t\t<div class=\"overlay\" style=\"background-color:rgba(54, 43, 43, 0.378)\"><\/div>\t\t\t\t<div class=\"shade\"><\/div>\t\t\t<\/div>\n\t\t\t\t\t<\/div>\n\n\t\t<div class=\"box-text text-left\" >\n\t\t\t<div class=\"box-text-inner\">\n\t\t\t\t\n\n\t<div id=\"text-3027431709\" class=\"text\">\n\t\t\n\n<h3>Elegant<\/h3>\n\t\t\n<style>\n#text-3027431709 {\n  font-size: 2rem;\n  line-height: 0.75;\n}\n@media (min-width:550px) {\n  #text-3027431709 {\n    font-size: 2rem;\n  }\n}\n<\/style>\n\t<\/div>\n\t\n\t<div id=\"text-4026845579\" class=\"text\">\n\t\t\n\n<p>Las ahora famosas alfombras de Blanc MariCl\u00f2<\/p>\n\t\t\n<style>\n#text-4026845579 {\n  font-size: 1.5rem;\n}\n<\/style>\n\t<\/div>\n\t\n<a href=\"https:\/\/www.tendenzeshabbychic.it\/es\/etiqueta-producto\/elegant-es\/\" class=\"button white is-small\" >\n\t\t<span>todos los productos<\/span>\n\t<\/a>\n\n\n\n\t\t\t<\/div>\n\t\t<\/div>\n\t<\/div>\n\t\n\n\t\t<\/div>\n\t\t\t\t\t<\/div>\n\n\t\n\n\t<div id=\"col-1454146589\" class=\"col medium-6 small-12 large-4\"  >\n\t\t\t\t<div class=\"col-inner text-left\"  >\n\t\t\t\n\t\t\t\n\n\t<div class=\"box has-hover   has-hover box-shade dark box-text-bottom\" >\n\n\t\t<div class=\"box-image\" >\n\t\t\t\t\t\t<div class=\"image-cover\" style=\"padding-top:450px;\">\n\t\t\t\t<img loading=\"lazy\" decoding=\"async\" width=\"1000\" height=\"1000\" src=\"https:\/\/www.tendenzeshabbychic.it\/wp-content\/uploads\/2022\/03\/runner-con-galetta-Blanc-MariClo.jpg\" class=\"attachment- size-\" alt=\"Camino de mesa de algod\u00f3n con galette Blanc MariCl\u00f2\" srcset=\"https:\/\/www.tendenzeshabbychic.it\/wp-content\/uploads\/2022\/03\/runner-con-galetta-Blanc-MariClo.jpg 1000w, https:\/\/www.tendenzeshabbychic.it\/wp-content\/uploads\/2022\/03\/runner-con-galetta-Blanc-MariClo-500x500.jpg 500w, https:\/\/www.tendenzeshabbychic.it\/wp-content\/uploads\/2022\/03\/runner-con-galetta-Blanc-MariClo-100x100.jpg 100w, https:\/\/www.tendenzeshabbychic.it\/wp-content\/uploads\/2022\/03\/runner-con-galetta-Blanc-MariClo-64x64.jpg 64w, https:\/\/www.tendenzeshabbychic.it\/wp-content\/uploads\/2022\/03\/runner-con-galetta-Blanc-MariClo-400x400.jpg 400w, https:\/\/www.tendenzeshabbychic.it\/wp-content\/uploads\/2022\/03\/runner-con-galetta-Blanc-MariClo-800x800.jpg 800w, https:\/\/www.tendenzeshabbychic.it\/wp-content\/uploads\/2022\/03\/runner-con-galetta-Blanc-MariClo-280x280.jpg 280w, https:\/\/www.tendenzeshabbychic.it\/wp-content\/uploads\/2022\/03\/runner-con-galetta-Blanc-MariClo-768x768.jpg 768w, https:\/\/www.tendenzeshabbychic.it\/wp-content\/uploads\/2022\/03\/runner-con-galetta-Blanc-MariClo-247x247.jpg 247w, https:\/\/www.tendenzeshabbychic.it\/wp-content\/uploads\/2022\/03\/runner-con-galetta-Blanc-MariClo-510x510.jpg 510w\" sizes=\"auto, (max-width: 1000px) 100vw, 1000px\" \/>\t\t\t\t<div class=\"overlay\" style=\"background-color:rgba(54, 43, 43, 0.378)\"><\/div>\t\t\t\t<div class=\"shade\"><\/div>\t\t\t<\/div>\n\t\t\t\t\t<\/div>\n\n\t\t<div class=\"box-text text-left\" >\n\t\t\t<div class=\"box-text-inner\">\n\t\t\t\t\n\n\t<div id=\"text-3836033586\" class=\"text\">\n\t\t\n\n<h3>Infinity<\/h3>\n\t\t\n<style>\n#text-3836033586 {\n  font-size: 2rem;\n  line-height: 0.75;\n}\n@media (min-width:550px) {\n  #text-3836033586 {\n    font-size: 2rem;\n  }\n}\n<\/style>\n\t<\/div>\n\t\n\t<div id=\"text-2717081494\" class=\"text\">\n\t\t\n\n<p>Puro algod\u00f3n y volantes, una colecci\u00f3n atemporal<\/p>\n\t\t\n<style>\n#text-2717081494 {\n  font-size: 1.5rem;\n}\n<\/style>\n\t<\/div>\n\t\n<a href=\"https:\/\/www.tendenzeshabbychic.it\/es\/etiqueta-producto\/infinity-es\/\" class=\"button white is-small\" >\n\t\t<span>todos los productos<\/span>\n\t<\/a>\n\n\n\n\t\t\t<\/div>\n\t\t<\/div>\n\t<\/div>\n\t\n\n\t\t<\/div>\n\t\t\t\t\t<\/div>\n\n\t\n\n\t<div id=\"col-2088098101\" class=\"col medium-6 small-12 large-4\"  >\n\t\t\t\t<div class=\"col-inner text-left\"  >\n\t\t\t\n\t\t\t\n\n\t<div class=\"box has-hover   has-hover box-shade dark box-text-bottom\" >\n\n\t\t<div class=\"box-image\" >\n\t\t\t\t\t\t<div class=\"image-cover\" style=\"padding-top:450px;\">\n\t\t\t\t<img loading=\"lazy\" decoding=\"async\" width=\"348\" height=\"514\" src=\"https:\/\/www.tendenzeshabbychic.it\/wp-content\/uploads\/2021\/10\/trapunta-in-cotone-toile-de-jouy-blancmariclo.jpg\" class=\"attachment- size-\" alt=\"edredones dobles shabby chic\" srcset=\"https:\/\/www.tendenzeshabbychic.it\/wp-content\/uploads\/2021\/10\/trapunta-in-cotone-toile-de-jouy-blancmariclo.jpg 348w, https:\/\/www.tendenzeshabbychic.it\/wp-content\/uploads\/2021\/10\/trapunta-in-cotone-toile-de-jouy-blancmariclo-64x95.jpg 64w, https:\/\/www.tendenzeshabbychic.it\/wp-content\/uploads\/2021\/10\/trapunta-in-cotone-toile-de-jouy-blancmariclo-271x400.jpg 271w\" sizes=\"auto, (max-width: 348px) 100vw, 348px\" \/>\t\t\t\t<div class=\"overlay\" style=\"background-color:rgba(54, 43, 43, 0.378)\"><\/div>\t\t\t\t<div class=\"shade\"><\/div>\t\t\t<\/div>\n\t\t\t\t\t<\/div>\n\n\t\t<div class=\"box-text text-left\" >\n\t\t\t<div class=\"box-text-inner\">\n\t\t\t\t\n\n\t<div id=\"text-1214873141\" class=\"text\">\n\t\t\n\n<h3>Toile de Jouy<\/h3>\n\t\t\n<style>\n#text-1214873141 {\n  font-size: 2rem;\n  line-height: 0.75;\n}\n@media (min-width:550px) {\n  #text-1214873141 {\n    font-size: 2rem;\n  }\n}\n<\/style>\n\t<\/div>\n\t\n\t<div id=\"text-2495701887\" class=\"text\">\n\t\t\n\n<p>Si dices shabby chic te refieres a Toile de Jouy<\/p>\n\t\t\n<style>\n#text-2495701887 {\n  font-size: 1.5rem;\n}\n<\/style>\n\t<\/div>\n\t\n<a href=\"https:\/\/www.tendenzeshabbychic.it\/es\/etiqueta-producto\/toile-de-jouy-es\/\" class=\"button white is-small\" >\n\t\t<span>todos los productos<\/span>\n\t<\/a>\n\n\n\n\t\t\t<\/div>\n\t\t<\/div>\n\t<\/div>\n\t\n\n\t\t<\/div>\n\t\t\t\t\t<\/div>\n\n\t\n\n\t<div id=\"col-1277355361\" class=\"col medium-7 small-12 large-4\"  >\n\t\t\t\t<div class=\"col-inner text-left\"  >\n\t\t\t\n\t\t\t\n\n\t<div class=\"box has-hover   has-hover box-shade dark box-text-bottom\" >\n\n\t\t<div class=\"box-image\" >\n\t\t\t\t\t\t<div class=\"image-cover\" style=\"padding-top:450px;\">\n\t\t\t\t<img loading=\"lazy\" decoding=\"async\" width=\"1000\" height=\"1000\" src=\"https:\/\/www.tendenzeshabbychic.it\/wp-content\/uploads\/2023\/09\/coppia-tende-country-chic-love-forest-rosso.webp\" class=\"attachment- size-\" alt=\"\" srcset=\"https:\/\/www.tendenzeshabbychic.it\/wp-content\/uploads\/2023\/09\/coppia-tende-country-chic-love-forest-rosso.webp 1000w, https:\/\/www.tendenzeshabbychic.it\/wp-content\/uploads\/2023\/09\/coppia-tende-country-chic-love-forest-rosso-500x500.webp 500w, https:\/\/www.tendenzeshabbychic.it\/wp-content\/uploads\/2023\/09\/coppia-tende-country-chic-love-forest-rosso-100x100.webp 100w, https:\/\/www.tendenzeshabbychic.it\/wp-content\/uploads\/2023\/09\/coppia-tende-country-chic-love-forest-rosso-64x64.webp 64w, https:\/\/www.tendenzeshabbychic.it\/wp-content\/uploads\/2023\/09\/coppia-tende-country-chic-love-forest-rosso-400x400.webp 400w, https:\/\/www.tendenzeshabbychic.it\/wp-content\/uploads\/2023\/09\/coppia-tende-country-chic-love-forest-rosso-800x800.webp 800w, https:\/\/www.tendenzeshabbychic.it\/wp-content\/uploads\/2023\/09\/coppia-tende-country-chic-love-forest-rosso-280x280.webp 280w, https:\/\/www.tendenzeshabbychic.it\/wp-content\/uploads\/2023\/09\/coppia-tende-country-chic-love-forest-rosso-768x768.webp 768w\" sizes=\"auto, (max-width: 1000px) 100vw, 1000px\" \/>\t\t\t\t<div class=\"overlay\" style=\"background-color:rgba(54, 43, 43, 0.378)\"><\/div>\t\t\t\t<div class=\"shade\"><\/div>\t\t\t<\/div>\n\t\t\t\t\t<\/div>\n\n\t\t<div class=\"box-text text-left\" >\n\t\t\t<div class=\"box-text-inner\">\n\t\t\t\t\n\n\t<div id=\"text-728607786\" class=\"text\">\n\t\t\n\n<h3>Country Chic<\/h3>\n\t\t\n<style>\n#text-728607786 {\n  font-size: 2rem;\n  line-height: 0.75;\n}\n@media (min-width:550px) {\n  #text-728607786 {\n    font-size: 2rem;\n  }\n}\n<\/style>\n\t<\/div>\n\t\n\t<div id=\"text-2345288283\" class=\"text\">\n\t\t\n\n<p>Todos los art\u00edculos aptos para ambientes campestres.<\/p>\n\t\t\n<style>\n#text-2345288283 {\n  font-size: 1.5rem;\n}\n<\/style>\n\t<\/div>\n\t\n<a href=\"https:\/\/www.tendenzeshabbychic.it\/es\/etiqueta-producto\/country-chic-es\/\" class=\"button white is-small\" >\n\t\t<span>todos los productos<\/span>\n\t<\/a>\n\n\n\n\t\t\t<\/div>\n\t\t<\/div>\n\t<\/div>\n\t\n\n\t\t<\/div>\n\t\t\t\t\t<\/div>\n\n\t\n\n\t<div id=\"col-770731144\" class=\"col medium-6 small-12 large-4\"  >\n\t\t\t\t<div class=\"col-inner text-left\"  >\n\t\t\t\n\t\t\t\n\n\t<div class=\"box has-hover   has-hover box-shade dark box-text-bottom\" >\n\n\t\t<div class=\"box-image\" >\n\t\t\t\t\t\t<div class=\"image-cover\" style=\"padding-top:450px;\">\n\t\t\t\t<img loading=\"lazy\" decoding=\"async\" width=\"1000\" height=\"800\" src=\"https:\/\/www.tendenzeshabbychic.it\/wp-content\/uploads\/2024\/01\/collezione-dentelle-blanc-mariclo.jpg\" class=\"attachment- size-\" alt=\"\" srcset=\"https:\/\/www.tendenzeshabbychic.it\/wp-content\/uploads\/2024\/01\/collezione-dentelle-blanc-mariclo.jpg 1000w, https:\/\/www.tendenzeshabbychic.it\/wp-content\/uploads\/2024\/01\/collezione-dentelle-blanc-mariclo-64x51.jpg 64w, https:\/\/www.tendenzeshabbychic.it\/wp-content\/uploads\/2024\/01\/collezione-dentelle-blanc-mariclo-500x400.jpg 500w, https:\/\/www.tendenzeshabbychic.it\/wp-content\/uploads\/2024\/01\/collezione-dentelle-blanc-mariclo-768x614.jpg 768w\" sizes=\"auto, (max-width: 1000px) 100vw, 1000px\" \/>\t\t\t\t<div class=\"overlay\" style=\"background-color:rgba(54, 43, 43, 0.378)\"><\/div>\t\t\t\t<div class=\"shade\"><\/div>\t\t\t<\/div>\n\t\t\t\t\t<\/div>\n\n\t\t<div class=\"box-text text-left\" >\n\t\t\t<div class=\"box-text-inner\">\n\t\t\t\t\n\n\t<div id=\"text-3356925054\" class=\"text\">\n\t\t\n\n<h3>Dentelle<\/h3>\n\t\t\n<style>\n#text-3356925054 {\n  font-size: 2rem;\n  line-height: 0.75;\n}\n@media (min-width:550px) {\n  #text-3356925054 {\n    font-size: 2rem;\n  }\n}\n<\/style>\n\t<\/div>\n\t\n\t<div id=\"text-2193986374\" class=\"text\">\n\t\t\n\n<p>Lino, algod\u00f3n y encaje para esta colecci\u00f3n exclusiva<\/p>\n\t\t\n<style>\n#text-2193986374 {\n  font-size: 1.5rem;\n}\n<\/style>\n\t<\/div>\n\t\n<a href=\"https:\/\/www.tendenzeshabbychic.it\/es\/etiqueta-producto\/dentelle-blanc-mariclo-es\/\" class=\"button white is-small\" >\n\t\t<span>todos los productos<\/span>\n\t<\/a>\n\n\n\n\t\t\t<\/div>\n\t\t<\/div>\n\t<\/div>\n\t\n\n\t\t<\/div>\n\t\t\t\t\t<\/div>\n\n\t\n\n\t<div id=\"col-1561386705\" class=\"col medium-6 small-12 large-4\"  >\n\t\t\t\t<div class=\"col-inner text-left\"  >\n\t\t\t\n\t\t\t\n\n\t<div class=\"box has-hover   has-hover box-shade dark box-text-bottom\" >\n\n\t\t<div class=\"box-image\" >\n\t\t\t\t\t\t<div class=\"image-cover\" style=\"padding-top:450px;\">\n\t\t\t\t<img loading=\"lazy\" decoding=\"async\" width=\"1110\" height=\"1160\" src=\"https:\/\/www.tendenzeshabbychic.it\/wp-content\/uploads\/2021\/01\/servizio-di-piatti-moss-roses.jpg\" class=\"attachment- size-\" alt=\"\" srcset=\"https:\/\/www.tendenzeshabbychic.it\/wp-content\/uploads\/2021\/01\/servizio-di-piatti-moss-roses.jpg 1110w, https:\/\/www.tendenzeshabbychic.it\/wp-content\/uploads\/2021\/01\/servizio-di-piatti-moss-roses-1000x1045.jpg 1000w, https:\/\/www.tendenzeshabbychic.it\/wp-content\/uploads\/2021\/01\/servizio-di-piatti-moss-roses-64x67.jpg 64w, https:\/\/www.tendenzeshabbychic.it\/wp-content\/uploads\/2021\/01\/servizio-di-piatti-moss-roses-383x400.jpg 383w, https:\/\/www.tendenzeshabbychic.it\/wp-content\/uploads\/2021\/01\/servizio-di-piatti-moss-roses-766x800.jpg 766w, https:\/\/www.tendenzeshabbychic.it\/wp-content\/uploads\/2021\/01\/servizio-di-piatti-moss-roses-768x803.jpg 768w, https:\/\/www.tendenzeshabbychic.it\/wp-content\/uploads\/2021\/01\/servizio-di-piatti-moss-roses-510x533.jpg 510w\" sizes=\"auto, (max-width: 1110px) 100vw, 1110px\" \/>\t\t\t\t<div class=\"overlay\" style=\"background-color:rgba(54, 43, 43, 0.378)\"><\/div>\t\t\t\t<div class=\"shade\"><\/div>\t\t\t<\/div>\n\t\t\t\t\t<\/div>\n\n\t\t<div class=\"box-text text-left\" >\n\t\t\t<div class=\"box-text-inner\">\n\t\t\t\t\n\n\t<div id=\"text-32914676\" class=\"text\">\n\t\t\n\n<h3>Moss Rose<\/h3>\n\t\t\n<style>\n#text-32914676 {\n  font-size: 2rem;\n  line-height: 0.75;\n}\n@media (min-width:550px) {\n  #text-32914676 {\n    font-size: 2rem;\n  }\n}\n<\/style>\n\t<\/div>\n\t\n\t<div id=\"text-2593452862\" class=\"text\">\n\t\t\n\n<p>Servicio de platos Blanc MariCl\u00f2<\/p>\n\t\t\n<style>\n#text-2593452862 {\n  font-size: 1.5rem;\n}\n<\/style>\n\t<\/div>\n\t\n<a href=\"https:\/\/www.tendenzeshabbychic.it\/es\/etiqueta-producto\/moss-roses-es\/\" class=\"button white is-small\" >\n\t\t<span>todos los productos<\/span>\n\t<\/a>\n\n\n\n\t\t\t<\/div>\n\t\t<\/div>\n\t<\/div>\n\t\n\n\t\t<\/div>\n\t\t\t\t\t<\/div>\n\n\t\n\n\t<div id=\"col-1042556731\" class=\"col medium-6 small-12 large-4\"  >\n\t\t\t\t<div class=\"col-inner text-left\"  >\n\t\t\t\n\t\t\t\n\n\t<div class=\"box has-hover   has-hover box-shade dark box-text-bottom\" >\n\n\t\t<div class=\"box-image\" >\n\t\t\t\t\t\t<div class=\"image-cover\" style=\"padding-top:450px;\">\n\t\t\t\t<img loading=\"lazy\" decoding=\"async\" width=\"1000\" height=\"1000\" src=\"https:\/\/www.tendenzeshabbychic.it\/wp-content\/uploads\/2026\/01\/collezione-Pepen.jpg\" class=\"attachment- size-\" alt=\"\" srcset=\"https:\/\/www.tendenzeshabbychic.it\/wp-content\/uploads\/2026\/01\/collezione-Pepen.jpg 1000w, https:\/\/www.tendenzeshabbychic.it\/wp-content\/uploads\/2026\/01\/collezione-Pepen-400x400.jpg 400w, https:\/\/www.tendenzeshabbychic.it\/wp-content\/uploads\/2026\/01\/collezione-Pepen-800x800.jpg 800w, https:\/\/www.tendenzeshabbychic.it\/wp-content\/uploads\/2026\/01\/collezione-Pepen-280x280.jpg 280w, https:\/\/www.tendenzeshabbychic.it\/wp-content\/uploads\/2026\/01\/collezione-Pepen-768x768.jpg 768w, https:\/\/www.tendenzeshabbychic.it\/wp-content\/uploads\/2026\/01\/collezione-Pepen-500x500.jpg 500w, https:\/\/www.tendenzeshabbychic.it\/wp-content\/uploads\/2026\/01\/collezione-Pepen-100x100.jpg 100w, https:\/\/www.tendenzeshabbychic.it\/wp-content\/uploads\/2026\/01\/collezione-Pepen-64x64.jpg 64w\" sizes=\"auto, (max-width: 1000px) 100vw, 1000px\" \/>\t\t\t\t<div class=\"overlay\" style=\"background-color:rgba(54, 43, 43, 0.378)\"><\/div>\t\t\t\t<div class=\"shade\"><\/div>\t\t\t<\/div>\n\t\t\t\t\t<\/div>\n\n\t\t<div class=\"box-text text-left\" >\n\t\t\t<div class=\"box-text-inner\">\n\t\t\t\t\n\n\t<div id=\"text-3322685036\" class=\"text\">\n\t\t\n\n<h3>Colecci\u00f3n PePen<\/h3>\n\t\t\n<style>\n#text-3322685036 {\n  font-size: 2rem;\n  line-height: 0.75;\n}\n@media (min-width:550px) {\n  #text-3322685036 {\n    font-size: 2rem;\n  }\n}\n<\/style>\n\t<\/div>\n\t\n\t<div id=\"text-3437713492\" class=\"text\">\n\t\t\n\n<p>Conejos ba\u00f1ados en verde vichy para una Pascua alegre<\/p>\n\t\t\n<style>\n#text-3437713492 {\n  font-size: 1.5rem;\n}\n<\/style>\n\t<\/div>\n\t\n<a href=\"https:\/\/www.tendenzeshabbychic.it\/es\/etiqueta-producto\/colleccion-pepen\/\" class=\"button white is-small\" >\n\t\t<span>todos los productos<\/span>\n\t<\/a>\n\n\n\n\t\t\t<\/div>\n\t\t<\/div>\n\t<\/div>\n\t\n\n\t\t<\/div>\n\t\t\t\t\t<\/div>\n\n\t\n\n\t<div id=\"col-1346464163\" class=\"col medium-6 small-12 large-4\"  >\n\t\t\t\t<div class=\"col-inner text-left\"  >\n\t\t\t\n\t\t\t\n\n\t<div class=\"box has-hover   has-hover box-shade dark box-text-bottom\" >\n\n\t\t<div class=\"box-image\" >\n\t\t\t\t\t\t<div class=\"image-cover\" style=\"padding-top:450px;\">\n\t\t\t\t<img loading=\"lazy\" decoding=\"async\" width=\"1000\" height=\"1000\" src=\"https:\/\/www.tendenzeshabbychic.it\/wp-content\/uploads\/2026\/01\/QHK260201.jpg\" class=\"attachment- size-\" alt=\"Conejito decorativo de resina con sombrero rosa y cesta de flores pastel.\" srcset=\"https:\/\/www.tendenzeshabbychic.it\/wp-content\/uploads\/2026\/01\/QHK260201.jpg 1000w, https:\/\/www.tendenzeshabbychic.it\/wp-content\/uploads\/2026\/01\/QHK260201-400x400.jpg 400w, https:\/\/www.tendenzeshabbychic.it\/wp-content\/uploads\/2026\/01\/QHK260201-800x800.jpg 800w, https:\/\/www.tendenzeshabbychic.it\/wp-content\/uploads\/2026\/01\/QHK260201-280x280.jpg 280w, https:\/\/www.tendenzeshabbychic.it\/wp-content\/uploads\/2026\/01\/QHK260201-768x768.jpg 768w, https:\/\/www.tendenzeshabbychic.it\/wp-content\/uploads\/2026\/01\/QHK260201-500x500.jpg 500w, https:\/\/www.tendenzeshabbychic.it\/wp-content\/uploads\/2026\/01\/QHK260201-100x100.jpg 100w, https:\/\/www.tendenzeshabbychic.it\/wp-content\/uploads\/2026\/01\/QHK260201-64x64.jpg 64w\" sizes=\"auto, (max-width: 1000px) 100vw, 1000px\" \/>\t\t\t\t<div class=\"overlay\" style=\"background-color:rgba(54, 43, 43, 0.378)\"><\/div>\t\t\t\t<div class=\"shade\"><\/div>\t\t\t<\/div>\n\t\t\t\t\t<\/div>\n\n\t\t<div class=\"box-text text-left\" >\n\t\t\t<div class=\"box-text-inner\">\n\t\t\t\t\n\n\t<div id=\"text-2524238314\" class=\"text\">\n\t\t\n\n<h3>Conejos<\/h3>\n\t\t\n<style>\n#text-2524238314 {\n  font-size: 2rem;\n  line-height: 0.75;\n}\n@media (min-width:550px) {\n  #text-2524238314 {\n    font-size: 2rem;\n  }\n}\n<\/style>\n\t<\/div>\n\t\n\t<div id=\"text-1985644837\" class=\"text\">\n\t\t\n\n<p>Descubre todos los conejitos de resina o peluche para una Pascua inolvidable<\/p>\n\t\t\n<style>\n#text-1985644837 {\n  font-size: 1.5rem;\n}\n<\/style>\n\t<\/div>\n\t\n<a href=\"https:\/\/www.tendenzeshabbychic.it\/es\/etiqueta-producto\/conejos\/\" class=\"button white is-small\" >\n\t\t<span>todos los productos<\/span>\n\t<\/a>\n\n\n\n\t\t\t<\/div>\n\t\t<\/div>\n\t<\/div>\n\t\n\n\t\t<\/div>\n\t\t\t\t\t<\/div>\n\n\t\n\n\t<div id=\"col-241252066\" class=\"col medium-6 small-12 large-4\"  >\n\t\t\t\t<div class=\"col-inner text-left\"  >\n\t\t\t\n\t\t\t\n\n\t<div class=\"box has-hover   has-hover box-shade dark box-text-bottom\" >\n\n\t\t<div class=\"box-image\" >\n\t\t\t\t\t\t<div class=\"image-cover\" style=\"padding-top:450px;\">\n\t\t\t\t<img loading=\"lazy\" decoding=\"async\" width=\"1000\" height=\"1000\" src=\"https:\/\/www.tendenzeshabbychic.it\/wp-content\/uploads\/2026\/01\/HTH260103-1.jpg\" class=\"attachment- size-\" alt=\"\" srcset=\"https:\/\/www.tendenzeshabbychic.it\/wp-content\/uploads\/2026\/01\/HTH260103-1.jpg 1000w, https:\/\/www.tendenzeshabbychic.it\/wp-content\/uploads\/2026\/01\/HTH260103-1-400x400.jpg 400w, https:\/\/www.tendenzeshabbychic.it\/wp-content\/uploads\/2026\/01\/HTH260103-1-800x800.jpg 800w, https:\/\/www.tendenzeshabbychic.it\/wp-content\/uploads\/2026\/01\/HTH260103-1-280x280.jpg 280w, https:\/\/www.tendenzeshabbychic.it\/wp-content\/uploads\/2026\/01\/HTH260103-1-768x768.jpg 768w, https:\/\/www.tendenzeshabbychic.it\/wp-content\/uploads\/2026\/01\/HTH260103-1-500x500.jpg 500w, https:\/\/www.tendenzeshabbychic.it\/wp-content\/uploads\/2026\/01\/HTH260103-1-100x100.jpg 100w, https:\/\/www.tendenzeshabbychic.it\/wp-content\/uploads\/2026\/01\/HTH260103-1-64x64.jpg 64w\" sizes=\"auto, (max-width: 1000px) 100vw, 1000px\" \/>\t\t\t\t<div class=\"overlay\" style=\"background-color:rgba(54, 43, 43, 0.378)\"><\/div>\t\t\t\t<div class=\"shade\"><\/div>\t\t\t<\/div>\n\t\t\t\t\t<\/div>\n\n\t\t<div class=\"box-text text-left\" >\n\t\t\t<div class=\"box-text-inner\">\n\t\t\t\t\n\n\t<div id=\"text-3960454909\" class=\"text\">\n\t\t\n\n<h3>Colecci\u00f3n Sweet Bear<\/h3>\n\t\t\n<style>\n#text-3960454909 {\n  font-size: 2rem;\n  line-height: 0.75;\n}\n@media (min-width:550px) {\n  #text-3960454909 {\n    font-size: 2rem;\n  }\n}\n<\/style>\n\t<\/div>\n\t\n\t<div id=\"text-2981387457\" class=\"text\">\n\t\t\n\n<p>Osos enamorados para una alegre primavera<\/p>\n\t\t\n<style>\n#text-2981387457 {\n  font-size: 1.5rem;\n}\n<\/style>\n\t<\/div>\n\t\n<a href=\"https:\/\/www.tendenzeshabbychic.it\/es\/etiqueta-producto\/colleccion-sweet-bear\/\" class=\"button white is-small\" >\n\t\t<span>todos los productos<\/span>\n\t<\/a>\n\n\n\n\t\t\t<\/div>\n\t\t<\/div>\n\t<\/div>\n\t\n\n\t\t<\/div>\n\t\t\t\t\t<\/div>\n\n\t\n\n\t<div id=\"col-59487473\" class=\"col medium-6 small-12 large-4\"  >\n\t\t\t\t<div class=\"col-inner text-left\"  >\n\t\t\t\n\t\t\t\n\n\t<div class=\"box has-hover   has-hover box-shade dark box-text-bottom\" >\n\n\t\t<div class=\"box-image\" >\n\t\t\t\t\t\t<div class=\"image-cover\" style=\"padding-top:450px;\">\n\t\t\t\t<img loading=\"lazy\" decoding=\"async\" width=\"1000\" height=\"1000\" src=\"https:\/\/www.tendenzeshabbychic.it\/wp-content\/uploads\/2026\/01\/collezione-fiorira.jpg\" class=\"attachment- size-\" alt=\"\" srcset=\"https:\/\/www.tendenzeshabbychic.it\/wp-content\/uploads\/2026\/01\/collezione-fiorira.jpg 1000w, https:\/\/www.tendenzeshabbychic.it\/wp-content\/uploads\/2026\/01\/collezione-fiorira-400x400.jpg 400w, https:\/\/www.tendenzeshabbychic.it\/wp-content\/uploads\/2026\/01\/collezione-fiorira-800x800.jpg 800w, https:\/\/www.tendenzeshabbychic.it\/wp-content\/uploads\/2026\/01\/collezione-fiorira-280x280.jpg 280w, https:\/\/www.tendenzeshabbychic.it\/wp-content\/uploads\/2026\/01\/collezione-fiorira-768x768.jpg 768w, https:\/\/www.tendenzeshabbychic.it\/wp-content\/uploads\/2026\/01\/collezione-fiorira-500x500.jpg 500w, https:\/\/www.tendenzeshabbychic.it\/wp-content\/uploads\/2026\/01\/collezione-fiorira-100x100.jpg 100w, https:\/\/www.tendenzeshabbychic.it\/wp-content\/uploads\/2026\/01\/collezione-fiorira-64x64.jpg 64w\" sizes=\"auto, (max-width: 1000px) 100vw, 1000px\" \/>\t\t\t\t<div class=\"overlay\" style=\"background-color:rgba(54, 43, 43, 0.378)\"><\/div>\t\t\t\t<div class=\"shade\"><\/div>\t\t\t<\/div>\n\t\t\t\t\t<\/div>\n\n\t\t<div class=\"box-text text-left\" >\n\t\t\t<div class=\"box-text-inner\">\n\t\t\t\t\n\n\t<div id=\"text-424076935\" class=\"text\">\n\t\t\n\n<h3>Colecci\u00f3n Fiorir\u00e0<\/h3>\n\t\t\n<style>\n#text-424076935 {\n  font-size: 2rem;\n  line-height: 0.75;\n}\n@media (min-width:550px) {\n  #text-424076935 {\n    font-size: 2rem;\n  }\n}\n<\/style>\n\t<\/div>\n\t\n\t<div id=\"text-733438611\" class=\"text\">\n\t\t\n\n<p>Perfecto para una Primavera Shabby<\/p>\n\t\t\n<style>\n#text-733438611 {\n  font-size: 1.5rem;\n}\n<\/style>\n\t<\/div>\n\t\n<a href=\"https:\/\/www.tendenzeshabbychic.it\/es\/etiqueta-producto\/colleccion-fiorira\/\" class=\"button white is-small\" >\n\t\t<span>todos los productos<\/span>\n\t<\/a>\n\n\n\n\t\t\t<\/div>\n\t\t<\/div>\n\t<\/div>\n\t\n\n\t\t<\/div>\n\t\t\t\t\t<\/div>\n\n\t\n\n\t<div id=\"col-1370483221\" class=\"col medium-6 small-12 large-4\"  >\n\t\t\t\t<div class=\"col-inner text-left\"  >\n\t\t\t\n\t\t\t\n\n\t<div class=\"box has-hover   has-hover box-shade dark box-text-bottom\" >\n\n\t\t<div class=\"box-image\" >\n\t\t\t\t\t\t<div class=\"image-cover\" style=\"padding-top:450px;\">\n\t\t\t\t<img loading=\"lazy\" decoding=\"async\" width=\"1000\" height=\"1000\" src=\"https:\/\/www.tendenzeshabbychic.it\/wp-content\/uploads\/2026\/01\/TOVAGLIA-GARDEN-CHIC.jpg\" class=\"attachment- size-\" alt=\"\" srcset=\"https:\/\/www.tendenzeshabbychic.it\/wp-content\/uploads\/2026\/01\/TOVAGLIA-GARDEN-CHIC.jpg 1000w, https:\/\/www.tendenzeshabbychic.it\/wp-content\/uploads\/2026\/01\/TOVAGLIA-GARDEN-CHIC-400x400.jpg 400w, https:\/\/www.tendenzeshabbychic.it\/wp-content\/uploads\/2026\/01\/TOVAGLIA-GARDEN-CHIC-800x800.jpg 800w, https:\/\/www.tendenzeshabbychic.it\/wp-content\/uploads\/2026\/01\/TOVAGLIA-GARDEN-CHIC-280x280.jpg 280w, https:\/\/www.tendenzeshabbychic.it\/wp-content\/uploads\/2026\/01\/TOVAGLIA-GARDEN-CHIC-768x768.jpg 768w, https:\/\/www.tendenzeshabbychic.it\/wp-content\/uploads\/2026\/01\/TOVAGLIA-GARDEN-CHIC-500x500.jpg 500w, https:\/\/www.tendenzeshabbychic.it\/wp-content\/uploads\/2026\/01\/TOVAGLIA-GARDEN-CHIC-100x100.jpg 100w, https:\/\/www.tendenzeshabbychic.it\/wp-content\/uploads\/2026\/01\/TOVAGLIA-GARDEN-CHIC-64x64.jpg 64w\" sizes=\"auto, (max-width: 1000px) 100vw, 1000px\" \/>\t\t\t\t<div class=\"overlay\" style=\"background-color:rgba(54, 43, 43, 0.378)\"><\/div>\t\t\t\t<div class=\"shade\"><\/div>\t\t\t<\/div>\n\t\t\t\t\t<\/div>\n\n\t\t<div class=\"box-text text-left\" >\n\t\t\t<div class=\"box-text-inner\">\n\t\t\t\t\n\n\t<div id=\"text-3540611654\" class=\"text\">\n\t\t\n\n<h3>Garden Chic<\/h3>\n\t\t\n<style>\n#text-3540611654 {\n  font-size: 2rem;\n  line-height: 0.75;\n}\n@media (min-width:550px) {\n  #text-3540611654 {\n    font-size: 2rem;\n  }\n}\n<\/style>\n\t<\/div>\n\t\n\t<div id=\"text-2851576559\" class=\"text\">\n\t\t\n\n<p>Elegancia sin estr\u00e9s<\/p>\n\t\t\n<style>\n#text-2851576559 {\n  font-size: 1.5rem;\n}\n<\/style>\n\t<\/div>\n\t\n<a href=\"https:\/\/www.tendenzeshabbychic.it\/es\/etiqueta-producto\/coleccion-garden-chic\/\" class=\"button white is-small\" >\n\t\t<span>todos los productos<\/span>\n\t<\/a>\n\n\n\n\t\t\t<\/div>\n\t\t<\/div>\n\t<\/div>\n\t\n\n\t\t<\/div>\n\t\t\t\t\t<\/div>\n\n\t\n\n\t<div id=\"col-206269665\" class=\"col medium-6 small-12 large-4\"  >\n\t\t\t\t<div class=\"col-inner text-left\"  >\n\t\t\t\n\t\t\t\n\n\t<div class=\"box has-hover   has-hover box-shade dark box-text-bottom\" >\n\n\t\t<div class=\"box-image\" >\n\t\t\t\t\t\t<div class=\"image-cover\" style=\"padding-top:450px;\">\n\t\t\t\t<img loading=\"lazy\" decoding=\"async\" width=\"1000\" height=\"1000\" src=\"https:\/\/www.tendenzeshabbychic.it\/wp-content\/uploads\/2026\/01\/CY250115.jpg\" class=\"attachment- size-\" alt=\"\u00c1ngel decorativo Nuvole di Stoffa de resina blanca con alas, coraz\u00f3n rosa o p\u00e1jaro azul y cinta de color pastel.\" srcset=\"https:\/\/www.tendenzeshabbychic.it\/wp-content\/uploads\/2026\/01\/CY250115.jpg 1000w, https:\/\/www.tendenzeshabbychic.it\/wp-content\/uploads\/2026\/01\/CY250115-400x400.jpg 400w, https:\/\/www.tendenzeshabbychic.it\/wp-content\/uploads\/2026\/01\/CY250115-800x800.jpg 800w, https:\/\/www.tendenzeshabbychic.it\/wp-content\/uploads\/2026\/01\/CY250115-280x280.jpg 280w, https:\/\/www.tendenzeshabbychic.it\/wp-content\/uploads\/2026\/01\/CY250115-768x768.jpg 768w, https:\/\/www.tendenzeshabbychic.it\/wp-content\/uploads\/2026\/01\/CY250115-500x500.jpg 500w, https:\/\/www.tendenzeshabbychic.it\/wp-content\/uploads\/2026\/01\/CY250115-100x100.jpg 100w, https:\/\/www.tendenzeshabbychic.it\/wp-content\/uploads\/2026\/01\/CY250115-64x64.jpg 64w\" sizes=\"auto, (max-width: 1000px) 100vw, 1000px\" \/>\t\t\t\t<div class=\"overlay\" style=\"background-color:rgba(54, 43, 43, 0.378)\"><\/div>\t\t\t\t<div class=\"shade\"><\/div>\t\t\t<\/div>\n\t\t\t\t\t<\/div>\n\n\t\t<div class=\"box-text text-left\" >\n\t\t\t<div class=\"box-text-inner\">\n\t\t\t\t\n\n\t<div id=\"text-1969657983\" class=\"text\">\n\t\t\n\n<h3>\u00c1ngeles<\/h3>\n\t\t\n<style>\n#text-1969657983 {\n  font-size: 2rem;\n  line-height: 0.75;\n}\n@media (min-width:550px) {\n  #text-1969657983 {\n    font-size: 2rem;\n  }\n}\n<\/style>\n\t<\/div>\n\t\n\t<div id=\"text-3828257783\" class=\"text\">\n\t\t\n\n<p>Visita esta secci\u00f3n para descubrir los \u00e1ngeles y \u00e1ngelas disponibles<\/p>\n\t\t\n<style>\n#text-3828257783 {\n  font-size: 1.5rem;\n}\n<\/style>\n\t<\/div>\n\t\n<a href=\"https:\/\/www.tendenzeshabbychic.it\/es\/etiqueta-producto\/angeles\/\" class=\"button white is-small\" >\n\t\t<span>todos los productos<\/span>\n\t<\/a>\n\n\n\n\t\t\t<\/div>\n\t\t<\/div>\n\t<\/div>\n\t\n\n\t\t<\/div>\n\t\t\t\t\t<\/div>\n\n\t\n\n\t<div id=\"col-585841955\" class=\"col medium-6 small-12 large-4\"  >\n\t\t\t\t<div class=\"col-inner text-left\"  >\n\t\t\t\n\t\t\t\n\n\t<div class=\"box has-hover   has-hover box-shade dark box-text-bottom\" >\n\n\t\t<div class=\"box-image\" >\n\t\t\t\t\t\t<div class=\"image-cover\" style=\"padding-top:450px;\">\n\t\t\t\t<img loading=\"lazy\" decoding=\"async\" width=\"1000\" height=\"1000\" src=\"https:\/\/www.tendenzeshabbychic.it\/wp-content\/uploads\/2026\/01\/QSC260601A-1.jpg\" class=\"attachment- size-\" alt=\"\" srcset=\"https:\/\/www.tendenzeshabbychic.it\/wp-content\/uploads\/2026\/01\/QSC260601A-1.jpg 1000w, https:\/\/www.tendenzeshabbychic.it\/wp-content\/uploads\/2026\/01\/QSC260601A-1-400x400.jpg 400w, https:\/\/www.tendenzeshabbychic.it\/wp-content\/uploads\/2026\/01\/QSC260601A-1-800x800.jpg 800w, https:\/\/www.tendenzeshabbychic.it\/wp-content\/uploads\/2026\/01\/QSC260601A-1-280x280.jpg 280w, https:\/\/www.tendenzeshabbychic.it\/wp-content\/uploads\/2026\/01\/QSC260601A-1-768x768.jpg 768w, https:\/\/www.tendenzeshabbychic.it\/wp-content\/uploads\/2026\/01\/QSC260601A-1-500x500.jpg 500w, https:\/\/www.tendenzeshabbychic.it\/wp-content\/uploads\/2026\/01\/QSC260601A-1-100x100.jpg 100w, https:\/\/www.tendenzeshabbychic.it\/wp-content\/uploads\/2026\/01\/QSC260601A-1-64x64.jpg 64w\" sizes=\"auto, (max-width: 1000px) 100vw, 1000px\" \/>\t\t\t\t<div class=\"overlay\" style=\"background-color:rgba(54, 43, 43, 0.378)\"><\/div>\t\t\t\t<div class=\"shade\"><\/div>\t\t\t<\/div>\n\t\t\t\t\t<\/div>\n\n\t\t<div class=\"box-text text-left\" >\n\t\t\t<div class=\"box-text-inner\">\n\t\t\t\t\n\n\t<div id=\"text-1592231515\" class=\"text\">\n\t\t\n\n<h3>Mu\u00f1ecas y peluches<\/h3>\n\t\t\n<style>\n#text-1592231515 {\n  font-size: 2rem;\n  line-height: 0.75;\n}\n@media (min-width:550px) {\n  #text-1592231515 {\n    font-size: 2rem;\n  }\n}\n<\/style>\n\t<\/div>\n\t\n\t<div id=\"text-538342961\" class=\"text\">\n\t\t\n\n<p>Muy suave y dulce<\/p>\n\t\t\n<style>\n#text-538342961 {\n  font-size: 1.5rem;\n}\n<\/style>\n\t<\/div>\n\t\n<a href=\"https:\/\/www.tendenzeshabbychic.it\/es\/etiqueta-producto\/munecas-y-peluches\/\" class=\"button white is-small\" >\n\t\t<span>todos los productos<\/span>\n\t<\/a>\n\n\n\n\t\t\t<\/div>\n\t\t<\/div>\n\t<\/div>\n\t\n\n\t\t<\/div>\n\t\t\t\t\t<\/div>\n\n\t\n\n\t<div id=\"col-881003753\" class=\"col medium-6 small-12 large-4\"  >\n\t\t\t\t<div class=\"col-inner text-left\"  >\n\t\t\t\n\t\t\t\n\n\t<div class=\"box has-hover   has-hover box-shade dark box-text-bottom\" >\n\n\t\t<div class=\"box-image\" >\n\t\t\t\t\t\t<div class=\"image-cover\" style=\"padding-top:450px;\">\n\t\t\t\t<img loading=\"lazy\" decoding=\"async\" width=\"1000\" height=\"1000\" src=\"https:\/\/www.tendenzeshabbychic.it\/wp-content\/uploads\/2025\/05\/A3852899VE-1.jpg\" class=\"attachment- size-\" alt=\"\" srcset=\"https:\/\/www.tendenzeshabbychic.it\/wp-content\/uploads\/2025\/05\/A3852899VE-1.jpg 1000w, https:\/\/www.tendenzeshabbychic.it\/wp-content\/uploads\/2025\/05\/A3852899VE-1-400x400.jpg 400w, https:\/\/www.tendenzeshabbychic.it\/wp-content\/uploads\/2025\/05\/A3852899VE-1-800x800.jpg 800w, https:\/\/www.tendenzeshabbychic.it\/wp-content\/uploads\/2025\/05\/A3852899VE-1-280x280.jpg 280w, https:\/\/www.tendenzeshabbychic.it\/wp-content\/uploads\/2025\/05\/A3852899VE-1-768x768.jpg 768w, https:\/\/www.tendenzeshabbychic.it\/wp-content\/uploads\/2025\/05\/A3852899VE-1-500x500.jpg 500w, https:\/\/www.tendenzeshabbychic.it\/wp-content\/uploads\/2025\/05\/A3852899VE-1-100x100.jpg 100w, https:\/\/www.tendenzeshabbychic.it\/wp-content\/uploads\/2025\/05\/A3852899VE-1-64x64.jpg 64w\" sizes=\"auto, (max-width: 1000px) 100vw, 1000px\" \/>\t\t\t\t<div class=\"overlay\" style=\"background-color:rgba(54, 43, 43, 0.378)\"><\/div>\t\t\t\t<div class=\"shade\"><\/div>\t\t\t<\/div>\n\t\t\t\t\t<\/div>\n\n\t\t<div class=\"box-text text-left\" >\n\t\t\t<div class=\"box-text-inner\">\n\t\t\t\t\n\n\t<div id=\"text-1638540057\" class=\"text\">\n\t\t\n\n<h3>Bolgheri<\/h3>\n\t\t\n<style>\n#text-1638540057 {\n  font-size: 2rem;\n  line-height: 0.75;\n}\n@media (min-width:550px) {\n  #text-1638540057 {\n    font-size: 2rem;\n  }\n}\n<\/style>\n\t<\/div>\n\t\n\t<div id=\"text-2802467686\" class=\"text\">\n\t\t\n\n<p>Vichy para un estilo campestre de Blanc Mariclo.<\/p>\n\t\t\n<style>\n#text-2802467686 {\n  font-size: 1.5rem;\n}\n<\/style>\n\t<\/div>\n\t\n<a href=\"https:\/\/www.tendenzeshabbychic.it\/es\/etiqueta-producto\/collezione-bolgheri-es\/\" class=\"button white is-small\" >\n\t\t<span>todos los productos<\/span>\n\t<\/a>\n\n\n\n\t\t\t<\/div>\n\t\t<\/div>\n\t<\/div>\n\t\n\n\t\t<\/div>\n\t\t\t\t\t<\/div>\n\n\t\n\n\t<div id=\"col-2127222020\" class=\"col medium-6 small-12 large-4\"  >\n\t\t\t\t<div class=\"col-inner text-left\"  >\n\t\t\t\n\t\t\t\n\n\t<div class=\"box has-hover   has-hover box-shade dark box-text-bottom\" >\n\n\t\t<div class=\"box-image\" >\n\t\t\t\t\t\t<div class=\"image-cover\" style=\"padding-top:450px;\">\n\t\t\t\t<img loading=\"lazy\" decoding=\"async\" width=\"1000\" height=\"1000\" src=\"https:\/\/www.tendenzeshabbychic.it\/wp-content\/uploads\/2026\/01\/uova-nuvole-di-stoffa.jpg\" class=\"attachment- size-\" alt=\"\" srcset=\"https:\/\/www.tendenzeshabbychic.it\/wp-content\/uploads\/2026\/01\/uova-nuvole-di-stoffa.jpg 1000w, https:\/\/www.tendenzeshabbychic.it\/wp-content\/uploads\/2026\/01\/uova-nuvole-di-stoffa-400x400.jpg 400w, https:\/\/www.tendenzeshabbychic.it\/wp-content\/uploads\/2026\/01\/uova-nuvole-di-stoffa-800x800.jpg 800w, https:\/\/www.tendenzeshabbychic.it\/wp-content\/uploads\/2026\/01\/uova-nuvole-di-stoffa-280x280.jpg 280w, https:\/\/www.tendenzeshabbychic.it\/wp-content\/uploads\/2026\/01\/uova-nuvole-di-stoffa-768x768.jpg 768w, https:\/\/www.tendenzeshabbychic.it\/wp-content\/uploads\/2026\/01\/uova-nuvole-di-stoffa-500x500.jpg 500w, https:\/\/www.tendenzeshabbychic.it\/wp-content\/uploads\/2026\/01\/uova-nuvole-di-stoffa-100x100.jpg 100w, https:\/\/www.tendenzeshabbychic.it\/wp-content\/uploads\/2026\/01\/uova-nuvole-di-stoffa-64x64.jpg 64w\" sizes=\"auto, (max-width: 1000px) 100vw, 1000px\" \/>\t\t\t\t<div class=\"overlay\" style=\"background-color:rgba(54, 43, 43, 0.378)\"><\/div>\t\t\t\t<div class=\"shade\"><\/div>\t\t\t<\/div>\n\t\t\t\t\t<\/div>\n\n\t\t<div class=\"box-text text-left\" >\n\t\t\t<div class=\"box-text-inner\">\n\t\t\t\t\n\n\t<div id=\"text-1300160906\" class=\"text\">\n\t\t\n\n<h3>Huevos de Pascua<\/h3>\n\t\t\n<style>\n#text-1300160906 {\n  font-size: 2rem;\n  line-height: 0.75;\n}\n@media (min-width:550px) {\n  #text-1300160906 {\n    font-size: 2rem;\n  }\n}\n<\/style>\n\t<\/div>\n\t\n\t<div id=\"text-1185367081\" class=\"text\">\n\t\t\n\n<p>Huevos decorados para hacer tu \u00e1rbol de Pascua.<\/p>\n\t\t\n<style>\n#text-1185367081 {\n  font-size: 1.5rem;\n}\n<\/style>\n\t<\/div>\n\t\n<a href=\"https:\/\/www.tendenzeshabbychic.it\/es\/etiqueta-producto\/huevos-de-pascua\/\" class=\"button white is-small\" >\n\t\t<span>todos los productos<\/span>\n\t<\/a>\n\n\n\n\t\t\t<\/div>\n\t\t<\/div>\n\t<\/div>\n\t\n\n\t\t<\/div>\n\t\t\t\t\t<\/div>\n\n\t\n\n\t<div id=\"col-943060033\" class=\"col medium-6 small-12 large-4\"  >\n\t\t\t\t<div class=\"col-inner text-left\"  >\n\t\t\t\n\t\t\t\n\n\t<div class=\"box has-hover   has-hover box-shade dark box-text-bottom\" >\n\n\t\t<div class=\"box-image\" >\n\t\t\t\t\t\t<div class=\"image-cover\" style=\"padding-top:450px;\">\n\t\t\t\t<img loading=\"lazy\" decoding=\"async\" width=\"1000\" height=\"1000\" src=\"https:\/\/www.tendenzeshabbychic.it\/wp-content\/uploads\/2025\/06\/A38701-3.jpg\" class=\"attachment- size-\" alt=\"\" srcset=\"https:\/\/www.tendenzeshabbychic.it\/wp-content\/uploads\/2025\/06\/A38701-3.jpg 1000w, https:\/\/www.tendenzeshabbychic.it\/wp-content\/uploads\/2025\/06\/A38701-3-400x400.jpg 400w, https:\/\/www.tendenzeshabbychic.it\/wp-content\/uploads\/2025\/06\/A38701-3-800x800.jpg 800w, https:\/\/www.tendenzeshabbychic.it\/wp-content\/uploads\/2025\/06\/A38701-3-280x280.jpg 280w, https:\/\/www.tendenzeshabbychic.it\/wp-content\/uploads\/2025\/06\/A38701-3-768x768.jpg 768w, https:\/\/www.tendenzeshabbychic.it\/wp-content\/uploads\/2025\/06\/A38701-3-500x500.jpg 500w, https:\/\/www.tendenzeshabbychic.it\/wp-content\/uploads\/2025\/06\/A38701-3-100x100.jpg 100w, https:\/\/www.tendenzeshabbychic.it\/wp-content\/uploads\/2025\/06\/A38701-3-64x64.jpg 64w\" sizes=\"auto, (max-width: 1000px) 100vw, 1000px\" \/>\t\t\t\t<div class=\"overlay\" style=\"background-color:rgba(54, 43, 43, 0.378)\"><\/div>\t\t\t\t<div class=\"shade\"><\/div>\t\t\t<\/div>\n\t\t\t\t\t<\/div>\n\n\t\t<div class=\"box-text text-left\" >\n\t\t\t<div class=\"box-text-inner\">\n\t\t\t\t\n\n\t<div id=\"text-3664007664\" class=\"text\">\n\t\t\n\n<h3>San Valent\u00edn<\/h3>\n\t\t\n<style>\n#text-3664007664 {\n  font-size: 2rem;\n  line-height: 0.75;\n}\n@media (min-width:550px) {\n  #text-3664007664 {\n    font-size: 2rem;\n  }\n}\n<\/style>\n\t<\/div>\n\t\n\t<div id=\"text-3828176899\" class=\"text\">\n\t\t\n\n<p>Sorprende con estilo<\/p>\n\t\t\n<style>\n#text-3828176899 {\n  font-size: 1.5rem;\n}\n<\/style>\n\t<\/div>\n\t\n<a href=\"https:\/\/www.tendenzeshabbychic.it\/es\/etiqueta-producto\/san-valentin\/\" class=\"button white is-small\" >\n\t\t<span>todos los productos<\/span>\n\t<\/a>\n\n\n\n\t\t\t<\/div>\n\t\t<\/div>\n\t<\/div>\n\t\n\n\t\t<\/div>\n\t\t\t\t\t<\/div>\n\n\t\n\n\t<div id=\"col-138936478\" class=\"col medium-6 small-12 large-4\"  >\n\t\t\t\t<div class=\"col-inner text-left\"  >\n\t\t\t\n\t\t\t\n\n\t<div class=\"box has-hover   has-hover box-shade dark box-text-bottom\" >\n\n\t\t<div class=\"box-image\" >\n\t\t\t\t\t\t<div class=\"image-cover\" style=\"padding-top:450px;\">\n\t\t\t\t<img loading=\"lazy\" decoding=\"async\" width=\"1000\" height=\"1000\" src=\"https:\/\/www.tendenzeshabbychic.it\/wp-content\/uploads\/2024\/01\/tappeto-my-home-benvenuti-nella-notra-casa-grigio.jpg\" class=\"attachment- size-\" alt=\"\" srcset=\"https:\/\/www.tendenzeshabbychic.it\/wp-content\/uploads\/2024\/01\/tappeto-my-home-benvenuti-nella-notra-casa-grigio.jpg 1000w, https:\/\/www.tendenzeshabbychic.it\/wp-content\/uploads\/2024\/01\/tappeto-my-home-benvenuti-nella-notra-casa-grigio-500x500.jpg 500w, https:\/\/www.tendenzeshabbychic.it\/wp-content\/uploads\/2024\/01\/tappeto-my-home-benvenuti-nella-notra-casa-grigio-100x100.jpg 100w, https:\/\/www.tendenzeshabbychic.it\/wp-content\/uploads\/2024\/01\/tappeto-my-home-benvenuti-nella-notra-casa-grigio-64x64.jpg 64w, https:\/\/www.tendenzeshabbychic.it\/wp-content\/uploads\/2024\/01\/tappeto-my-home-benvenuti-nella-notra-casa-grigio-400x400.jpg 400w, https:\/\/www.tendenzeshabbychic.it\/wp-content\/uploads\/2024\/01\/tappeto-my-home-benvenuti-nella-notra-casa-grigio-800x800.jpg 800w, https:\/\/www.tendenzeshabbychic.it\/wp-content\/uploads\/2024\/01\/tappeto-my-home-benvenuti-nella-notra-casa-grigio-280x280.jpg 280w, https:\/\/www.tendenzeshabbychic.it\/wp-content\/uploads\/2024\/01\/tappeto-my-home-benvenuti-nella-notra-casa-grigio-768x768.jpg 768w\" sizes=\"auto, (max-width: 1000px) 100vw, 1000px\" \/>\t\t\t\t<div class=\"overlay\" style=\"background-color:rgba(54, 43, 43, 0.378)\"><\/div>\t\t\t\t<div class=\"shade\"><\/div>\t\t\t<\/div>\n\t\t\t\t\t<\/div>\n\n\t\t<div class=\"box-text text-left\" >\n\t\t\t<div class=\"box-text-inner\">\n\t\t\t\t\n\n\t<div id=\"text-171430993\" class=\"text\">\n\t\t\n\n<h3>My Home<\/h3>\n\t\t\n<style>\n#text-171430993 {\n  font-size: 2rem;\n  line-height: 0.75;\n}\n@media (min-width:550px) {\n  #text-171430993 {\n    font-size: 2rem;\n  }\n}\n<\/style>\n\t<\/div>\n\t\n\t<div id=\"text-2277984118\" class=\"text\">\n\t\t\n\n<p>De lo cl\u00e1sico a lo moderno con muchas dedicatorias.<\/p>\n\t\t\n<style>\n#text-2277984118 {\n  font-size: 1.5rem;\n}\n<\/style>\n\t<\/div>\n\t\n<a href=\"https:\/\/www.tendenzeshabbychic.it\/es\/etiqueta-producto\/my-home-es\/\" class=\"button white is-small\" >\n\t\t<span>todos los productos<\/span>\n\t<\/a>\n\n\n\n\t\t\t<\/div>\n\t\t<\/div>\n\t<\/div>\n\t\n\n\t\t<\/div>\n\t\t\t\t\t<\/div>\n\n\t\n\n\t<div id=\"col-164945612\" class=\"col medium-6 small-12 large-4\"  >\n\t\t\t\t<div class=\"col-inner text-left\"  >\n\t\t\t\n\t\t\t\n\n\t<div class=\"box has-hover   has-hover box-shade dark box-text-bottom\" >\n\n\t\t<div class=\"box-image\" >\n\t\t\t\t\t\t<div class=\"image-cover\" style=\"padding-top:450px;\">\n\t\t\t\t<img loading=\"lazy\" decoding=\"async\" width=\"1000\" height=\"1000\" src=\"https:\/\/www.tendenzeshabbychic.it\/wp-content\/uploads\/2025\/07\/8100939A774.jpg\" class=\"attachment- size-\" alt=\"Figura decorativa navide\u00f1a de poliresina con Pap\u00e1 Noel, palo con p\u00e1jaro rojo, saco con regalos y t\u00fanica roja decorada.\" srcset=\"https:\/\/www.tendenzeshabbychic.it\/wp-content\/uploads\/2025\/07\/8100939A774.jpg 1000w, https:\/\/www.tendenzeshabbychic.it\/wp-content\/uploads\/2025\/07\/8100939A774-400x400.jpg 400w, https:\/\/www.tendenzeshabbychic.it\/wp-content\/uploads\/2025\/07\/8100939A774-800x800.jpg 800w, https:\/\/www.tendenzeshabbychic.it\/wp-content\/uploads\/2025\/07\/8100939A774-280x280.jpg 280w, https:\/\/www.tendenzeshabbychic.it\/wp-content\/uploads\/2025\/07\/8100939A774-768x768.jpg 768w, https:\/\/www.tendenzeshabbychic.it\/wp-content\/uploads\/2025\/07\/8100939A774-500x500.jpg 500w, https:\/\/www.tendenzeshabbychic.it\/wp-content\/uploads\/2025\/07\/8100939A774-100x100.jpg 100w, https:\/\/www.tendenzeshabbychic.it\/wp-content\/uploads\/2025\/07\/8100939A774-64x64.jpg 64w\" sizes=\"auto, (max-width: 1000px) 100vw, 1000px\" \/>\t\t\t\t<div class=\"overlay\" style=\"background-color:rgba(54, 43, 43, 0.378)\"><\/div>\t\t\t\t<div class=\"shade\"><\/div>\t\t\t<\/div>\n\t\t\t\t\t<\/div>\n\n\t\t<div class=\"box-text text-left\" >\n\t\t\t<div class=\"box-text-inner\">\n\t\t\t\t\n\n\t<div id=\"text-4242927094\" class=\"text\">\n\t\t\n\n<h3>Pap\u00e1 Noel<\/h3>\n\t\t\n<style>\n#text-4242927094 {\n  font-size: 2rem;\n  line-height: 0.75;\n}\n@media (min-width:550px) {\n  #text-4242927094 {\n    font-size: 2rem;\n  }\n}\n<\/style>\n\t<\/div>\n\t\n\t<div id=\"text-3206603933\" class=\"text\">\n\t\t\n\n<p>Descubre nuestra secci\u00f3n Pap\u00e1 Noel.<\/p>\n\t\t\n<style>\n#text-3206603933 {\n  font-size: 1.5rem;\n}\n<\/style>\n\t<\/div>\n\t\n<a href=\"https:\/\/www.tendenzeshabbychic.it\/es\/etiqueta-producto\/adornos-y-complementos-de-papa-noel\/\" class=\"button white is-small\" >\n\t\t<span>todos los productos<\/span>\n\t<\/a>\n\n\n\n\t\t\t<\/div>\n\t\t<\/div>\n\t<\/div>\n\t\n\n\t\t<\/div>\n\t\t\t\t\t<\/div>\n\n\t\n\n\t<div id=\"col-118857621\" class=\"col medium-6 small-12 large-4\"  >\n\t\t\t\t<div class=\"col-inner text-left\"  >\n\t\t\t\n\t\t\t\n\n\t<div class=\"box has-hover   has-hover box-shade dark box-text-bottom\" >\n\n\t\t<div class=\"box-image\" >\n\t\t\t\t\t\t<div class=\"image-cover\" style=\"padding-top:450px;\">\n\t\t\t\t<img loading=\"lazy\" decoding=\"async\" width=\"1000\" height=\"1000\" src=\"https:\/\/www.tendenzeshabbychic.it\/wp-content\/uploads\/2025\/10\/MCGH50.FCC3_.jpg\" class=\"attachment- size-\" alt=\"Guirnalda Fiori di Lena \u00d8 50 cm con pino nevado, bayas rojas y lazo de terciopelo rojo - decoraci\u00f3n navide\u00f1a perfumada Shabby Chic.\" srcset=\"https:\/\/www.tendenzeshabbychic.it\/wp-content\/uploads\/2025\/10\/MCGH50.FCC3_.jpg 1000w, https:\/\/www.tendenzeshabbychic.it\/wp-content\/uploads\/2025\/10\/MCGH50.FCC3_-400x400.jpg 400w, https:\/\/www.tendenzeshabbychic.it\/wp-content\/uploads\/2025\/10\/MCGH50.FCC3_-800x800.jpg 800w, https:\/\/www.tendenzeshabbychic.it\/wp-content\/uploads\/2025\/10\/MCGH50.FCC3_-280x280.jpg 280w, https:\/\/www.tendenzeshabbychic.it\/wp-content\/uploads\/2025\/10\/MCGH50.FCC3_-768x768.jpg 768w, https:\/\/www.tendenzeshabbychic.it\/wp-content\/uploads\/2025\/10\/MCGH50.FCC3_-500x500.jpg 500w, https:\/\/www.tendenzeshabbychic.it\/wp-content\/uploads\/2025\/10\/MCGH50.FCC3_-100x100.jpg 100w, https:\/\/www.tendenzeshabbychic.it\/wp-content\/uploads\/2025\/10\/MCGH50.FCC3_-64x64.jpg 64w\" sizes=\"auto, (max-width: 1000px) 100vw, 1000px\" \/>\t\t\t\t<div class=\"overlay\" style=\"background-color:rgba(54, 43, 43, 0.378)\"><\/div>\t\t\t\t<div class=\"shade\"><\/div>\t\t\t<\/div>\n\t\t\t\t\t<\/div>\n\n\t\t<div class=\"box-text text-left\" >\n\t\t\t<div class=\"box-text-inner\">\n\t\t\t\t\n\n\t<div id=\"text-2674436154\" class=\"text\">\n\t\t\n\n<h3>Festones y guirnaldas<\/h3>\n\t\t\n<style>\n#text-2674436154 {\n  font-size: 2rem;\n  line-height: 0.75;\n}\n@media (min-width:550px) {\n  #text-2674436154 {\n    font-size: 2rem;\n  }\n}\n<\/style>\n\t<\/div>\n\t\n\t<div id=\"text-2486096513\" class=\"text\">\n\t\t\n\n<p>Colgar o enriquecer un adorno.<\/p>\n\t\t\n<style>\n#text-2486096513 {\n  font-size: 1.5rem;\n}\n<\/style>\n\t<\/div>\n\t\n<a href=\"https:\/\/www.tendenzeshabbychic.it\/es\/etiqueta-producto\/adornos-y-guirnaldas\/\" class=\"button white is-small\" >\n\t\t<span>todos los productos<\/span>\n\t<\/a>\n\n\n\n\t\t\t<\/div>\n\t\t<\/div>\n\t<\/div>\n\t\n\n\t\t<\/div>\n\t\t\t\t\t<\/div>\n\n\t\n\n\t<div id=\"col-1339437824\" class=\"col medium-6 small-12 large-4\"  >\n\t\t\t\t<div class=\"col-inner text-left\"  >\n\t\t\t\n\t\t\t\n\n\t<div class=\"box has-hover   has-hover box-shade dark box-text-bottom\" >\n\n\t\t<div class=\"box-image\" >\n\t\t\t\t\t\t<div class=\"image-cover\" style=\"padding-top:450px;\">\n\t\t\t\t<img loading=\"lazy\" decoding=\"async\" width=\"1000\" height=\"1000\" src=\"https:\/\/www.tendenzeshabbychic.it\/wp-content\/uploads\/2025\/10\/TFB170-AV-1.jpg\" class=\"attachment- size-\" alt=\"\" srcset=\"https:\/\/www.tendenzeshabbychic.it\/wp-content\/uploads\/2025\/10\/TFB170-AV-1.jpg 1000w, https:\/\/www.tendenzeshabbychic.it\/wp-content\/uploads\/2025\/10\/TFB170-AV-1-400x400.jpg 400w, https:\/\/www.tendenzeshabbychic.it\/wp-content\/uploads\/2025\/10\/TFB170-AV-1-800x800.jpg 800w, https:\/\/www.tendenzeshabbychic.it\/wp-content\/uploads\/2025\/10\/TFB170-AV-1-280x280.jpg 280w, https:\/\/www.tendenzeshabbychic.it\/wp-content\/uploads\/2025\/10\/TFB170-AV-1-768x768.jpg 768w, https:\/\/www.tendenzeshabbychic.it\/wp-content\/uploads\/2025\/10\/TFB170-AV-1-500x500.jpg 500w, https:\/\/www.tendenzeshabbychic.it\/wp-content\/uploads\/2025\/10\/TFB170-AV-1-100x100.jpg 100w, https:\/\/www.tendenzeshabbychic.it\/wp-content\/uploads\/2025\/10\/TFB170-AV-1-64x64.jpg 64w\" sizes=\"auto, (max-width: 1000px) 100vw, 1000px\" \/>\t\t\t\t<div class=\"overlay\" style=\"background-color:rgba(54, 43, 43, 0.378)\"><\/div>\t\t\t\t<div class=\"shade\"><\/div>\t\t\t<\/div>\n\t\t\t\t\t<\/div>\n\n\t\t<div class=\"box-text text-left\" >\n\t\t\t<div class=\"box-text-inner\">\n\t\t\t\t\n\n\t<div id=\"text-3681351446\" class=\"text\">\n\t\t\n\n<h3>Escamas y copos<\/h3>\n\t\t\n<style>\n#text-3681351446 {\n  font-size: 2rem;\n  line-height: 0.75;\n}\n@media (min-width:550px) {\n  #text-3681351446 {\n    font-size: 2rem;\n  }\n}\n<\/style>\n\t<\/div>\n\t\n\t<div id=\"text-4171527525\" class=\"text\">\n\t\t\n\n<p>Cintas, lazos y cintas para una Navidad inolvidable.<\/p>\n\t\t\n<style>\n#text-4171527525 {\n  font-size: 1.5rem;\n}\n<\/style>\n\t<\/div>\n\t\n<a href=\"https:\/\/www.tendenzeshabbychic.it\/es\/etiqueta-producto\/escama\/\" class=\"button white is-small\" >\n\t\t<span>todos los productos<\/span>\n\t<\/a>\n\n\n\n\t\t\t<\/div>\n\t\t<\/div>\n\t<\/div>\n\t\n\n\t\t<\/div>\n\t\t\t\t\t<\/div>\n\n\t\n\n\t<div id=\"col-1243858480\" class=\"col medium-6 small-12 large-4\"  >\n\t\t\t\t<div class=\"col-inner text-left\"  >\n\t\t\t\n\t\t\t\n\n\t<div class=\"box has-hover   has-hover box-shade dark box-text-bottom\" >\n\n\t\t<div class=\"box-image\" >\n\t\t\t\t\t\t<div class=\"image-cover\" style=\"padding-top:450px;\">\n\t\t\t\t<img loading=\"lazy\" decoding=\"async\" width=\"1000\" height=\"1000\" src=\"https:\/\/www.tendenzeshabbychic.it\/wp-content\/uploads\/2024\/09\/carrozza-con-babbo-natale-luci-e-led-edg.jpg\" class=\"attachment- size-\" alt=\"Carroza navide\u00f1a con Pap\u00e1 Noel iluminada con luces LED. Elegante decoraci\u00f3n para las fiestas navide\u00f1as.\" srcset=\"https:\/\/www.tendenzeshabbychic.it\/wp-content\/uploads\/2024\/09\/carrozza-con-babbo-natale-luci-e-led-edg.jpg 1000w, https:\/\/www.tendenzeshabbychic.it\/wp-content\/uploads\/2024\/09\/carrozza-con-babbo-natale-luci-e-led-edg-500x500.jpg 500w, https:\/\/www.tendenzeshabbychic.it\/wp-content\/uploads\/2024\/09\/carrozza-con-babbo-natale-luci-e-led-edg-100x100.jpg 100w, https:\/\/www.tendenzeshabbychic.it\/wp-content\/uploads\/2024\/09\/carrozza-con-babbo-natale-luci-e-led-edg-64x64.jpg 64w, https:\/\/www.tendenzeshabbychic.it\/wp-content\/uploads\/2024\/09\/carrozza-con-babbo-natale-luci-e-led-edg-400x400.jpg 400w, https:\/\/www.tendenzeshabbychic.it\/wp-content\/uploads\/2024\/09\/carrozza-con-babbo-natale-luci-e-led-edg-800x800.jpg 800w, https:\/\/www.tendenzeshabbychic.it\/wp-content\/uploads\/2024\/09\/carrozza-con-babbo-natale-luci-e-led-edg-280x280.jpg 280w, https:\/\/www.tendenzeshabbychic.it\/wp-content\/uploads\/2024\/09\/carrozza-con-babbo-natale-luci-e-led-edg-768x768.jpg 768w\" sizes=\"auto, (max-width: 1000px) 100vw, 1000px\" \/>\t\t\t\t<div class=\"overlay\" style=\"background-color:rgba(54, 43, 43, 0.378)\"><\/div>\t\t\t\t<div class=\"shade\"><\/div>\t\t\t<\/div>\n\t\t\t\t\t<\/div>\n\n\t\t<div class=\"box-text text-left\" >\n\t\t\t<div class=\"box-text-inner\">\n\t\t\t\t\n\n\t<div id=\"text-1747384479\" class=\"text\">\n\t\t\n\n<h3>Caja de m\u00fasica<\/h3>\n\t\t\n<style>\n#text-1747384479 {\n  font-size: 2rem;\n  line-height: 0.75;\n}\n@media (min-width:550px) {\n  #text-1747384479 {\n    font-size: 2rem;\n  }\n}\n<\/style>\n\t<\/div>\n\t\n\t<div id=\"text-525219209\" class=\"text\">\n\t\t\n\n<p>Haz que tu Navidad suene con estas peque\u00f1as maravillas.<\/p>\n\t\t\n<style>\n#text-525219209 {\n  font-size: 1.5rem;\n}\n<\/style>\n\t<\/div>\n\t\n<a href=\"https:\/\/www.tendenzeshabbychic.it\/es\/etiqueta-producto\/caja-de-musica\/\" class=\"button white is-small\" >\n\t\t<span>todos los productos<\/span>\n\t<\/a>\n\n\n\n\t\t\t<\/div>\n\t\t<\/div>\n\t<\/div>\n\t\n\n\t\t<\/div>\n\t\t\t\t\t<\/div>\n\n\t\n\n\t<div id=\"col-421326951\" class=\"col medium-6 small-12 large-4\"  >\n\t\t\t\t<div class=\"col-inner text-left\"  >\n\t\t\t\n\t\t\t\n\n\t<div class=\"box has-hover   has-hover box-shade dark box-text-bottom\" >\n\n\t\t<div class=\"box-image\" >\n\t\t\t\t\t\t<div class=\"image-cover\" style=\"padding-top:450px;\">\n\t\t\t\t<img loading=\"lazy\" decoding=\"async\" width=\"1000\" height=\"1000\" src=\"https:\/\/www.tendenzeshabbychic.it\/wp-content\/uploads\/2025\/08\/giostra-di-amelie.jpg\" class=\"attachment- size-\" alt=\"La Giostra di Amelie colecci\u00f3n Nuvole di Stoffa\" srcset=\"https:\/\/www.tendenzeshabbychic.it\/wp-content\/uploads\/2025\/08\/giostra-di-amelie.jpg 1000w, https:\/\/www.tendenzeshabbychic.it\/wp-content\/uploads\/2025\/08\/giostra-di-amelie-400x400.jpg 400w, https:\/\/www.tendenzeshabbychic.it\/wp-content\/uploads\/2025\/08\/giostra-di-amelie-800x800.jpg 800w, https:\/\/www.tendenzeshabbychic.it\/wp-content\/uploads\/2025\/08\/giostra-di-amelie-280x280.jpg 280w, https:\/\/www.tendenzeshabbychic.it\/wp-content\/uploads\/2025\/08\/giostra-di-amelie-768x768.jpg 768w, https:\/\/www.tendenzeshabbychic.it\/wp-content\/uploads\/2025\/08\/giostra-di-amelie-500x500.jpg 500w, https:\/\/www.tendenzeshabbychic.it\/wp-content\/uploads\/2025\/08\/giostra-di-amelie-100x100.jpg 100w, https:\/\/www.tendenzeshabbychic.it\/wp-content\/uploads\/2025\/08\/giostra-di-amelie-64x64.jpg 64w\" sizes=\"auto, (max-width: 1000px) 100vw, 1000px\" \/>\t\t\t\t<div class=\"overlay\" style=\"background-color:rgba(54, 43, 43, 0.378)\"><\/div>\t\t\t\t<div class=\"shade\"><\/div>\t\t\t<\/div>\n\t\t\t\t\t<\/div>\n\n\t\t<div class=\"box-text text-left\" >\n\t\t\t<div class=\"box-text-inner\">\n\t\t\t\t\n\n\t<div id=\"text-2926751147\" class=\"text\">\n\t\t\n\n<h3>La Giostra di Amelie<\/h3>\n\t\t\n<style>\n#text-2926751147 {\n  font-size: 2rem;\n  line-height: 0.75;\n}\n@media (min-width:550px) {\n  #text-2926751147 {\n    font-size: 2rem;\n  }\n}\n<\/style>\n\t<\/div>\n\t\n\t<div id=\"text-2364441510\" class=\"text\">\n\t\t\n\n<p>Una feria en fiesta, caballos para una Navidad para recordar, una colecci\u00f3n de Nuvole di Stoffa.<\/p>\n\t\t\n<style>\n#text-2364441510 {\n  font-size: 1.5rem;\n}\n<\/style>\n\t<\/div>\n\t\n<a href=\"https:\/\/www.tendenzeshabbychic.it\/es\/etiqueta-producto\/la-giostra-di-amelie-es\/\" class=\"button white is-small\" >\n\t\t<span>todos los productos<\/span>\n\t<\/a>\n\n\n\n\t\t\t<\/div>\n\t\t<\/div>\n\t<\/div>\n\t\n\n\t\t<\/div>\n\t\t\t\t\t<\/div>\n\n\t\n\n\t<div id=\"col-1904288474\" class=\"col medium-6 small-12 large-4\"  >\n\t\t\t\t<div class=\"col-inner text-left\"  >\n\t\t\t\n\t\t\t\n\n\t<div class=\"box has-hover   has-hover box-shade dark box-text-bottom\" >\n\n\t\t<div class=\"box-image\" >\n\t\t\t\t\t\t<div class=\"image-cover\" style=\"padding-top:450px;\">\n\t\t\t\t<img loading=\"lazy\" decoding=\"async\" width=\"1000\" height=\"1000\" src=\"https:\/\/www.tendenzeshabbychic.it\/wp-content\/uploads\/2025\/07\/CY251609-1.jpg\" class=\"attachment- size-\" alt=\"\" srcset=\"https:\/\/www.tendenzeshabbychic.it\/wp-content\/uploads\/2025\/07\/CY251609-1.jpg 1000w, https:\/\/www.tendenzeshabbychic.it\/wp-content\/uploads\/2025\/07\/CY251609-1-400x400.jpg 400w, https:\/\/www.tendenzeshabbychic.it\/wp-content\/uploads\/2025\/07\/CY251609-1-800x800.jpg 800w, https:\/\/www.tendenzeshabbychic.it\/wp-content\/uploads\/2025\/07\/CY251609-1-280x280.jpg 280w, https:\/\/www.tendenzeshabbychic.it\/wp-content\/uploads\/2025\/07\/CY251609-1-768x768.jpg 768w, https:\/\/www.tendenzeshabbychic.it\/wp-content\/uploads\/2025\/07\/CY251609-1-500x500.jpg 500w, https:\/\/www.tendenzeshabbychic.it\/wp-content\/uploads\/2025\/07\/CY251609-1-100x100.jpg 100w, https:\/\/www.tendenzeshabbychic.it\/wp-content\/uploads\/2025\/07\/CY251609-1-64x64.jpg 64w\" sizes=\"auto, (max-width: 1000px) 100vw, 1000px\" \/>\t\t\t\t<div class=\"overlay\" style=\"background-color:rgba(54, 43, 43, 0.378)\"><\/div>\t\t\t\t<div class=\"shade\"><\/div>\t\t\t<\/div>\n\t\t\t\t\t<\/div>\n\n\t\t<div class=\"box-text text-left\" >\n\t\t\t<div class=\"box-text-inner\">\n\t\t\t\t\n\n\t<div id=\"text-2888986952\" class=\"text\">\n\t\t\n\n<h3>Selecci\u00f3n de Renos<\/h3>\n\t\t\n<style>\n#text-2888986952 {\n  font-size: 2rem;\n  line-height: 0.75;\n}\n@media (min-width:550px) {\n  #text-2888986952 {\n    font-size: 2rem;\n  }\n}\n<\/style>\n\t<\/div>\n\t\n\t<div id=\"text-3629097010\" class=\"text\">\n\t\t\n\n<p>Rudolph est\u00e1 aqu\u00ed&#8230;<\/p>\n\t\t\n<style>\n#text-3629097010 {\n  font-size: 1.5rem;\n}\n<\/style>\n\t<\/div>\n\t\n<a href=\"https:\/\/www.tendenzeshabbychic.it\/es\/etiqueta-producto\/renos-decoraciones-y-textiles-navidenos\/\" class=\"button white is-small\" >\n\t\t<span>todos los productos<\/span>\n\t<\/a>\n\n\n\n\t\t\t<\/div>\n\t\t<\/div>\n\t<\/div>\n\t\n\n\t\t<\/div>\n\t\t\t\t\t<\/div>\n\n\t\n\n\t<div id=\"col-542270328\" class=\"col medium-6 small-12 large-4\"  >\n\t\t\t\t<div class=\"col-inner text-left\"  >\n\t\t\t\n\t\t\t\n\n\t<div class=\"box has-hover   has-hover box-shade dark box-text-bottom\" >\n\n\t\t<div class=\"box-image\" >\n\t\t\t\t\t\t<div class=\"image-cover\" style=\"padding-top:450px;\">\n\t\t\t\t<img loading=\"lazy\" decoding=\"async\" width=\"1000\" height=\"1000\" src=\"https:\/\/www.tendenzeshabbychic.it\/wp-content\/uploads\/2025\/08\/COLLEZIONE-DARLING.jpg\" class=\"attachment- size-\" alt=\"Nuvole di Stoffa colecci\u00f3n Darling\" srcset=\"https:\/\/www.tendenzeshabbychic.it\/wp-content\/uploads\/2025\/08\/COLLEZIONE-DARLING.jpg 1000w, https:\/\/www.tendenzeshabbychic.it\/wp-content\/uploads\/2025\/08\/COLLEZIONE-DARLING-400x400.jpg 400w, https:\/\/www.tendenzeshabbychic.it\/wp-content\/uploads\/2025\/08\/COLLEZIONE-DARLING-800x800.jpg 800w, https:\/\/www.tendenzeshabbychic.it\/wp-content\/uploads\/2025\/08\/COLLEZIONE-DARLING-280x280.jpg 280w, https:\/\/www.tendenzeshabbychic.it\/wp-content\/uploads\/2025\/08\/COLLEZIONE-DARLING-768x768.jpg 768w, https:\/\/www.tendenzeshabbychic.it\/wp-content\/uploads\/2025\/08\/COLLEZIONE-DARLING-500x500.jpg 500w, https:\/\/www.tendenzeshabbychic.it\/wp-content\/uploads\/2025\/08\/COLLEZIONE-DARLING-100x100.jpg 100w, https:\/\/www.tendenzeshabbychic.it\/wp-content\/uploads\/2025\/08\/COLLEZIONE-DARLING-64x64.jpg 64w\" sizes=\"auto, (max-width: 1000px) 100vw, 1000px\" \/>\t\t\t\t<div class=\"overlay\" style=\"background-color:rgba(54, 43, 43, 0.378)\"><\/div>\t\t\t\t<div class=\"shade\"><\/div>\t\t\t<\/div>\n\t\t\t\t\t<\/div>\n\n\t\t<div class=\"box-text text-left\" >\n\t\t\t<div class=\"box-text-inner\">\n\t\t\t\t\n\n\t<div id=\"text-1316045066\" class=\"text\">\n\t\t\n\n<h3>Collezione Darling<\/h3>\n\t\t\n<style>\n#text-1316045066 {\n  font-size: 2rem;\n  line-height: 0.75;\n}\n@media (min-width:550px) {\n  #text-1316045066 {\n    font-size: 2rem;\n  }\n}\n<\/style>\n\t<\/div>\n\t\n\t<div id=\"text-2949276941\" class=\"text\">\n\t\t\n\n<p>Osos, lazos y campanas con un fondo de Tartan rosa, la nueva colecci\u00f3n de Navidad de Nuvole di Stoffa.<\/p>\n\t\t\n<style>\n#text-2949276941 {\n  font-size: 1.5rem;\n}\n<\/style>\n\t<\/div>\n\t\n<a href=\"https:\/\/www.tendenzeshabbychic.it\/es\/etiqueta-producto\/collezione-darling-es\/\" class=\"button white is-small\" >\n\t\t<span>todos los productos<\/span>\n\t<\/a>\n\n\n\n\t\t\t<\/div>\n\t\t<\/div>\n\t<\/div>\n\t\n\n\t\t<\/div>\n\t\t\t\t\t<\/div>\n\n\t\n\n\t<div id=\"col-1928245306\" class=\"col medium-6 small-12 large-4\"  >\n\t\t\t\t<div class=\"col-inner text-left\"  >\n\t\t\t\n\t\t\t\n\n\t<div class=\"box has-hover   has-hover box-shade dark box-text-bottom\" >\n\n\t\t<div class=\"box-image\" >\n\t\t\t\t\t\t<div class=\"image-cover\" style=\"padding-top:450px;\">\n\t\t\t\t<img loading=\"lazy\" decoding=\"async\" width=\"1000\" height=\"1000\" src=\"https:\/\/www.tendenzeshabbychic.it\/wp-content\/uploads\/2025\/08\/HTH252008-1.jpg\" class=\"attachment- size-\" alt=\"Mantel de algod\u00f3n Nuvole di Stoffa 140x300 cm con decoraci\u00f3n navide\u00f1a de ciervos nevados y pinos, borde verde salvia, perfecto para mesas grandes.\" srcset=\"https:\/\/www.tendenzeshabbychic.it\/wp-content\/uploads\/2025\/08\/HTH252008-1.jpg 1000w, https:\/\/www.tendenzeshabbychic.it\/wp-content\/uploads\/2025\/08\/HTH252008-1-400x400.jpg 400w, https:\/\/www.tendenzeshabbychic.it\/wp-content\/uploads\/2025\/08\/HTH252008-1-800x800.jpg 800w, https:\/\/www.tendenzeshabbychic.it\/wp-content\/uploads\/2025\/08\/HTH252008-1-280x280.jpg 280w, https:\/\/www.tendenzeshabbychic.it\/wp-content\/uploads\/2025\/08\/HTH252008-1-768x768.jpg 768w, https:\/\/www.tendenzeshabbychic.it\/wp-content\/uploads\/2025\/08\/HTH252008-1-500x500.jpg 500w, https:\/\/www.tendenzeshabbychic.it\/wp-content\/uploads\/2025\/08\/HTH252008-1-100x100.jpg 100w, https:\/\/www.tendenzeshabbychic.it\/wp-content\/uploads\/2025\/08\/HTH252008-1-64x64.jpg 64w\" sizes=\"auto, (max-width: 1000px) 100vw, 1000px\" \/>\t\t\t\t<div class=\"overlay\" style=\"background-color:rgba(54, 43, 43, 0.378)\"><\/div>\t\t\t\t<div class=\"shade\"><\/div>\t\t\t<\/div>\n\t\t\t\t\t<\/div>\n\n\t\t<div class=\"box-text text-left\" >\n\t\t\t<div class=\"box-text-inner\">\n\t\t\t\t\n\n\t<div id=\"text-1402269652\" class=\"text\">\n\t\t\n\n<h3>Bosque encantado<\/h3>\n\t\t\n<style>\n#text-1402269652 {\n  font-size: 2rem;\n  line-height: 0.75;\n}\n@media (min-width:550px) {\n  #text-1402269652 {\n    font-size: 2rem;\n  }\n}\n<\/style>\n\t<\/div>\n\t\n\t<div id=\"text-2952949524\" class=\"text\">\n\t\t\n\n<p>Paisaje de monta\u00f1a, renos y naturaleza verde para una puesta en escena perfecta.<\/p>\n\t\t\n<style>\n#text-2952949524 {\n  font-size: 1.5rem;\n}\n<\/style>\n\t<\/div>\n\t\n<a href=\"https:\/\/www.tendenzeshabbychic.it\/es\/etiqueta-producto\/coleccion-bosque-encantado\/\" class=\"button white is-small\" >\n\t\t<span>todos los productos<\/span>\n\t<\/a>\n\n\n\n\t\t\t<\/div>\n\t\t<\/div>\n\t<\/div>\n\t\n\n\t\t<\/div>\n\t\t\t\t\t<\/div>\n\n\t\n\n\t<div id=\"col-720198653\" class=\"col medium-5 small-12 large-4\"  >\n\t\t\t\t<div class=\"col-inner text-left\"  >\n\t\t\t\n\t\t\t\n\n\t<div class=\"box has-hover   has-hover box-shade dark box-text-bottom\" >\n\n\t\t<div class=\"box-image\" >\n\t\t\t\t\t\t<div class=\"image-cover\" style=\"padding-top:450px;\">\n\t\t\t\t<img loading=\"lazy\" decoding=\"async\" width=\"1000\" height=\"1000\" src=\"https:\/\/www.tendenzeshabbychic.it\/wp-content\/uploads\/2025\/06\/A38631-1.jpg\" class=\"attachment- size-\" alt=\"Mantel rojo de tartan con borde bordado festoneado, estilo r\u00fastico navide\u00f1o, colecci\u00f3n Montana Red.\" srcset=\"https:\/\/www.tendenzeshabbychic.it\/wp-content\/uploads\/2025\/06\/A38631-1.jpg 1000w, https:\/\/www.tendenzeshabbychic.it\/wp-content\/uploads\/2025\/06\/A38631-1-400x400.jpg 400w, https:\/\/www.tendenzeshabbychic.it\/wp-content\/uploads\/2025\/06\/A38631-1-800x800.jpg 800w, https:\/\/www.tendenzeshabbychic.it\/wp-content\/uploads\/2025\/06\/A38631-1-280x280.jpg 280w, https:\/\/www.tendenzeshabbychic.it\/wp-content\/uploads\/2025\/06\/A38631-1-768x768.jpg 768w, https:\/\/www.tendenzeshabbychic.it\/wp-content\/uploads\/2025\/06\/A38631-1-500x500.jpg 500w, https:\/\/www.tendenzeshabbychic.it\/wp-content\/uploads\/2025\/06\/A38631-1-100x100.jpg 100w, https:\/\/www.tendenzeshabbychic.it\/wp-content\/uploads\/2025\/06\/A38631-1-64x64.jpg 64w\" sizes=\"auto, (max-width: 1000px) 100vw, 1000px\" \/>\t\t\t\t<div class=\"overlay\" style=\"background-color:rgba(54, 43, 43, 0.378)\"><\/div>\t\t\t\t<div class=\"shade\"><\/div>\t\t\t<\/div>\n\t\t\t\t\t<\/div>\n\n\t\t<div class=\"box-text text-left\" >\n\t\t\t<div class=\"box-text-inner\">\n\t\t\t\t\n\n\t<div id=\"text-1738298637\" class=\"text\">\n\t\t\n\n<h3>\u00bfLoco por Tartan ?<\/h3>\n\t\t\n<style>\n#text-1738298637 {\n  font-size: 2rem;\n  line-height: 0.75;\n}\n@media (min-width:550px) {\n  #text-1738298637 {\n    font-size: 2rem;\n  }\n}\n<\/style>\n\t<\/div>\n\t\n\t<div id=\"text-3408000037\" class=\"text\">\n\t\t\n\n<p>Te acomodamos, descubre nuestra selecci\u00f3n, desde la cocina hasta el dormitorio\ud83e\udd70.<\/p>\n\t\t\n<style>\n#text-3408000037 {\n  font-size: 1.5rem;\n}\n<\/style>\n\t<\/div>\n\t\n<a href=\"https:\/\/www.tendenzeshabbychic.it\/es\/etiqueta-producto\/tartan-es\/\" class=\"button white is-small\" >\n\t\t<span>todos los productos<\/span>\n\t<\/a>\n\n\n\n\t\t\t<\/div>\n\t\t<\/div>\n\t<\/div>\n\t\n\n\t\t<\/div>\n\t\t\t\t\t<\/div>\n\n\t\n\n\t<div id=\"col-1163047214\" class=\"col medium-6 small-12 large-4\"  >\n\t\t\t\t<div class=\"col-inner text-left\"  >\n\t\t\t\n\t\t\t\n\n\t<div class=\"box has-hover   has-hover box-shade dark box-text-bottom\" >\n\n\t\t<div class=\"box-image\" >\n\t\t\t\t\t\t<div class=\"image-cover\" style=\"padding-top:450px;\">\n\t\t\t\t<img loading=\"lazy\" decoding=\"async\" width=\"1000\" height=\"1000\" src=\"https:\/\/www.tendenzeshabbychic.it\/wp-content\/uploads\/2025\/07\/8101159A937.jpg\" class=\"attachment- size-\" alt=\"\" srcset=\"https:\/\/www.tendenzeshabbychic.it\/wp-content\/uploads\/2025\/07\/8101159A937.jpg 1000w, https:\/\/www.tendenzeshabbychic.it\/wp-content\/uploads\/2025\/07\/8101159A937-400x400.jpg 400w, https:\/\/www.tendenzeshabbychic.it\/wp-content\/uploads\/2025\/07\/8101159A937-800x800.jpg 800w, https:\/\/www.tendenzeshabbychic.it\/wp-content\/uploads\/2025\/07\/8101159A937-280x280.jpg 280w, https:\/\/www.tendenzeshabbychic.it\/wp-content\/uploads\/2025\/07\/8101159A937-768x768.jpg 768w, https:\/\/www.tendenzeshabbychic.it\/wp-content\/uploads\/2025\/07\/8101159A937-500x500.jpg 500w, https:\/\/www.tendenzeshabbychic.it\/wp-content\/uploads\/2025\/07\/8101159A937-100x100.jpg 100w, https:\/\/www.tendenzeshabbychic.it\/wp-content\/uploads\/2025\/07\/8101159A937-64x64.jpg 64w\" sizes=\"auto, (max-width: 1000px) 100vw, 1000px\" \/>\t\t\t\t<div class=\"overlay\" style=\"background-color:rgba(54, 43, 43, 0.378)\"><\/div>\t\t\t\t<div class=\"shade\"><\/div>\t\t\t<\/div>\n\t\t\t\t\t<\/div>\n\n\t\t<div class=\"box-text text-left\" >\n\t\t\t<div class=\"box-text-inner\">\n\t\t\t\t\n\n\t<div id=\"text-1729165558\" class=\"text\">\n\t\t\n\n<h3>Mazap\u00e1n<\/h3>\n\t\t\n<style>\n#text-1729165558 {\n  font-size: 2rem;\n  line-height: 0.75;\n}\n@media (min-width:550px) {\n  #text-1729165558 {\n    font-size: 2rem;\n  }\n}\n<\/style>\n\t<\/div>\n\t\n\t<div id=\"text-861731409\" class=\"text\">\n\t\t\n\n<p>Decoraciones \u00fanicas y deliciosas para tu hogar.<\/p>\n\t\t\n<style>\n#text-861731409 {\n  font-size: 1.5rem;\n}\n<\/style>\n\t<\/div>\n\t\n<a href=\"https:\/\/www.tendenzeshabbychic.it\/es\/etiqueta-producto\/mazapan\/\" class=\"button white is-small\" >\n\t\t<span>todos los productos<\/span>\n\t<\/a>\n\n\n\n\t\t\t<\/div>\n\t\t<\/div>\n\t<\/div>\n\t\n\n\t\t<\/div>\n\t\t\t\t\t<\/div>\n\n\t\n\n\t<div id=\"col-1884591302\" class=\"col medium-6 small-12 large-4\"  >\n\t\t\t\t<div class=\"col-inner text-left\"  >\n\t\t\t\n\t\t\t\n\n\t<div class=\"box has-hover   has-hover box-shade dark box-text-bottom\" >\n\n\t\t<div class=\"box-image\" >\n\t\t\t\t\t\t<div class=\"image-cover\" style=\"padding-top:450px;\">\n\t\t\t\t<img loading=\"lazy\" decoding=\"async\" width=\"1000\" height=\"1000\" src=\"https:\/\/www.tendenzeshabbychic.it\/wp-content\/uploads\/2024\/06\/tovaglia-cartolina-di-natale.jpg\" class=\"attachment- size-\" alt=\"Mantel de Cartolina di Natale detalle de Nuvole di Stoffa de tela\" srcset=\"https:\/\/www.tendenzeshabbychic.it\/wp-content\/uploads\/2024\/06\/tovaglia-cartolina-di-natale.jpg 1000w, https:\/\/www.tendenzeshabbychic.it\/wp-content\/uploads\/2024\/06\/tovaglia-cartolina-di-natale-500x500.jpg 500w, https:\/\/www.tendenzeshabbychic.it\/wp-content\/uploads\/2024\/06\/tovaglia-cartolina-di-natale-100x100.jpg 100w, https:\/\/www.tendenzeshabbychic.it\/wp-content\/uploads\/2024\/06\/tovaglia-cartolina-di-natale-64x64.jpg 64w, https:\/\/www.tendenzeshabbychic.it\/wp-content\/uploads\/2024\/06\/tovaglia-cartolina-di-natale-400x400.jpg 400w, https:\/\/www.tendenzeshabbychic.it\/wp-content\/uploads\/2024\/06\/tovaglia-cartolina-di-natale-800x800.jpg 800w, https:\/\/www.tendenzeshabbychic.it\/wp-content\/uploads\/2024\/06\/tovaglia-cartolina-di-natale-280x280.jpg 280w, https:\/\/www.tendenzeshabbychic.it\/wp-content\/uploads\/2024\/06\/tovaglia-cartolina-di-natale-768x768.jpg 768w\" sizes=\"auto, (max-width: 1000px) 100vw, 1000px\" \/>\t\t\t\t<div class=\"overlay\" style=\"background-color:rgba(54, 43, 43, 0.378)\"><\/div>\t\t\t\t<div class=\"shade\"><\/div>\t\t\t<\/div>\n\t\t\t\t\t<\/div>\n\n\t\t<div class=\"box-text text-left\" >\n\t\t\t<div class=\"box-text-inner\">\n\t\t\t\t\n\n\t<div id=\"text-1839287787\" class=\"text\">\n\t\t\n\n<h3>Cartolina di Natale<\/h3>\n\t\t\n<style>\n#text-1839287787 {\n  font-size: 2rem;\n  line-height: 0.75;\n}\n@media (min-width:550px) {\n  #text-1839287787 {\n    font-size: 2rem;\n  }\n}\n<\/style>\n\t<\/div>\n\t\n\t<div id=\"text-2392527650\" class=\"text\">\n\t\t\n\n<p>Cuando el tart\u00e1n se encuentra con los pasteles<\/p>\n\t\t\n<style>\n#text-2392527650 {\n  font-size: 1.5rem;\n}\n<\/style>\n\t<\/div>\n\t\n<a href=\"https:\/\/www.tendenzeshabbychic.it\/es\/etiqueta-producto\/coleccion-de-tarjetas-navidenas\/\" class=\"button white is-small\" >\n\t\t<span>todos los productos<\/span>\n\t<\/a>\n\n\n\n\t\t\t<\/div>\n\t\t<\/div>\n\t<\/div>\n\t\n\n\t\t<\/div>\n\t\t\t\t\t<\/div>\n\n\t\n\n\t<div id=\"col-1375204946\" class=\"col medium-6 small-12 large-4\"  >\n\t\t\t\t<div class=\"col-inner text-left\"  >\n\t\t\t\n\t\t\t\n\n\t<div class=\"box has-hover   has-hover box-shade dark box-text-bottom\" >\n\n\t\t<div class=\"box-image\" >\n\t\t\t\t\t\t<div class=\"image-cover\" style=\"padding-top:450px;\">\n\t\t\t\t<img loading=\"lazy\" decoding=\"async\" width=\"1000\" height=\"1000\" src=\"https:\/\/www.tendenzeshabbychic.it\/wp-content\/uploads\/2022\/07\/lino-tessuto.jpg\" class=\"attachment- size-\" alt=\"tejido de lino\" srcset=\"https:\/\/www.tendenzeshabbychic.it\/wp-content\/uploads\/2022\/07\/lino-tessuto.jpg 1000w, https:\/\/www.tendenzeshabbychic.it\/wp-content\/uploads\/2022\/07\/lino-tessuto-500x500.jpg 500w, https:\/\/www.tendenzeshabbychic.it\/wp-content\/uploads\/2022\/07\/lino-tessuto-100x100.jpg 100w, https:\/\/www.tendenzeshabbychic.it\/wp-content\/uploads\/2022\/07\/lino-tessuto-64x64.jpg 64w, https:\/\/www.tendenzeshabbychic.it\/wp-content\/uploads\/2022\/07\/lino-tessuto-400x400.jpg 400w, https:\/\/www.tendenzeshabbychic.it\/wp-content\/uploads\/2022\/07\/lino-tessuto-800x800.jpg 800w, https:\/\/www.tendenzeshabbychic.it\/wp-content\/uploads\/2022\/07\/lino-tessuto-280x280.jpg 280w, https:\/\/www.tendenzeshabbychic.it\/wp-content\/uploads\/2022\/07\/lino-tessuto-768x768.jpg 768w\" sizes=\"auto, (max-width: 1000px) 100vw, 1000px\" \/>\t\t\t\t<div class=\"overlay\" style=\"background-color:rgba(54, 43, 43, 0.378)\"><\/div>\t\t\t\t<div class=\"shade\"><\/div>\t\t\t<\/div>\n\t\t\t\t\t<\/div>\n\n\t\t<div class=\"box-text text-left\" >\n\t\t\t<div class=\"box-text-inner\">\n\t\t\t\t\n\n\t<div id=\"text-723099761\" class=\"text\">\n\t\t\n\n<h3>Lino<\/h3>\n\t\t\n<style>\n#text-723099761 {\n  font-size: 2rem;\n  line-height: 0.75;\n}\n@media (min-width:550px) {\n  #text-723099761 {\n    font-size: 2rem;\n  }\n}\n<\/style>\n\t<\/div>\n\t\n\t<div id=\"text-633883159\" class=\"text\">\n\t\t\n\n<p>Un tejido natural, ecol\u00f3gico y precioso<\/p>\n\t\t\n<style>\n#text-633883159 {\n  font-size: 1.5rem;\n}\n<\/style>\n\t<\/div>\n\t\n<a href=\"https:\/\/www.tendenzeshabbychic.it\/es\/etiqueta-producto\/lino-es\/\" class=\"button white is-small\" >\n\t\t<span>todos los productos<\/span>\n\t<\/a>\n\n\n\n\t\t\t<\/div>\n\t\t<\/div>\n\t<\/div>\n\t\n\n\t\t<\/div>\n\t\t\t\t\t<\/div>\n\n\t\n\n<\/div>\n\n","protected":false},"excerpt":{"rendered":"","protected":false},"author":1,"featured_media":0,"parent":0,"menu_order":0,"comment_status":"closed","ping_status":"closed","template":"","meta":{"_joinchat":[],"footnotes":""},"class_list":["post-100929","page","type-page","status-publish","hentry"],"_links":{"self":[{"href":"https:\/\/www.tendenzeshabbychic.it\/es\/wp-json\/wp\/v2\/pages\/100929","targetHints":{"allow":["GET"]}}],"collection":[{"href":"https:\/\/www.tendenzeshabbychic.it\/es\/wp-json\/wp\/v2\/pages"}],"about":[{"href":"https:\/\/www.tendenzeshabbychic.it\/es\/wp-json\/wp\/v2\/types\/page"}],"author":[{"embeddable":true,"href":"https:\/\/www.tendenzeshabbychic.it\/es\/wp-json\/wp\/v2\/users\/1"}],"replies":[{"embeddable":true,"href":"https:\/\/www.tendenzeshabbychic.it\/es\/wp-json\/wp\/v2\/comments?post=100929"}],"version-history":[{"count":8,"href":"https:\/\/www.tendenzeshabbychic.it\/es\/wp-json\/wp\/v2\/pages\/100929\/revisions"}],"predecessor-version":[{"id":254373,"href":"https:\/\/www.tendenzeshabbychic.it\/es\/wp-json\/wp\/v2\/pages\/100929\/revisions\/254373"}],"wp:attachment":[{"href":"https:\/\/www.tendenzeshabbychic.it\/es\/wp-json\/wp\/v2\/media?parent=100929"}],"curies":[{"name":"wp","href":"https:\/\/api.w.org\/{rel}","templated":true}]}}